{"id":1413,"date":"2024-08-30T15:12:41","date_gmt":"2024-08-30T13:12:41","guid":{"rendered":"https:\/\/kvg-bus.de\/stade\/?page_id=1413"},"modified":"2026-07-06T09:18:05","modified_gmt":"2026-07-06T07:18:05","slug":"w-drodze-z-elbe-cycle-touring-bus","status":"publish","type":"page","link":"https:\/\/kvg-bus.de\/stade\/pl\/mobilitaet\/mobil-in-deiner-freizeit\/unterwegs-mit-dem-elbe-radwanderbus\/","title":{"rendered":"W drodze z rowerowym autobusem turystycznym Elbe"},"content":{"rendered":"\t\t<div data-elementor-type=\"wp-page\" data-elementor-id=\"1413\" class=\"elementor elementor-1413\" data-elementor-post-type=\"page\">\n\t\t\t\t\t\t<section class=\"elementor-section elementor-top-section elementor-element elementor-element-8fc1dcd elementor-section-boxed elementor-section-height-default elementor-section-height-default wpr-particle-no wpr-jarallax-no wpr-parallax-no wpr-sticky-section-no wpr-column-slider-no wpr-equal-height-no\" data-id=\"8fc1dcd\" data-element_type=\"section\" data-e-type=\"section\">\n\t\t\t\t\t\t<div class=\"elementor-container elementor-column-gap-default\">\n\t\t\t\t\t<div class=\"elementor-column elementor-col-50 elementor-top-column elementor-element elementor-element-ffbb9b1\" data-id=\"ffbb9b1\" data-element_type=\"column\" data-e-type=\"column\">\n\t\t\t<div class=\"elementor-widget-wrap elementor-element-populated\">\n\t\t\t\t\t\t<div class=\"elementor-element elementor-element-05218ae elementor-widget elementor-widget-heading\" data-id=\"05218ae\" data-element_type=\"widget\" data-e-type=\"widget\" data-widget_type=\"heading.default\">\n\t\t\t\t<div class=\"elementor-widget-container\">\n\t\t\t\t\t<h2 class=\"elementor-heading-title elementor-size-default\">ELBE-RADWANDERBUS<\/h2>\t\t\t\t<\/div>\n\t\t\t\t<\/div>\n\t\t\t\t\t<\/div>\n\t\t<\/div>\n\t\t\t\t<div class=\"elementor-column elementor-col-50 elementor-top-column elementor-element elementor-element-6fd5007\" data-id=\"6fd5007\" data-element_type=\"column\" data-e-type=\"column\">\n\t\t\t<div class=\"elementor-widget-wrap\">\n\t\t\t\t\t\t\t<\/div>\n\t\t<\/div>\n\t\t\t\t\t<\/div>\n\t\t<\/section>\n\t\t\t\t<section class=\"elementor-section elementor-top-section elementor-element elementor-element-e598742 elementor-section-boxed elementor-section-height-default elementor-section-height-default wpr-particle-no wpr-jarallax-no wpr-parallax-no wpr-sticky-section-no wpr-column-slider-no wpr-equal-height-no\" data-id=\"e598742\" data-element_type=\"section\" data-e-type=\"section\">\n\t\t\t\t\t\t<div class=\"elementor-container elementor-column-gap-default\">\n\t\t\t\t\t<div class=\"elementor-column elementor-col-50 elementor-top-column elementor-element elementor-element-06b8281\" data-id=\"06b8281\" data-element_type=\"column\" data-e-type=\"column\">\n\t\t\t<div class=\"elementor-widget-wrap elementor-element-populated\">\n\t\t\t\t\t\t<div class=\"elementor-element elementor-element-f8ec6ce elementor-widget elementor-widget-text-editor\" data-id=\"f8ec6ce\" data-element_type=\"widget\" data-e-type=\"widget\" data-widget_type=\"text-editor.default\">\n\t\t\t\t<div class=\"elementor-widget-container\">\n\t\t\t\t\t\t\t\t\t<p>Kleine Pause? Der <a title=\"Opens internal link in current window\" href=\"https:\/\/www.urlaubsregion-altesland.de\/erlebnisse\/radfahren-in-der-region\/elbe-radwanderbus.html\" target=\"_blank\" rel=\"noopener\">Elbe-Radwanderbus<\/a> bringt dich und dein Drahtesel ebenso wie Spazierg\u00e4nger ganz bequem zu zahlreichen Attraktionen, Rad- und Spazierwegen in der Urlaubsregion Altes Land am Elbstrom.<\/p><p>Alle Informationen findest du <a href=\"https:\/\/www.urlaubsregion-altesland.de\/aktivitaeten\/radfahren\/elbe-radwanderbus\" target=\"_blank\" rel=\"noopener\">hier<\/a>.<\/p>\t\t\t\t\t\t\t\t<\/div>\n\t\t\t\t<\/div>\n\t\t\t\t<div class=\"elementor-element elementor-element-925367a elementor-widget elementor-widget-text-editor\" data-id=\"925367a\" data-element_type=\"widget\" data-e-type=\"widget\" data-widget_type=\"text-editor.default\">\n\t\t\t\t<div class=\"elementor-widget-container\">\n\t\t\t\t\t\t\t\t\t<p>Die Saison 2026 beginnt ab 25. April 2026.<\/p>\t\t\t\t\t\t\t\t<\/div>\n\t\t\t\t<\/div>\n\t\t\t\t<div class=\"elementor-element elementor-element-d53c24e elementor-widget elementor-widget-spacer\" data-id=\"d53c24e\" data-element_type=\"widget\" data-e-type=\"widget\" data-widget_type=\"spacer.default\">\n\t\t\t\t<div class=\"elementor-widget-container\">\n\t\t\t\t\t\t\t<div class=\"elementor-spacer\">\n\t\t\t<div class=\"elementor-spacer-inner\"><\/div>\n\t\t<\/div>\n\t\t\t\t\t\t<\/div>\n\t\t\t\t<\/div>\n\t\t\t\t<div class=\"elementor-element elementor-element-bc899d3 elementor-widget elementor-widget-menu-anchor\" data-id=\"bc899d3\" data-element_type=\"widget\" data-e-type=\"widget\" data-widget_type=\"menu-anchor.default\">\n\t\t\t\t<div class=\"elementor-widget-container\">\n\t\t\t\t\t\t\t<div class=\"elementor-menu-anchor\" id=\"FaktenElbeRadwanderbus\"><\/div>\n\t\t\t\t\t\t<\/div>\n\t\t\t\t<\/div>\n\t\t\t\t\t<\/div>\n\t\t<\/div>\n\t\t\t\t<div class=\"elementor-column elementor-col-50 elementor-top-column elementor-element elementor-element-706318a\" data-id=\"706318a\" data-element_type=\"column\" data-e-type=\"column\">\n\t\t\t<div class=\"elementor-widget-wrap elementor-element-populated\">\n\t\t\t\t\t\t<div class=\"elementor-element elementor-element-075c4b5 elementor-widget elementor-widget-image\" data-id=\"075c4b5\" data-element_type=\"widget\" data-e-type=\"widget\" data-widget_type=\"image.default\">\n\t\t\t\t<div class=\"elementor-widget-container\">\n\t\t\t\t\t\t\t\t\t\t\t\t\t\t\t<img fetchpriority=\"high\" decoding=\"async\" width=\"311\" height=\"220\" src=\"https:\/\/kvg-bus.de\/stade\/wp-content\/uploads\/sites\/14\/logo_elbe-radwanderbus.png\" class=\"attachment-large size-large wp-image-1496\" alt=\"\" srcset=\"https:\/\/kvg-bus.de\/stade\/wp-content\/uploads\/sites\/14\/logo_elbe-radwanderbus.png 311w, https:\/\/kvg-bus.de\/stade\/wp-content\/uploads\/sites\/14\/logo_elbe-radwanderbus-18x12.png 18w\" sizes=\"(max-width: 311px) 100vw, 311px\" \/>\t\t\t\t\t\t\t\t\t\t\t\t\t\t\t<\/div>\n\t\t\t\t<\/div>\n\t\t\t\t\t<\/div>\n\t\t<\/div>\n\t\t\t\t\t<\/div>\n\t\t<\/section>\n\t\t\t\t<section class=\"elementor-section elementor-top-section elementor-element elementor-element-e4c9a90 elementor-section-boxed elementor-section-height-default elementor-section-height-default wpr-particle-no wpr-jarallax-no wpr-parallax-no wpr-sticky-section-no wpr-column-slider-no wpr-equal-height-no\" data-id=\"e4c9a90\" data-element_type=\"section\" data-e-type=\"section\">\n\t\t\t\t\t\t<div class=\"elementor-container elementor-column-gap-default\">\n\t\t\t\t\t<div class=\"elementor-column elementor-col-100 elementor-top-column elementor-element elementor-element-37f8738\" data-id=\"37f8738\" data-element_type=\"column\" data-e-type=\"column\">\n\t\t\t<div class=\"elementor-widget-wrap elementor-element-populated\">\n\t\t\t\t\t\t<div class=\"elementor-element elementor-element-5993df7 elementor-widget elementor-widget-heading\" data-id=\"5993df7\" data-element_type=\"widget\" data-e-type=\"widget\" data-widget_type=\"heading.default\">\n\t\t\t\t<div class=\"elementor-widget-container\">\n\t\t\t\t\t<h3 class=\"elementor-heading-title elementor-size-default\">Fakten \u00fcber den Elbe-Radwanderbus<\/h3>\t\t\t\t<\/div>\n\t\t\t\t<\/div>\n\t\t\t\t<div class=\"elementor-element elementor-element-d18105b elementor-widget elementor-widget-slick-slider-icon-list\" data-id=\"d18105b\" data-element_type=\"widget\" data-e-type=\"widget\" data-widget_type=\"slick-slider-icon-list.default\">\n\t\t\t\t<div class=\"elementor-widget-container\">\n\t\t\t\t\t\n<div class=\"icon-slider-wrapper\" >\n            <div class=\"icon-slider-one-item\">\n        <i class=\"icon-slider-icon fa-solid fas fa-trailer\" style=\"background-color: \"><\/i>\n            <div class=\"icon-slider-content\">\n            <b class=\"icon-slideer-titel\"><\/b>\n                <b class=\"icon-slider-text\"><p>Fahrrad aufladen, Ticket beim Busfahrer kaufen und mitfahren<\/p><\/b>\n            <\/div>\n        <\/div>\n            <div class=\"icon-slider-one-item\">\n        <i class=\"icon-slider-icon fa-solid fas fa-euro-sign\" style=\"background-color: \"><\/i>\n            <div class=\"icon-slider-content\">\n            <b class=\"icon-slideer-titel\"><\/b>\n                <b class=\"icon-slider-text\"><p>Hier gilt der <a href=\"https:\/\/www.hvv.de\/\" target=\"_blank\" rel=\"noopener\">hvv Tarif<\/a><\/p><\/b>\n            <\/div>\n        <\/div>\n            <div class=\"icon-slider-one-item\">\n        <i class=\"icon-slider-icon fa-solid fas fa-ticket-alt\" style=\"background-color: \"><\/i>\n            <div class=\"icon-slider-content\">\n            <b class=\"icon-slideer-titel\"><\/b>\n                <b class=\"icon-slider-text\"><p><a href=\"https:\/\/kvg-bus.de\/stade\/tickets-tarife\/deutschlandticket\/\" target=\"_blank\" rel=\"noopener\">Deutschlandticket<\/a> ist g\u00fcltig<\/p><\/b>\n            <\/div>\n        <\/div>\n            <div class=\"icon-slider-one-item\">\n        <i class=\"icon-slider-icon fa-solid fas fa-bus\" style=\"background-color: \"><\/i>\n            <div class=\"icon-slider-content\">\n            <b class=\"icon-slideer-titel\"><\/b>\n                <b class=\"icon-slider-text\"><p><a href=\"#FahrplaeneElbeRadwanderbus\">2 Linien <\/a><br \/>(2620 &amp; 2650)<\/p><\/b>\n            <\/div>\n        <\/div>\n            <div class=\"icon-slider-one-item\">\n        <i class=\"icon-slider-icon fa-regular far fa-biking\" style=\"background-color: \"><\/i>\n            <div class=\"icon-slider-content\">\n            <b class=\"icon-slideer-titel\"><\/b>\n                <b class=\"icon-slider-text\"><p>15 Stellpl\u00e4tze f\u00fcr Fahrr\u00e4der<\/p><\/b>\n            <\/div>\n        <\/div>\n            <div class=\"icon-slider-one-item\">\n        <i class=\"icon-slider-icon fa-solid fas fa-users\" style=\"background-color: \"><\/i>\n            <div class=\"icon-slider-content\">\n            <b class=\"icon-slideer-titel\"><\/b>\n                <b class=\"icon-slider-text\"><p>46 Sitzpl\u00e4tze f\u00fcr Fahrg\u00e4ste<\/p><\/b>\n            <\/div>\n        <\/div>\n            <div class=\"icon-slider-one-item\">\n        <i class=\"icon-slider-icon fa-regular far fa-route\" style=\"background-color: \"><\/i>\n            <div class=\"icon-slider-content\">\n            <b class=\"icon-slideer-titel\"><\/b>\n                <b class=\"icon-slider-text\"><p><a href=\"https:\/\/www.urlaubsregion-altesland.de\/aktivitaeten\/radfahren\/elbe-radwanderbus\" target=\"_blank\" rel=\"noopener\">24 Highlights<\/a> auf den Routen<\/p><\/b>\n            <\/div>\n        <\/div>\n    <\/div>\n\t\t\t\t<\/div>\n\t\t\t\t<\/div>\n\t\t\t\t\t<\/div>\n\t\t<\/div>\n\t\t\t\t\t<\/div>\n\t\t<\/section>\n\t\t<div class=\"elementor-element elementor-element-b814490 e-flex e-con-boxed wpr-particle-no wpr-jarallax-no wpr-parallax-no wpr-sticky-section-no wpr-column-slider-no wpr-equal-height-no e-con e-parent\" data-id=\"b814490\" data-element_type=\"container\" data-e-type=\"container\">\n\t\t\t\t\t<div class=\"e-con-inner\">\n\t\t\t\t<div class=\"elementor-element elementor-element-55cf9ec elementor-widget elementor-widget-spacer\" data-id=\"55cf9ec\" data-element_type=\"widget\" data-e-type=\"widget\" data-widget_type=\"spacer.default\">\n\t\t\t\t<div class=\"elementor-widget-container\">\n\t\t\t\t\t\t\t<div class=\"elementor-spacer\">\n\t\t\t<div class=\"elementor-spacer-inner\"><\/div>\n\t\t<\/div>\n\t\t\t\t\t\t<\/div>\n\t\t\t\t<\/div>\n\t\t\t\t<div class=\"elementor-element elementor-element-8a81185 elementor-widget elementor-widget-menu-anchor\" data-id=\"8a81185\" data-element_type=\"widget\" data-e-type=\"widget\" data-widget_type=\"menu-anchor.default\">\n\t\t\t\t<div class=\"elementor-widget-container\">\n\t\t\t\t\t\t\t<div class=\"elementor-menu-anchor\" id=\"FahrplaeneElbeRadwanderbus\"><\/div>\n\t\t\t\t\t\t<\/div>\n\t\t\t\t<\/div>\n\t\t\t\t<div class=\"elementor-element elementor-element-ef44dde elementor-widget elementor-widget-heading\" data-id=\"ef44dde\" data-element_type=\"widget\" data-e-type=\"widget\" data-widget_type=\"heading.default\">\n\t\t\t\t<div class=\"elementor-widget-container\">\n\t\t\t\t\t<h3 class=\"elementor-heading-title elementor-size-default\">Fahrpl\u00e4ne<\/h3>\t\t\t\t<\/div>\n\t\t\t\t<\/div>\n\t\t\t\t\t<\/div>\n\t\t\t\t<\/div>\n\t\t\t\t<section class=\"elementor-section elementor-top-section elementor-element elementor-element-4219aa3 elementor-section-boxed elementor-section-height-default elementor-section-height-default wpr-particle-no wpr-jarallax-no wpr-parallax-no wpr-sticky-section-no wpr-column-slider-no wpr-equal-height-no\" data-id=\"4219aa3\" data-element_type=\"section\" data-e-type=\"section\">\n\t\t\t\t\t\t<div class=\"elementor-container elementor-column-gap-default\">\n\t\t\t\t\t<div class=\"elementor-column elementor-col-100 elementor-top-column elementor-element elementor-element-e14292d\" data-id=\"e14292d\" data-element_type=\"column\" data-e-type=\"column\" data-settings=\"{&quot;background_background&quot;:&quot;classic&quot;}\">\n\t\t\t<div class=\"elementor-widget-wrap elementor-element-populated\">\n\t\t\t\t\t\t<div class=\"elementor-element elementor-element-bbcffa3 elementor-widget__width-initial elementor-widget elementor-widget-icon-box\" data-id=\"bbcffa3\" data-element_type=\"widget\" data-e-type=\"widget\" data-widget_type=\"icon-box.default\">\n\t\t\t\t<div class=\"elementor-widget-container\">\n\t\t\t\t\t\t\t<div class=\"elementor-icon-box-wrapper\">\n\n\t\t\t\n\t\t\t\t\t\t<div class=\"elementor-icon-box-content\">\n\n\t\t\t\t\t\t\t\t\t<h3 class=\"elementor-icon-box-title\">\n\t\t\t\t\t\t<a href=\"#\" >\n\t\t\t\t\t\t\tLinie 1 (2620) | Balje - Freiburg - Drochtersen - Stade\t\t\t\t\t\t<\/a>\n\t\t\t\t\t<\/h3>\n\t\t\t\t\n\t\t\t\t\n\t\t\t<\/div>\n\t\t\t\n\t\t<\/div>\n\t\t\t\t\t\t<\/div>\n\t\t\t\t<\/div>\n\t\t\t\t<div class=\"elementor-element elementor-element-8724413 elementor-widget__width-initial elementor-icon-list--layout-traditional elementor-list-item-link-full_width elementor-widget elementor-widget-icon-list\" data-id=\"8724413\" data-element_type=\"widget\" data-e-type=\"widget\" data-widget_type=\"icon-list.default\">\n\t\t\t\t<div class=\"elementor-widget-container\">\n\t\t\t\t\t\t\t<ul class=\"elementor-icon-list-items\">\n\t\t\t\t\t\t\t<li class=\"elementor-icon-list-item\">\n\t\t\t\t\t\t\t\t\t\t\t<a href=\"https:\/\/kvg-bus.de\/stade\/wp-content\/uploads\/sites\/14\/2620-260425_F.pdf\" target=\"_blank\">\n\n\t\t\t\t\t\t\t\t\t\t\t\t<span class=\"elementor-icon-list-icon\">\n\t\t\t\t\t\t\t<i aria-hidden=\"true\" class=\"fas fa-file-pdf\"><\/i>\t\t\t\t\t\t<\/span>\n\t\t\t\t\t\t\t\t\t\t<span class=\"elementor-icon-list-text\">Fahrplan: ab 25.04.2026<\/span>\n\t\t\t\t\t\t\t\t\t\t\t<\/a>\n\t\t\t\t\t\t\t\t\t<\/li>\n\t\t\t\t\t\t<\/ul>\n\t\t\t\t\t\t<\/div>\n\t\t\t\t<\/div>\n\t\t\t\t<div class=\"elementor-element elementor-element-51612af elementor-widget elementor-widget-spacer\" data-id=\"51612af\" data-element_type=\"widget\" data-e-type=\"widget\" data-widget_type=\"spacer.default\">\n\t\t\t\t<div class=\"elementor-widget-container\">\n\t\t\t\t\t\t\t<div class=\"elementor-spacer\">\n\t\t\t<div class=\"elementor-spacer-inner\"><\/div>\n\t\t<\/div>\n\t\t\t\t\t\t<\/div>\n\t\t\t\t<\/div>\n\t\t\t\t\t<\/div>\n\t\t<\/div>\n\t\t\t\t\t<\/div>\n\t\t<\/section>\n\t\t\t\t<section class=\"elementor-section elementor-top-section elementor-element elementor-element-74f368e elementor-section-boxed elementor-section-height-default elementor-section-height-default wpr-particle-no wpr-jarallax-no wpr-parallax-no wpr-sticky-section-no wpr-column-slider-no wpr-equal-height-no\" data-id=\"74f368e\" data-element_type=\"section\" data-e-type=\"section\">\n\t\t\t\t\t\t<div class=\"elementor-container elementor-column-gap-default\">\n\t\t\t\t\t<div class=\"elementor-column elementor-col-100 elementor-top-column elementor-element elementor-element-6407eaf\" data-id=\"6407eaf\" data-element_type=\"column\" data-e-type=\"column\" data-settings=\"{&quot;background_background&quot;:&quot;classic&quot;}\">\n\t\t\t<div class=\"elementor-widget-wrap elementor-element-populated\">\n\t\t\t\t\t\t<div class=\"elementor-element elementor-element-6277aa1 elementor-widget__width-initial elementor-widget elementor-widget-icon-box\" data-id=\"6277aa1\" data-element_type=\"widget\" data-e-type=\"widget\" data-widget_type=\"icon-box.default\">\n\t\t\t\t<div class=\"elementor-widget-container\">\n\t\t\t\t\t\t\t<div class=\"elementor-icon-box-wrapper\">\n\n\t\t\t\n\t\t\t\t\t\t<div class=\"elementor-icon-box-content\">\n\n\t\t\t\t\t\t\t\t\t<h3 class=\"elementor-icon-box-title\">\n\t\t\t\t\t\t<a href=\"#\" >\n\t\t\t\t\t\t\tLinie 2 (2650) | Stade - Gr\u00fcnendeich - Jork - Buxtehude bzw. Hamburg-Finkenwerder\t\t\t\t\t\t<\/a>\n\t\t\t\t\t<\/h3>\n\t\t\t\t\n\t\t\t\t\n\t\t\t<\/div>\n\t\t\t\n\t\t<\/div>\n\t\t\t\t\t\t<\/div>\n\t\t\t\t<\/div>\n\t\t\t\t<div class=\"elementor-element elementor-element-792d37e elementor-widget__width-initial elementor-icon-list--layout-traditional elementor-list-item-link-full_width elementor-widget elementor-widget-icon-list\" data-id=\"792d37e\" data-element_type=\"widget\" data-e-type=\"widget\" data-widget_type=\"icon-list.default\">\n\t\t\t\t<div class=\"elementor-widget-container\">\n\t\t\t\t\t\t\t<ul class=\"elementor-icon-list-items\">\n\t\t\t\t\t\t\t<li class=\"elementor-icon-list-item\">\n\t\t\t\t\t\t\t\t\t\t\t<a href=\"https:\/\/kvg-bus.de\/stade\/wp-content\/uploads\/sites\/14\/2650-260425_F.pdf\" target=\"_blank\">\n\n\t\t\t\t\t\t\t\t\t\t\t\t<span class=\"elementor-icon-list-icon\">\n\t\t\t\t\t\t\t<i aria-hidden=\"true\" class=\"fas fa-file-pdf\"><\/i>\t\t\t\t\t\t<\/span>\n\t\t\t\t\t\t\t\t\t\t<span class=\"elementor-icon-list-text\">Fahrplan: ab 25.04.2025 <\/span>\n\t\t\t\t\t\t\t\t\t\t\t<\/a>\n\t\t\t\t\t\t\t\t\t<\/li>\n\t\t\t\t\t\t\t\t<li class=\"elementor-icon-list-item\">\n\t\t\t\t\t\t\t\t\t\t\t<a href=\"https:\/\/kvg-bus.de\/stade\/wp-content\/uploads\/sites\/14\/2650_260720_BF-K34.pdf\" target=\"_blank\">\n\n\t\t\t\t\t\t\t\t\t\t\t\t<span class=\"elementor-icon-list-icon\">\n\t\t\t\t\t\t\t<i aria-hidden=\"true\" class=\"fas fa-file-pdf\"><\/i>\t\t\t\t\t\t<\/span>\n\t\t\t\t\t\t\t\t\t\t<span class=\"elementor-icon-list-text\">Fahrplan: ab 20.07.2026 <\/span>\n\t\t\t\t\t\t\t\t\t\t\t<\/a>\n\t\t\t\t\t\t\t\t\t<\/li>\n\t\t\t\t\t\t<\/ul>\n\t\t\t\t\t\t<\/div>\n\t\t\t\t<\/div>\n\t\t\t\t<div class=\"elementor-element elementor-element-7ce682e elementor-widget elementor-widget-spacer\" data-id=\"7ce682e\" data-element_type=\"widget\" data-e-type=\"widget\" data-widget_type=\"spacer.default\">\n\t\t\t\t<div class=\"elementor-widget-container\">\n\t\t\t\t\t\t\t<div class=\"elementor-spacer\">\n\t\t\t<div class=\"elementor-spacer-inner\"><\/div>\n\t\t<\/div>\n\t\t\t\t\t\t<\/div>\n\t\t\t\t<\/div>\n\t\t\t\t\t<\/div>\n\t\t<\/div>\n\t\t\t\t\t<\/div>\n\t\t<\/section>\n\t\t<div class=\"elementor-element elementor-element-b72fcae e-flex e-con-boxed wpr-particle-no wpr-jarallax-no wpr-parallax-no wpr-sticky-section-no wpr-column-slider-no wpr-equal-height-no e-con e-parent\" data-id=\"b72fcae\" data-element_type=\"container\" data-e-type=\"container\">\n\t\t\t\t\t<div class=\"e-con-inner\">\n\t\t\t\t<div class=\"elementor-element elementor-element-ef06c13 elementor-widget elementor-widget-spacer\" data-id=\"ef06c13\" data-element_type=\"widget\" data-e-type=\"widget\" data-widget_type=\"spacer.default\">\n\t\t\t\t<div class=\"elementor-widget-container\">\n\t\t\t\t\t\t\t<div class=\"elementor-spacer\">\n\t\t\t<div class=\"elementor-spacer-inner\"><\/div>\n\t\t<\/div>\n\t\t\t\t\t\t<\/div>\n\t\t\t\t<\/div>\n\t\t\t\t<div class=\"elementor-element elementor-element-23a84a3 elementor-widget elementor-widget-menu-anchor\" data-id=\"23a84a3\" data-element_type=\"widget\" data-e-type=\"widget\" data-widget_type=\"menu-anchor.default\">\n\t\t\t\t<div class=\"elementor-widget-container\">\n\t\t\t\t\t\t\t<div class=\"elementor-menu-anchor\" id=\"GutVernetztElbeRadwanderbus\"><\/div>\n\t\t\t\t\t\t<\/div>\n\t\t\t\t<\/div>\n\t\t\t\t\t<\/div>\n\t\t\t\t<\/div>\n\t\t<div class=\"elementor-element elementor-element-11bd830 e-flex e-con-boxed wpr-particle-no wpr-jarallax-no wpr-parallax-no wpr-sticky-section-no wpr-column-slider-no wpr-equal-height-no e-con e-parent\" data-id=\"11bd830\" data-element_type=\"container\" data-e-type=\"container\">\n\t\t\t\t\t<div class=\"e-con-inner\">\n\t\t\t\t<div class=\"elementor-element elementor-element-97e06a4 elementor-widget elementor-widget-heading\" data-id=\"97e06a4\" data-element_type=\"widget\" data-e-type=\"widget\" data-widget_type=\"heading.default\">\n\t\t\t\t<div class=\"elementor-widget-container\">\n\t\t\t\t\t<h3 class=\"elementor-heading-title elementor-size-default\">Gut vernetzt mit dem Elbe-Radwanderbus<\/h3>\t\t\t\t<\/div>\n\t\t\t\t<\/div>\n\t\t\t\t<div class=\"elementor-element elementor-element-469704f elementor-widget elementor-widget-text-editor\" data-id=\"469704f\" data-element_type=\"widget\" data-e-type=\"widget\" data-widget_type=\"text-editor.default\">\n\t\t\t\t<div class=\"elementor-widget-container\">\n\t\t\t\t\t\t\t\t\t<p>Der Elbe-Radwanderbus bietet viele Kombinationsm\u00f6glichkeiten f\u00fcr einen Tagesausflug in die Marschlandschaft, in die Hansest\u00e4dte Stade und Buxtehude oder auf die Stader Geest. Mit dem Deutschlandticket kannst du m\u00fchelos zwischen dem Elbe-Radwanderbus, den Elbf\u00e4hren, den S- und Regionalbahnen und weiteren Buslinien wechseln.<\/p><p>Die Buslinien <a href=\"https:\/\/kvg-bus.de\/stade\/fahrplaene\/#Linie2025\" target=\"_blank\" rel=\"noopener\">2025 (Stade &#8211; Freiburg)<\/a> und <a href=\"https:\/\/kvg-bus.de\/stade\/fahrplaene\/#Linie2050\" target=\"_blank\" rel=\"noopener\">2050 (Stade &#8211; Jork)<\/a> erg\u00e4nzen den Fahrplan des Elbe-Radwanderbusses zum Stundentakt. Mit der Linie <a href=\"https:\/\/kvg-bus.de\/stade\/fahrplaene\/\">2040<\/a> kommst du von Buxtehude nach Finkenwerder samstags st\u00fcndlich und sonntags zweist\u00fcndlich. Die Mitnahme von Fahrr\u00e4der ist auf diesen Linien nur eingeschr\u00e4nkt m\u00f6glich.<\/p>\t\t\t\t\t\t\t\t<\/div>\n\t\t\t\t<\/div>\n\t\t\t\t\t<\/div>\n\t\t\t\t<\/div>\n\t\t<div class=\"elementor-element elementor-element-de35fa3 e-flex e-con-boxed wpr-particle-no wpr-jarallax-no wpr-parallax-no wpr-sticky-section-no wpr-column-slider-no wpr-equal-height-no e-con e-parent\" data-id=\"de35fa3\" data-element_type=\"container\" data-e-type=\"container\">\n\t\t\t\t\t<div class=\"e-con-inner\">\n\t\t<div class=\"elementor-element elementor-element-f63f3ad e-con-full e-flex wpr-particle-no wpr-jarallax-no wpr-parallax-no wpr-sticky-section-no wpr-column-slider-no wpr-equal-height-no e-con e-child\" data-id=\"f63f3ad\" data-element_type=\"container\" data-e-type=\"container\">\n\t\t\t\t<div class=\"elementor-element elementor-element-ac3eaa8 elementor-widget elementor-widget-heading\" data-id=\"ac3eaa8\" data-element_type=\"widget\" data-e-type=\"widget\" data-widget_type=\"heading.default\">\n\t\t\t\t<div class=\"elementor-widget-container\">\n\t\t\t\t\t<h4 class=\"elementor-heading-title elementor-size-default\">Kombinationen Linie 1 (2620)<\/h4>\t\t\t\t<\/div>\n\t\t\t\t<\/div>\n\t\t\t\t<div class=\"elementor-element elementor-element-bbbed4d elementor-icon-list--layout-traditional elementor-list-item-link-full_width elementor-widget elementor-widget-icon-list\" data-id=\"bbbed4d\" data-element_type=\"widget\" data-e-type=\"widget\" data-widget_type=\"icon-list.default\">\n\t\t\t\t<div class=\"elementor-widget-container\">\n\t\t\t\t\t\t\t<ul class=\"elementor-icon-list-items\">\n\t\t\t\t\t\t\t<li class=\"elementor-icon-list-item\">\n\t\t\t\t\t\t\t\t\t\t\t<span class=\"elementor-icon-list-icon\">\n\t\t\t\t\t\t\t<i aria-hidden=\"true\" class=\"fas fa-apple-alt\"><\/i>\t\t\t\t\t\t<\/span>\n\t\t\t\t\t\t\t\t\t\t<span class=\"elementor-icon-list-text\">Elbe-Radwanderbus Linie 2 (2650) in Stade<\/span>\n\t\t\t\t\t\t\t\t\t<\/li>\n\t\t\t\t\t\t\t\t<li class=\"elementor-icon-list-item\">\n\t\t\t\t\t\t\t\t\t\t\t<a href=\"https:\/\/www.luehe-schulau-faehre.de\/\" target=\"_blank\">\n\n\t\t\t\t\t\t\t\t\t\t\t\t<span class=\"elementor-icon-list-icon\">\n\t\t\t\t\t\t\t<i aria-hidden=\"true\" class=\"fas fa-apple-alt\"><\/i>\t\t\t\t\t\t<\/span>\n\t\t\t\t\t\t\t\t\t\t<span class=\"elementor-icon-list-text\">L\u00fche-Schulau-F\u00e4hre am L\u00fche-Anleger<\/span>\n\t\t\t\t\t\t\t\t\t\t\t<\/a>\n\t\t\t\t\t\t\t\t\t<\/li>\n\t\t\t\t\t\t\t\t<li class=\"elementor-icon-list-item\">\n\t\t\t\t\t\t\t\t\t\t\t<a href=\"https:\/\/www.frs-elbfaehre.de\/frs-elbfaehre-glueckstadt-wischhafen?gad_source=1&#038;gclid=EAIaIQobChMIxditwa_xhAMVswqiAx0Wsg1kEAAYASAAEgIWpvD_BwE\" target=\"_blank\">\n\n\t\t\t\t\t\t\t\t\t\t\t\t<span class=\"elementor-icon-list-icon\">\n\t\t\t\t\t\t\t<i aria-hidden=\"true\" class=\"fas fa-apple-alt\"><\/i>\t\t\t\t\t\t<\/span>\n\t\t\t\t\t\t\t\t\t\t<span class=\"elementor-icon-list-text\">Elbf\u00e4hre nach Gl\u00fcckstadt in Wischhafen<\/span>\n\t\t\t\t\t\t\t\t\t\t\t<\/a>\n\t\t\t\t\t\t\t\t\t<\/li>\n\t\t\t\t\t\t\t\t<li class=\"elementor-icon-list-item\">\n\t\t\t\t\t\t\t\t\t\t\t<a href=\"https:\/\/www.evb-elbe-weser.de\/meine-fahrt\/moorexpress\/#\" target=\"_blank\">\n\n\t\t\t\t\t\t\t\t\t\t\t\t<span class=\"elementor-icon-list-icon\">\n\t\t\t\t\t\t\t<i aria-hidden=\"true\" class=\"fas fa-apple-alt\"><\/i>\t\t\t\t\t\t<\/span>\n\t\t\t\t\t\t\t\t\t\t<span class=\"elementor-icon-list-text\">Moorexpress nach Bremen in Stade<\/span>\n\t\t\t\t\t\t\t\t\t\t\t<\/a>\n\t\t\t\t\t\t\t\t\t<\/li>\n\t\t\t\t\t\t\t\t<li class=\"elementor-icon-list-item\">\n\t\t\t\t\t\t\t\t\t\t\t<span class=\"elementor-icon-list-icon\">\n\t\t\t\t\t\t\t<i aria-hidden=\"true\" class=\"fas fa-apple-alt\"><\/i>\t\t\t\t\t\t<\/span>\n\t\t\t\t\t\t\t\t\t\t<span class=\"elementor-icon-list-text\">S-Bahn nach Hamburg in Stade<\/span>\n\t\t\t\t\t\t\t\t\t<\/li>\n\t\t\t\t\t\t\t\t<li class=\"elementor-icon-list-item\">\n\t\t\t\t\t\t\t\t\t\t\t<span class=\"elementor-icon-list-icon\">\n\t\t\t\t\t\t\t<i aria-hidden=\"true\" class=\"fas fa-apple-alt\"><\/i>\t\t\t\t\t\t<\/span>\n\t\t\t\t\t\t\t\t\t\t<span class=\"elementor-icon-list-text\">Regionalbahn nach Hamburg und Cuxhaven in Stade<\/span>\n\t\t\t\t\t\t\t\t\t<\/li>\n\t\t\t\t\t\t<\/ul>\n\t\t\t\t\t\t<\/div>\n\t\t\t\t<\/div>\n\t\t\t\t<\/div>\n\t\t<div class=\"elementor-element elementor-element-ee06e5c e-con-full e-flex wpr-particle-no wpr-jarallax-no wpr-parallax-no wpr-sticky-section-no wpr-column-slider-no wpr-equal-height-no e-con e-child\" data-id=\"ee06e5c\" data-element_type=\"container\" data-e-type=\"container\">\n\t\t\t\t<div class=\"elementor-element elementor-element-8f86d51 elementor-widget elementor-widget-heading\" data-id=\"8f86d51\" data-element_type=\"widget\" data-e-type=\"widget\" data-widget_type=\"heading.default\">\n\t\t\t\t<div class=\"elementor-widget-container\">\n\t\t\t\t\t<h4 class=\"elementor-heading-title elementor-size-default\">Kombinationen Linie 2 (2650)<\/h4>\t\t\t\t<\/div>\n\t\t\t\t<\/div>\n\t\t\t\t<div class=\"elementor-element elementor-element-7ea7b83 elementor-icon-list--layout-traditional elementor-list-item-link-full_width elementor-widget elementor-widget-icon-list\" data-id=\"7ea7b83\" data-element_type=\"widget\" data-e-type=\"widget\" data-widget_type=\"icon-list.default\">\n\t\t\t\t<div class=\"elementor-widget-container\">\n\t\t\t\t\t\t\t<ul class=\"elementor-icon-list-items\">\n\t\t\t\t\t\t\t<li class=\"elementor-icon-list-item\">\n\t\t\t\t\t\t\t\t\t\t\t<span class=\"elementor-icon-list-icon\">\n\t\t\t\t\t\t\t<i aria-hidden=\"true\" class=\"fas fa-apple-alt\"><\/i>\t\t\t\t\t\t<\/span>\n\t\t\t\t\t\t\t\t\t\t<span class=\"elementor-icon-list-text\">Elbe-Radwanderbus Linie 1 (2620) in Stade<\/span>\n\t\t\t\t\t\t\t\t\t<\/li>\n\t\t\t\t\t\t\t\t<li class=\"elementor-icon-list-item\">\n\t\t\t\t\t\t\t\t\t\t\t<a href=\"https:\/\/hadag.de\/de\/linien\/\" target=\"_blank\">\n\n\t\t\t\t\t\t\t\t\t\t\t\t<span class=\"elementor-icon-list-icon\">\n\t\t\t\t\t\t\t<i aria-hidden=\"true\" class=\"fas fa-apple-alt\"><\/i>\t\t\t\t\t\t<\/span>\n\t\t\t\t\t\t\t\t\t\t<span class=\"elementor-icon-list-text\">HADAG-F\u00e4hren 62 und 64 in Finkenwerder<\/span>\n\t\t\t\t\t\t\t\t\t\t\t<\/a>\n\t\t\t\t\t\t\t\t\t<\/li>\n\t\t\t\t\t\t\t\t<li class=\"elementor-icon-list-item\">\n\t\t\t\t\t\t\t\t\t\t\t<span class=\"elementor-icon-list-icon\">\n\t\t\t\t\t\t\t<i aria-hidden=\"true\" class=\"fas fa-apple-alt\"><\/i>\t\t\t\t\t\t<\/span>\n\t\t\t\t\t\t\t\t\t\t<span class=\"elementor-icon-list-text\">Z\u00fcge der evb in Richtung Bremerv\u00f6rde in Buxtehude<\/span>\n\t\t\t\t\t\t\t\t\t<\/li>\n\t\t\t\t\t\t\t\t<li class=\"elementor-icon-list-item\">\n\t\t\t\t\t\t\t\t\t\t\t<span class=\"elementor-icon-list-icon\">\n\t\t\t\t\t\t\t<i aria-hidden=\"true\" class=\"fas fa-apple-alt\"><\/i>\t\t\t\t\t\t<\/span>\n\t\t\t\t\t\t\t\t\t\t<span class=\"elementor-icon-list-text\">S- und Regionalbahnen nach Hamburg und Cuxhaven in Buxtehude<\/span>\n\t\t\t\t\t\t\t\t\t<\/li>\n\t\t\t\t\t\t<\/ul>\n\t\t\t\t\t\t<\/div>\n\t\t\t\t<\/div>\n\t\t\t\t<\/div>\n\t\t\t\t\t<\/div>\n\t\t\t\t<\/div>\n\t\t<div class=\"elementor-element elementor-element-f543497 e-flex e-con-boxed wpr-particle-no wpr-jarallax-no wpr-parallax-no wpr-sticky-section-no wpr-column-slider-no wpr-equal-height-no e-con e-parent\" data-id=\"f543497\" data-element_type=\"container\" data-e-type=\"container\">\n\t\t\t\t\t<div class=\"e-con-inner\">\n\t\t\t\t<div class=\"elementor-element elementor-element-278bc1b elementor-widget elementor-widget-spacer\" data-id=\"278bc1b\" data-element_type=\"widget\" data-e-type=\"widget\" data-widget_type=\"spacer.default\">\n\t\t\t\t<div class=\"elementor-widget-container\">\n\t\t\t\t\t\t\t<div class=\"elementor-spacer\">\n\t\t\t<div class=\"elementor-spacer-inner\"><\/div>\n\t\t<\/div>\n\t\t\t\t\t\t<\/div>\n\t\t\t\t<\/div>\n\t\t\t\t<div class=\"elementor-element elementor-element-04fa66f elementor-widget elementor-widget-text-editor\" data-id=\"04fa66f\" data-element_type=\"widget\" data-e-type=\"widget\" data-widget_type=\"text-editor.default\">\n\t\t\t\t<div class=\"elementor-widget-container\">\n\t\t\t\t\t\t\t\t\t<p>\u00a9 Bildmaterial: Tourismusverband Landkreis Stade \/ Elbe e.V.\u00a0<\/p>\t\t\t\t\t\t\t\t<\/div>\n\t\t\t\t<\/div>\n\t\t\t\t\t<\/div>\n\t\t\t\t<\/div>\n\t\t<div class=\"elementor-element elementor-element-1aad93d e-flex e-con-boxed wpr-particle-no wpr-jarallax-no wpr-parallax-no wpr-sticky-section-no wpr-column-slider-no wpr-equal-height-no e-con e-parent\" data-id=\"1aad93d\" data-element_type=\"container\" data-e-type=\"container\">\n\t\t\t\t\t<div class=\"e-con-inner\">\n\t\t\t\t<div class=\"elementor-element elementor-element-e5b119f elementor-widget elementor-widget-spacer\" data-id=\"e5b119f\" data-element_type=\"widget\" data-e-type=\"widget\" data-widget_type=\"spacer.default\">\n\t\t\t\t<div class=\"elementor-widget-container\">\n\t\t\t\t\t\t\t<div class=\"elementor-spacer\">\n\t\t\t<div class=\"elementor-spacer-inner\"><\/div>\n\t\t<\/div>\n\t\t\t\t\t\t<\/div>\n\t\t\t\t<\/div>\n\t\t\t\t<div class=\"elementor-element elementor-element-b31015a elementor-widget elementor-widget-elementor-extension-gravity-forms\" data-id=\"b31015a\" data-element_type=\"widget\" data-e-type=\"widget\" data-widget_type=\"elementor-extension-gravity-forms.default\">\n\t\t\t\t<div class=\"elementor-widget-container\">\n\t\t\t\t\t<script>\nvar gform;gform||(document.addEventListener(\"gform_main_scripts_loaded\",function(){gform.scriptsLoaded=!0}),document.addEventListener(\"gform\/theme\/scripts_loaded\",function(){gform.themeScriptsLoaded=!0}),window.addEventListener(\"DOMContentLoaded\",function(){gform.domLoaded=!0}),gform={domLoaded:!1,scriptsLoaded:!1,themeScriptsLoaded:!1,isFormEditor:()=>\"function\"==typeof InitializeEditor,callIfLoaded:function(o){return!(!gform.domLoaded||!gform.scriptsLoaded||!gform.themeScriptsLoaded&&!gform.isFormEditor()||(gform.isFormEditor()&&console.warn(\"The use of gform.initializeOnLoaded() is deprecated in the form editor context and will be removed in Gravity Forms 3.1.\"),o(),0))},initializeOnLoaded:function(o){gform.callIfLoaded(o)||(document.addEventListener(\"gform_main_scripts_loaded\",()=>{gform.scriptsLoaded=!0,gform.callIfLoaded(o)}),document.addEventListener(\"gform\/theme\/scripts_loaded\",()=>{gform.themeScriptsLoaded=!0,gform.callIfLoaded(o)}),window.addEventListener(\"DOMContentLoaded\",()=>{gform.domLoaded=!0,gform.callIfLoaded(o)}))},hooks:{action:{},filter:{}},addAction:function(o,r,e,t){gform.addHook(\"action\",o,r,e,t)},addFilter:function(o,r,e,t){gform.addHook(\"filter\",o,r,e,t)},doAction:function(o){gform.doHook(\"action\",o,arguments)},applyFilters:function(o){return gform.doHook(\"filter\",o,arguments)},removeAction:function(o,r){gform.removeHook(\"action\",o,r)},removeFilter:function(o,r,e){gform.removeHook(\"filter\",o,r,e)},addHook:function(o,r,e,t,n){null==gform.hooks[o][r]&&(gform.hooks[o][r]=[]);var d=gform.hooks[o][r];null==n&&(n=r+\"_\"+d.length),gform.hooks[o][r].push({tag:n,callable:e,priority:t=null==t?10:t})},doHook:function(r,o,e){var t;if(e=Array.prototype.slice.call(e,1),null!=gform.hooks[r][o]&&((o=gform.hooks[r][o]).sort(function(o,r){return o.priority-r.priority}),o.forEach(function(o){\"function\"!=typeof(t=o.callable)&&(t=window[t]),\"action\"==r?t.apply(null,e):e[0]=t.apply(null,e)})),\"filter\"==r)return e[0]},removeHook:function(o,r,t,n){var e;null!=gform.hooks[o][r]&&(e=(e=gform.hooks[o][r]).filter(function(o,r,e){return!!(null!=n&&n!=o.tag||null!=t&&t!=o.priority)}),gform.hooks[o][r]=e)}});\n<\/script>\n\n                <div class='gf_browser_gecko gform_wrapper gravity-theme gform-theme--no-framework' data-form-theme='gravity-theme' data-form-index='0' id='gform_wrapper_18' ><form method='post' enctype='multipart\/form-data'  id='gform_18'  action='\/stade\/pl\/wp-json\/wp\/v2\/pages\/1413' data-formid='18' novalidate>\n                        <div class='gform-body gform_body'><div id='gform_fields_18' class='gform_fields top_label form_sublabel_below description_below validation_below'><div id=\"field_18_1\" class=\"gfield gfield--type-survey gfield--input-type-rating field_sublabel_below gfield--no-description field_description_below field_validation_below gfield_visibility_visible gsurvey-survey-field \"  data-field-class=\"gsurvey-survey-field\" ><label class='gfield_label gform-field-label' ><span class='gform-field-label__text'>Wie gut gef\u00e4llt dir unsere Website?<\/span><\/label><div class='ginput_container gsurvey-rating-wrapper'><div class='gsurvey-rating' id='input_18_1'><input name='input_1' type='radio' value='grating172b515f7'  id='choice_18_1_0'   \/><label for='choice_18_1_0' title='Herausragend'><span>Herausragend<\/span><\/label><input name='input_1' type='radio' value='grating15b90bab7'  id='choice_18_1_1'   \/><label for='choice_18_1_1' title='Vorwiegend gut'><span>Vorwiegend gut<\/span><\/label><input name='input_1' type='radio' value='grating196111746'  id='choice_18_1_2'   \/><label for='choice_18_1_2' title='Neutral'><span>Neutral<\/span><\/label><input name='input_1' type='radio' value='grating112dfd37b'  id='choice_18_1_3'   \/><label for='choice_18_1_3' title='Nicht gut'><span>Nicht gut<\/span><\/label><input name='input_1' type='radio' value='grating16b0d9dde'  id='choice_18_1_4'   \/><label for='choice_18_1_4' title='Furchtbar'><span>Furchtbar<\/span><\/label><\/div><\/div><\/div><div id=\"field_18_5\" class=\"gfield gfield--type-website gfield--input-type-website gfield--width-full gfield_contains_required field_sublabel_below gfield--no-description field_description_below field_validation_below gfield_visibility_visible\"  ><label class='gfield_label gform-field-label' for='input_18_5'><span class='gform-field-label__text'>Auf welcher Seite befindest du dich?<\/span><span class=\"gfield_required\"><span class=\"gfield_required gfield_required_text\">(wymagane)<\/span><\/span><\/label><div class='ginput_container ginput_container_website'>\n                    <input name='input_5' id='input_18_5' type='url' value='' class='large'    placeholder='https:\/\/' aria-required=\"true\" aria-invalid=\"false\" \/>\n                <\/div><\/div><div id=\"field_18_3\" class=\"gfield gfield--type-textarea gfield--input-type-textarea gfield--width-full field_sublabel_below gfield--no-description field_description_below field_validation_below gfield_visibility_visible\"  ><label class='gfield_label gform-field-label' for='input_18_3'><span class='gform-field-label__text'>M\u00f6chtest du uns sonst noch etwas sagen?<\/span><\/label><div class='ginput_container ginput_container_textarea'><textarea name='input_3' id='input_18_3' class='textarea small'      aria-invalid=\"false\"   rows='10' cols='50'><\/textarea><\/div><\/div><\/div><\/div>\n        <div class='gform-footer gform_footer top_label'> <button type='submit' id='gform_submit_button_18' class='gform_button button' onclick='gform.submission.handleButtonClick(this);' data-submission-type='submit' >ABSENDEN<\/button> \n            <input type='hidden' class='gform_hidden' name='gform_submission_method' data-js='gform_submission_method_18' value='postback' \/>\n            <input type='hidden' class='gform_hidden' name='gform_theme' data-js='gform_theme_18' id='gform_theme_18' value='gravity-theme' \/>\n            <input type='hidden' class='gform_hidden' name='gform_style_settings' data-js='gform_style_settings_18' id='gform_style_settings_18' value='[]' \/>\n            <input type='hidden' class='gform_hidden' name='is_submit_18' value='1' \/>\n            <input type='hidden' class='gform_hidden' name='gform_submit' value='18' \/>\n            \n            <input type='hidden' class='gform_hidden' name='gform_currency' data-currency='EUR' value='yiEEZslvNq\/ECfvuajInLzFUfvMLEM2bWR\/RvfTcsKQtWNOtSk8jDp8gCOtxNLFiIym0fhaEEVnq3xi0xrrRp0nu9zVP9T2Xs4DDeKETHPmyzak=' \/>\n            <input type='hidden' class='gform_hidden' name='gform_unique_id' value='' \/>\n            <input type='hidden' class='gform_hidden' name='state_18' value='WyJ7XCJnZm9ybV9zdWJtaXNzaW9uX21ldGhvZFwiOltcIjM2MmYzYzg0NjdkOTI0NDY5NThlZjdhYzAyZTA3ODk4XCIsXCI3ODYyY2VkZmUzMTdhYjUzNGJlODAwODIyZjVlNTVlMlwiXSxcImdmb3JtX3RoZW1lXCI6XCI4NzU5NzFiMTdiNzZlNjllNTlmYjY1MDIwNzU2NGEwMlwiLFwiZ2Zvcm1fc3R5bGVfc2V0dGluZ3NcIjpcImE1MGE2ODVlMWY5ZjMxZjJiNTM4ZmNiZDQzZDZmNDhhXCIsXCJmb3JtX2lkXCI6XCI1ZDU0MDZmNGI2ZDQzNzAxNmE1YTE1OWVjZjI0NDVjYlwiLFwidXJsXCI6XCJmNzA1NDI5MzMzNWYxNWJiYjQzNWYwM2Q1ZDQ4MjhiZVwiLFwic3RhdGVfdGltZXN0YW1wXCI6XCJmOWY1ZjhhMDcyYjhlODQ5MzEwOGEzZGMzMmIxMDBjZFwifSIsIjA4NWM4NTc1NWVhMTZjZmM1MDMxNTFlZTJmOGZhNDUyIiwxNzg4NjgwNjA4XQ==' \/>\n            <input type='hidden' autocomplete='off' class='gform_hidden' name='gform_target_page_number_18' id='gform_target_page_number_18' value='0' \/>\n            <input type='hidden' autocomplete='off' class='gform_hidden' name='gform_source_page_number_18' id='gform_source_page_number_18' value='1' \/>\n            <input type='hidden' name='gform_field_values' value='' \/>\n            \n        <\/div>\n                        <input type=\"hidden\" id=\"ct_checkjs_6aca97005c68f1206823815f66102863\" name=\"ct_checkjs\" value=\"0\" \/><script >setTimeout(function(){var ct_input_name = \"ct_checkjs_6aca97005c68f1206823815f66102863\";if (document.getElementById(ct_input_name) !== null) {var ct_input_value = document.getElementById(ct_input_name).value;document.getElementById(ct_input_name).value = document.getElementById(ct_input_name).value.replace(ct_input_value, 'b1e5fbf54d3ff6d772375f15268d879b5fcdb0d13fca829c370c97bb99e500b4');}}, 1000);<\/script><input\n                    class=\"apbct_special_field apbct_email_id__gravity_form\"\n                    name=\"apbct__email_id__gravity_form\"\n                    aria-label=\"apbct__label_id__gravity_form\"\n                    type=\"text\" size=\"30\" maxlength=\"200\" autocomplete=\"off\"\n                    value=\"\"\n                \/><input\n                    class=\"apbct_special_field apbct_email_id__elementor_form\"\n                    name=\"apbct__email_id__elementor_form\"\n                    aria-label=\"apbct__label_id__elementor_form\"\n                    type=\"text\" size=\"30\" maxlength=\"200\" autocomplete=\"off\"\n                    value=\"\"\n                \/><\/form>\n                        <\/div>\t\t\t\t<\/div>\n\t\t\t\t<\/div>\n\t\t\t\t<div class=\"elementor-element elementor-element-c3566f8 elementor-widget elementor-widget-spacer\" data-id=\"c3566f8\" data-element_type=\"widget\" data-e-type=\"widget\" data-widget_type=\"spacer.default\">\n\t\t\t\t<div class=\"elementor-widget-container\">\n\t\t\t\t\t\t\t<div class=\"elementor-spacer\">\n\t\t\t<div class=\"elementor-spacer-inner\"><\/div>\n\t\t<\/div>\n\t\t\t\t\t\t<\/div>\n\t\t\t\t<\/div>\n\t\t\t\t\t<\/div>\n\t\t\t\t<\/div>\n\t\t\t\t<\/div>\n\t\t","protected":false},"excerpt":{"rendered":"<p>AUTOBUS DLA ROWERZYST\u00d3W NAD \u0141AB\u0104 Chcesz zrobi\u0107 sobie ma\u0142\u0105 przerw\u0119? Autobus dla rowerzyst\u00f3w nad \u0141ab\u0105 wygodnie zawiezie Ciebie i Tw\u00f3j rower, a tak\u017ce spacerowicz\u00f3w do licznych atrakcji, \u015bcie\u017cek rowerowych i spacerowych w regionie wypoczynkowym Altes Land nad \u0141ab\u0105. Wszystkie informacje znajdziesz tutaj. Sezon 2026 rozpocznie si\u0119 25 kwietnia 2026 r. Fakty dotycz\u0105ce autobusu rowerowego nad \u0141ab\u0105: za\u0142aduj rower, kup bilet u kierowcy i ruszaj w drog\u0119. Obowi\u0105zuj\u0105 taryfy hvv. Bilet \u201eDeutschlandticket\u201d jest wa\u017cny. 2 linie (2620 i 2650) 15 miejsc na rowery, 46 miejsc siedz\u0105cych dla pasa\u017cer\u00f3w, 24 atrakcje na trasach, rozk\u0142ady jazdy: linia 1 (2620) | Balje \u2013 Freiburg \u2013 Drochtersen \u2013 Stade, rozk\u0142ad jazdy: od 25.04.2026, linia 2 (2650) | Stade \u2013 Gr\u00fcnendeich \u2013 Jork \u2013 Buxtehude lub Hamburg-Finkenwerder Rozk\u0142ad jazdy: od 25.04.2025 Rozk\u0142ad jazdy: od 20.07.2026 Dobra integracja z autobusem rowerowym \u201eElbe-Radwanderbus\u201d Autobus rowerowy \u201eElbe-Radwanderbus\u201d oferuje wiele mo\u017cliwo\u015bci po\u0142\u0105cze\u0144 na jednodniow\u0105 wycieczk\u0119 do krajobrazu marszowego, do hanzeatyckich miast Stade i Buxtehude lub na obszar Stader Geest. Dzi\u0119ki biletowi \u201eDeutschlandticket\u201d mo\u017cesz bez problemu przesiada\u0107 si\u0119 mi\u0119dzy autobusem \u201eElbe-Radwanderbus\u201d, promami na \u0141abie, kolejami miejskimi (S-Bahn) i regionalnymi oraz innymi liniami autobusowymi. Linie autobusowe 2025 (Stade \u2013 Freiburg) i 2050 (Stade \u2013 Jork) uzupe\u0142niaj\u0105 rozk\u0142ad jazdy autobusu rowerowego \u201eElbe-Radwanderbus\u201d, zapewniaj\u0105c kursy co godzin\u0119. Linia 2040 kursuje z Buxtehude do Finkenwerder w soboty co godzin\u0119, a w niedziele co dwie godziny. Przew\u00f3z rower\u00f3w na tych liniach jest mo\u017cliwy tylko w ograniczonym zakresie. Kombinacje: linia 1 (2620) \u2013 autobus rowerowy \u201eElbe-Radwanderbus\u201d, linia 2 (2650) w Stade \u2013 prom L\u00fche-Schulau przy przystani L\u00fche \u2013 prom na \u0141abie do Gl\u00fcckstadt w Wischhafen \u2013 Moorexpress do Bremy w Stade \u2013 kolej miejska (S-Bahn) do Hamburga w Stade \u2013 kolej regionalna do Hamburga i Cuxhaven w Stade \u2013 po\u0142\u0105czenia linii 2 (2650) Autobus rowerowy wzd\u0142u\u017c \u0141aby \u2013 linia 1 (2620) w Stade Promy HADAG nr 62 i 64 w Finkenwerder Poci\u0105gi evb w kierunku Bremerv\u00f6rde w Buxtehude Koleje miejskie i regionalne do Hamburga i Cuxhaven w Buxtehude \u00a9 Materia\u0142y zdj\u0119ciowe: Stowarzyszenie Turystyczne Powiatu Stade \/ Elbe e.V.  Jak bardzo podoba Ci si\u0119 nasza strona internetowa?ZnakomiciePrzewa\u017cnie dobrzeNeutralnieNie dobrzeOkropnieNa kt\u00f3rej stronie si\u0119 znajdujesz?(wymagane) Czy chcesz nam jeszcze co\u015b przekaza\u0107?<\/p>","protected":false},"author":1,"featured_media":1495,"parent":1317,"menu_order":35,"comment_status":"closed","ping_status":"closed","template":"","meta":{"footnotes":""},"class_list":["post-1413","page","type-page","status-publish","has-post-thumbnail","hentry"],"yoast_head":"<!-- This site is optimized with the Yoast SEO plugin v28.3 - https:\/\/yoast.com\/product\/yoast-seo-wordpress\/ -->\n<title>Unterwegs mit dem Elbe-Radwanderbus - KVG Stade<\/title>\n<meta name=\"robots\" content=\"index, follow, max-snippet:-1, max-image-preview:large, max-video-preview:-1\" \/>\n<link rel=\"canonical\" href=\"https:\/\/kvg-bus.de\/stade\/mobilnosc\/mobilnosc-w-wolnym-czasie\/w-drodze-z-elbe-cycle-touring-bus\/\" \/>\n<meta property=\"og:locale\" content=\"pl_PL\" \/>\n<meta property=\"og:type\" content=\"article\" \/>\n<meta property=\"og:title\" content=\"Unterwegs mit dem Elbe-Radwanderbus - KVG Stade\" \/>\n<meta property=\"og:description\" content=\"ELBE-RADWANDERBUS Kleine Pause? Der Elbe-Radwanderbus bringt dich und dein Drahtesel ebenso wie Spazierg\u00e4nger ganz bequem zu zahlreichen Attraktionen, Rad- und Spazierwegen in der Urlaubsregion Altes Land am Elbstrom. Alle Informationen findest du hier. Die Saison 2026 beginnt ab 25. April 2026. Fakten \u00fcber den Elbe-Radwanderbus Fahrrad aufladen, Ticket beim Busfahrer kaufen und mitfahren Hier gilt der hvv Tarif Deutschlandticket ist g\u00fcltig 2 Linien (2620 &amp; 2650) 15 Stellpl\u00e4tze f\u00fcr Fahrr\u00e4der 46 Sitzpl\u00e4tze f\u00fcr Fahrg\u00e4ste 24 Highlights auf den Routen Fahrpl\u00e4ne Linie 1 (2620) | Balje &#8211; Freiburg &#8211; Drochtersen &#8211; Stade Fahrplan: ab 25.04.2026 Linie 2 (2650) | Stade &#8211; Gr\u00fcnendeich &#8211; Jork &#8211; Buxtehude bzw. Hamburg-Finkenwerder Fahrplan: ab 25.04.2025 Fahrplan: ab 20.07.2026 Gut vernetzt mit dem Elbe-Radwanderbus Der Elbe-Radwanderbus bietet viele Kombinationsm\u00f6glichkeiten f\u00fcr einen Tagesausflug in die Marschlandschaft, in die Hansest\u00e4dte Stade und Buxtehude oder auf die Stader Geest. Mit dem Deutschlandticket kannst du m\u00fchelos zwischen dem Elbe-Radwanderbus, den Elbf\u00e4hren, den S- und Regionalbahnen und weiteren Buslinien wechseln. Die Buslinien 2025 (Stade &#8211; Freiburg) und 2050 (Stade &#8211; Jork) erg\u00e4nzen den Fahrplan des Elbe-Radwanderbusses zum Stundentakt. Mit der Linie 2040 kommst du von Buxtehude nach Finkenwerder samstags st\u00fcndlich und sonntags zweist\u00fcndlich. Die Mitnahme von Fahrr\u00e4der ist auf diesen Linien nur eingeschr\u00e4nkt m\u00f6glich. Kombinationen Linie 1 (2620) Elbe-Radwanderbus Linie 2 (2650) in Stade L\u00fche-Schulau-F\u00e4hre am L\u00fche-Anleger Elbf\u00e4hre nach Gl\u00fcckstadt in Wischhafen Moorexpress nach Bremen in Stade S-Bahn nach Hamburg in Stade Regionalbahn nach Hamburg und Cuxhaven in Stade Kombinationen Linie 2 (2650) Elbe-Radwanderbus Linie 1 (2620) in Stade HADAG-F\u00e4hren 62 und 64 in Finkenwerder Z\u00fcge der evb in Richtung Bremerv\u00f6rde in Buxtehude S- und Regionalbahnen nach Hamburg und Cuxhaven in Buxtehude \u00a9 Bildmaterial: Tourismusverband Landkreis Stade \/ Elbe e.V.\u00a0 Wie gut gef\u00e4llt dir unsere Website?HerausragendVorwiegend gutNeutralNicht gutFurchtbarAuf welcher Seite befindest du dich?(erforderlich) M\u00f6chtest du uns sonst noch etwas sagen?\" \/>\n<meta property=\"og:url\" content=\"https:\/\/kvg-bus.de\/stade\/mobilnosc\/mobilnosc-w-wolnym-czasie\/w-drodze-z-elbe-cycle-touring-bus\/\" \/>\n<meta property=\"og:site_name\" content=\"KVG Stade\" \/>\n<meta property=\"article:modified_time\" content=\"2026-07-06T07:18:05+00:00\" \/>\n<meta property=\"og:image\" content=\"https:\/\/kvg-bus.de\/stade\/wp-content\/uploads\/sites\/14\/header_elbe-radwanderbus-scaled.jpg\" \/>\n\t<meta property=\"og:image:width\" content=\"2560\" \/>\n\t<meta property=\"og:image:height\" content=\"1916\" \/>\n\t<meta property=\"og:image:type\" content=\"image\/jpeg\" \/>\n<meta name=\"twitter:card\" content=\"summary_large_image\" \/>\n<meta name=\"twitter:label1\" content=\"Szacowany czas czytania\" \/>\n\t<meta name=\"twitter:data1\" content=\"2 minuty\" \/>\n<script type=\"application\/ld+json\" class=\"yoast-schema-graph\">{\"@context\":\"https:\\\/\\\/schema.org\",\"@graph\":[{\"@type\":\"WebPage\",\"@id\":\"https:\\\/\\\/kvg-bus.de\\\/stade\\\/mobilitaet\\\/mobil-in-deiner-freizeit\\\/unterwegs-mit-dem-elbe-radwanderbus\\\/\",\"url\":\"https:\\\/\\\/kvg-bus.de\\\/stade\\\/mobilitaet\\\/mobil-in-deiner-freizeit\\\/unterwegs-mit-dem-elbe-radwanderbus\\\/\",\"name\":\"Unterwegs mit dem Elbe-Radwanderbus - KVG Stade\",\"isPartOf\":{\"@id\":\"https:\\\/\\\/kvg-bus.de\\\/stade\\\/#website\"},\"primaryImageOfPage\":{\"@id\":\"https:\\\/\\\/kvg-bus.de\\\/stade\\\/mobilitaet\\\/mobil-in-deiner-freizeit\\\/unterwegs-mit-dem-elbe-radwanderbus\\\/#primaryimage\"},\"image\":{\"@id\":\"https:\\\/\\\/kvg-bus.de\\\/stade\\\/mobilitaet\\\/mobil-in-deiner-freizeit\\\/unterwegs-mit-dem-elbe-radwanderbus\\\/#primaryimage\"},\"thumbnailUrl\":\"https:\\\/\\\/kvg-bus.de\\\/stade\\\/wp-content\\\/uploads\\\/sites\\\/14\\\/header_elbe-radwanderbus-scaled.jpg\",\"datePublished\":\"2024-08-30T13:12:41+00:00\",\"dateModified\":\"2026-07-06T07:18:05+00:00\",\"breadcrumb\":{\"@id\":\"https:\\\/\\\/kvg-bus.de\\\/stade\\\/mobilitaet\\\/mobil-in-deiner-freizeit\\\/unterwegs-mit-dem-elbe-radwanderbus\\\/#breadcrumb\"},\"inLanguage\":\"pl-PL\",\"potentialAction\":[{\"@type\":\"ReadAction\",\"target\":[\"https:\\\/\\\/kvg-bus.de\\\/stade\\\/mobilitaet\\\/mobil-in-deiner-freizeit\\\/unterwegs-mit-dem-elbe-radwanderbus\\\/\"]}]},{\"@type\":\"ImageObject\",\"inLanguage\":\"pl-PL\",\"@id\":\"https:\\\/\\\/kvg-bus.de\\\/stade\\\/mobilitaet\\\/mobil-in-deiner-freizeit\\\/unterwegs-mit-dem-elbe-radwanderbus\\\/#primaryimage\",\"url\":\"https:\\\/\\\/kvg-bus.de\\\/stade\\\/wp-content\\\/uploads\\\/sites\\\/14\\\/header_elbe-radwanderbus-scaled.jpg\",\"contentUrl\":\"https:\\\/\\\/kvg-bus.de\\\/stade\\\/wp-content\\\/uploads\\\/sites\\\/14\\\/header_elbe-radwanderbus-scaled.jpg\",\"width\":2560,\"height\":1916},{\"@type\":\"BreadcrumbList\",\"@id\":\"https:\\\/\\\/kvg-bus.de\\\/stade\\\/mobilitaet\\\/mobil-in-deiner-freizeit\\\/unterwegs-mit-dem-elbe-radwanderbus\\\/#breadcrumb\",\"itemListElement\":[{\"@type\":\"ListItem\",\"position\":1,\"name\":\"Startseite\",\"item\":\"https:\\\/\\\/kvg-bus.de\\\/stade\\\/\"},{\"@type\":\"ListItem\",\"position\":2,\"name\":\"Mobilit\u00e4t\",\"item\":\"https:\\\/\\\/kvg-bus.de\\\/stade\\\/mobilitaet\\\/\"},{\"@type\":\"ListItem\",\"position\":3,\"name\":\"Mobil in deiner Freizeit\",\"item\":\"https:\\\/\\\/kvg-bus.de\\\/stade\\\/mobilitaet\\\/mobil-in-deiner-freizeit\\\/\"},{\"@type\":\"ListItem\",\"position\":4,\"name\":\"Unterwegs mit dem Elbe-Radwanderbus\"}]},{\"@type\":\"WebSite\",\"@id\":\"https:\\\/\\\/kvg-bus.de\\\/stade\\\/#website\",\"url\":\"https:\\\/\\\/kvg-bus.de\\\/stade\\\/\",\"name\":\"KVG Stade\",\"description\":\"\",\"publisher\":{\"@id\":\"https:\\\/\\\/kvg-bus.de\\\/stade\\\/#organization\"},\"potentialAction\":[{\"@type\":\"SearchAction\",\"target\":{\"@type\":\"EntryPoint\",\"urlTemplate\":\"https:\\\/\\\/kvg-bus.de\\\/stade\\\/?s={search_term_string}\"},\"query-input\":{\"@type\":\"PropertyValueSpecification\",\"valueRequired\":true,\"valueName\":\"search_term_string\"}}],\"inLanguage\":\"pl-PL\"},{\"@type\":\"Organization\",\"@id\":\"https:\\\/\\\/kvg-bus.de\\\/stade\\\/#organization\",\"name\":\"KVG Stade\",\"url\":\"https:\\\/\\\/kvg-bus.de\\\/stade\\\/\",\"logo\":{\"@type\":\"ImageObject\",\"inLanguage\":\"pl-PL\",\"@id\":\"https:\\\/\\\/kvg-bus.de\\\/stade\\\/#\\\/schema\\\/logo\\\/image\\\/\",\"url\":\"https:\\\/\\\/kvg-bus.de\\\/stade\\\/wp-content\\\/uploads\\\/sites\\\/14\\\/kvg_logo-1.svg\",\"contentUrl\":\"https:\\\/\\\/kvg-bus.de\\\/stade\\\/wp-content\\\/uploads\\\/sites\\\/14\\\/kvg_logo-1.svg\",\"width\":1322,\"height\":404,\"caption\":\"KVG Stade\"},\"image\":{\"@id\":\"https:\\\/\\\/kvg-bus.de\\\/stade\\\/#\\\/schema\\\/logo\\\/image\\\/\"}}]}<\/script>\n<!-- \/ Yoast SEO plugin. -->","yoast_head_json":{"title":"W drodze z rowerowym autobusem turystycznym Elbe - KVG Stade","robots":{"index":"index","follow":"follow","max-snippet":"max-snippet:-1","max-image-preview":"max-image-preview:large","max-video-preview":"max-video-preview:-1"},"canonical":"https:\/\/kvg-bus.de\/stade\/mobilnosc\/mobilnosc-w-wolnym-czasie\/w-drodze-z-elbe-cycle-touring-bus\/","og_locale":"pl_PL","og_type":"article","og_title":"Unterwegs mit dem Elbe-Radwanderbus - KVG Stade","og_description":"ELBE-RADWANDERBUS Kleine Pause? Der Elbe-Radwanderbus bringt dich und dein Drahtesel ebenso wie Spazierg\u00e4nger ganz bequem zu zahlreichen Attraktionen, Rad- und Spazierwegen in der Urlaubsregion Altes Land am Elbstrom. Alle Informationen findest du hier. Die Saison 2026 beginnt ab 25. April 2026. Fakten \u00fcber den Elbe-Radwanderbus Fahrrad aufladen, Ticket beim Busfahrer kaufen und mitfahren Hier gilt der hvv Tarif Deutschlandticket ist g\u00fcltig 2 Linien (2620 &amp; 2650) 15 Stellpl\u00e4tze f\u00fcr Fahrr\u00e4der 46 Sitzpl\u00e4tze f\u00fcr Fahrg\u00e4ste 24 Highlights auf den Routen Fahrpl\u00e4ne Linie 1 (2620) | Balje &#8211; Freiburg &#8211; Drochtersen &#8211; Stade Fahrplan: ab 25.04.2026 Linie 2 (2650) | Stade &#8211; Gr\u00fcnendeich &#8211; Jork &#8211; Buxtehude bzw. Hamburg-Finkenwerder Fahrplan: ab 25.04.2025 Fahrplan: ab 20.07.2026 Gut vernetzt mit dem Elbe-Radwanderbus Der Elbe-Radwanderbus bietet viele Kombinationsm\u00f6glichkeiten f\u00fcr einen Tagesausflug in die Marschlandschaft, in die Hansest\u00e4dte Stade und Buxtehude oder auf die Stader Geest. Mit dem Deutschlandticket kannst du m\u00fchelos zwischen dem Elbe-Radwanderbus, den Elbf\u00e4hren, den S- und Regionalbahnen und weiteren Buslinien wechseln. Die Buslinien 2025 (Stade &#8211; Freiburg) und 2050 (Stade &#8211; Jork) erg\u00e4nzen den Fahrplan des Elbe-Radwanderbusses zum Stundentakt. Mit der Linie 2040 kommst du von Buxtehude nach Finkenwerder samstags st\u00fcndlich und sonntags zweist\u00fcndlich. Die Mitnahme von Fahrr\u00e4der ist auf diesen Linien nur eingeschr\u00e4nkt m\u00f6glich. Kombinationen Linie 1 (2620) Elbe-Radwanderbus Linie 2 (2650) in Stade L\u00fche-Schulau-F\u00e4hre am L\u00fche-Anleger Elbf\u00e4hre nach Gl\u00fcckstadt in Wischhafen Moorexpress nach Bremen in Stade S-Bahn nach Hamburg in Stade Regionalbahn nach Hamburg und Cuxhaven in Stade Kombinationen Linie 2 (2650) Elbe-Radwanderbus Linie 1 (2620) in Stade HADAG-F\u00e4hren 62 und 64 in Finkenwerder Z\u00fcge der evb in Richtung Bremerv\u00f6rde in Buxtehude S- und Regionalbahnen nach Hamburg und Cuxhaven in Buxtehude \u00a9 Bildmaterial: Tourismusverband Landkreis Stade \/ Elbe e.V.\u00a0 Wie gut gef\u00e4llt dir unsere Website?HerausragendVorwiegend gutNeutralNicht gutFurchtbarAuf welcher Seite befindest du dich?(erforderlich) M\u00f6chtest du uns sonst noch etwas sagen?","og_url":"https:\/\/kvg-bus.de\/stade\/mobilnosc\/mobilnosc-w-wolnym-czasie\/w-drodze-z-elbe-cycle-touring-bus\/","og_site_name":"KVG Stade","article_modified_time":"2026-07-06T07:18:05+00:00","og_image":[{"width":2560,"height":1916,"url":"https:\/\/kvg-bus.de\/stade\/wp-content\/uploads\/sites\/14\/header_elbe-radwanderbus-scaled.jpg","type":"image\/jpeg"}],"twitter_card":"summary_large_image","twitter_misc":{"Szacowany czas czytania":"2 minuty"},"schema":{"@context":"https:\/\/schema.org","@graph":[{"@type":"WebPage","@id":"https:\/\/kvg-bus.de\/stade\/mobilitaet\/mobil-in-deiner-freizeit\/unterwegs-mit-dem-elbe-radwanderbus\/","url":"https:\/\/kvg-bus.de\/stade\/mobilitaet\/mobil-in-deiner-freizeit\/unterwegs-mit-dem-elbe-radwanderbus\/","name":"W drodze z rowerowym autobusem turystycznym Elbe - KVG Stade","isPartOf":{"@id":"https:\/\/kvg-bus.de\/stade\/#website"},"primaryImageOfPage":{"@id":"https:\/\/kvg-bus.de\/stade\/mobilitaet\/mobil-in-deiner-freizeit\/unterwegs-mit-dem-elbe-radwanderbus\/#primaryimage"},"image":{"@id":"https:\/\/kvg-bus.de\/stade\/mobilitaet\/mobil-in-deiner-freizeit\/unterwegs-mit-dem-elbe-radwanderbus\/#primaryimage"},"thumbnailUrl":"https:\/\/kvg-bus.de\/stade\/wp-content\/uploads\/sites\/14\/header_elbe-radwanderbus-scaled.jpg","datePublished":"2024-08-30T13:12:41+00:00","dateModified":"2026-07-06T07:18:05+00:00","breadcrumb":{"@id":"https:\/\/kvg-bus.de\/stade\/mobilitaet\/mobil-in-deiner-freizeit\/unterwegs-mit-dem-elbe-radwanderbus\/#breadcrumb"},"inLanguage":"pl-PL","potentialAction":[{"@type":"ReadAction","target":["https:\/\/kvg-bus.de\/stade\/mobilitaet\/mobil-in-deiner-freizeit\/unterwegs-mit-dem-elbe-radwanderbus\/"]}]},{"@type":"ImageObject","inLanguage":"pl-PL","@id":"https:\/\/kvg-bus.de\/stade\/mobilitaet\/mobil-in-deiner-freizeit\/unterwegs-mit-dem-elbe-radwanderbus\/#primaryimage","url":"https:\/\/kvg-bus.de\/stade\/wp-content\/uploads\/sites\/14\/header_elbe-radwanderbus-scaled.jpg","contentUrl":"https:\/\/kvg-bus.de\/stade\/wp-content\/uploads\/sites\/14\/header_elbe-radwanderbus-scaled.jpg","width":2560,"height":1916},{"@type":"BreadcrumbList","@id":"https:\/\/kvg-bus.de\/stade\/mobilitaet\/mobil-in-deiner-freizeit\/unterwegs-mit-dem-elbe-radwanderbus\/#breadcrumb","itemListElement":[{"@type":"ListItem","position":1,"name":"Startseite","item":"https:\/\/kvg-bus.de\/stade\/"},{"@type":"ListItem","position":2,"name":"Mobilit\u00e4t","item":"https:\/\/kvg-bus.de\/stade\/mobilitaet\/"},{"@type":"ListItem","position":3,"name":"Mobil in deiner Freizeit","item":"https:\/\/kvg-bus.de\/stade\/mobilitaet\/mobil-in-deiner-freizeit\/"},{"@type":"ListItem","position":4,"name":"Unterwegs mit dem Elbe-Radwanderbus"}]},{"@type":"WebSite","@id":"https:\/\/kvg-bus.de\/stade\/#website","url":"https:\/\/kvg-bus.de\/stade\/","name":"KVG Stade","description":"","publisher":{"@id":"https:\/\/kvg-bus.de\/stade\/#organization"},"potentialAction":[{"@type":"SearchAction","target":{"@type":"EntryPoint","urlTemplate":"https:\/\/kvg-bus.de\/stade\/?s={search_term_string}"},"query-input":{"@type":"PropertyValueSpecification","valueRequired":true,"valueName":"search_term_string"}}],"inLanguage":"pl-PL"},{"@type":"Organization","@id":"https:\/\/kvg-bus.de\/stade\/#organization","name":"KVG Stade","url":"https:\/\/kvg-bus.de\/stade\/","logo":{"@type":"ImageObject","inLanguage":"pl-PL","@id":"https:\/\/kvg-bus.de\/stade\/#\/schema\/logo\/image\/","url":"https:\/\/kvg-bus.de\/stade\/wp-content\/uploads\/sites\/14\/kvg_logo-1.svg","contentUrl":"https:\/\/kvg-bus.de\/stade\/wp-content\/uploads\/sites\/14\/kvg_logo-1.svg","width":1322,"height":404,"caption":"KVG Stade"},"image":{"@id":"https:\/\/kvg-bus.de\/stade\/#\/schema\/logo\/image\/"}}]}},"_links":{"self":[{"href":"https:\/\/kvg-bus.de\/stade\/pl\/wp-json\/wp\/v2\/pages\/1413","targetHints":{"allow":["GET"]}}],"collection":[{"href":"https:\/\/kvg-bus.de\/stade\/pl\/wp-json\/wp\/v2\/pages"}],"about":[{"href":"https:\/\/kvg-bus.de\/stade\/pl\/wp-json\/wp\/v2\/types\/page"}],"author":[{"embeddable":true,"href":"https:\/\/kvg-bus.de\/stade\/pl\/wp-json\/wp\/v2\/users\/1"}],"replies":[{"embeddable":true,"href":"https:\/\/kvg-bus.de\/stade\/pl\/wp-json\/wp\/v2\/comments?post=1413"}],"version-history":[{"count":0,"href":"https:\/\/kvg-bus.de\/stade\/pl\/wp-json\/wp\/v2\/pages\/1413\/revisions"}],"up":[{"embeddable":true,"href":"https:\/\/kvg-bus.de\/stade\/pl\/wp-json\/wp\/v2\/pages\/1317"}],"wp:featuredmedia":[{"embeddable":true,"href":"https:\/\/kvg-bus.de\/stade\/pl\/wp-json\/wp\/v2\/media\/1495"}],"wp:attachment":[{"href":"https:\/\/kvg-bus.de\/stade\/pl\/wp-json\/wp\/v2\/media?parent=1413"}],"curies":[{"name":"wp","href":"https:\/\/api.w.org\/{rel}","templated":true}]}}