{"id":2916,"date":"2025-06-30T10:13:54","date_gmt":"2025-06-30T08:13:54","guid":{"rendered":"https:\/\/kvg-bus.de\/stade\/?page_id=2916"},"modified":"2026-01-27T16:05:05","modified_gmt":"2026-01-27T15:05:05","slug":"declaracion-sobre-accesibilidad","status":"publish","type":"page","link":"https:\/\/kvg-bus.de\/stade\/es\/erklaerung-zur-barrierefreiheit\/","title":{"rendered":"Declaraci\u00f3n sobre accesibilidad"},"content":{"rendered":"<div data-elementor-type=\"wp-page\" data-elementor-id=\"2916\" class=\"elementor elementor-2916\" data-elementor-post-type=\"page\">\n\t\t\t\t\t\t<section class=\"elementor-section elementor-top-section elementor-element elementor-element-aa9d4f5 elementor-section-boxed elementor-section-height-default elementor-section-height-default wpr-particle-no wpr-jarallax-no wpr-parallax-no wpr-sticky-section-no wpr-equal-height-no\" data-id=\"aa9d4f5\" data-element_type=\"section\" data-e-type=\"section\">\n\t\t\t\t\t\t<div class=\"elementor-container elementor-column-gap-default\">\n\t\t\t\t\t<div class=\"elementor-column elementor-col-50 elementor-top-column elementor-element elementor-element-5137c83\" data-id=\"5137c83\" data-element_type=\"column\" data-e-type=\"column\">\n\t\t\t<div class=\"elementor-widget-wrap elementor-element-populated\">\n\t\t\t\t\t\t<div class=\"elementor-element elementor-element-5d61030 elementor-widget elementor-widget-heading\" data-id=\"5d61030\" data-element_type=\"widget\" data-e-type=\"widget\" data-widget_type=\"heading.default\">\n\t\t\t\t<div class=\"elementor-widget-container\">\n\t\t\t\t\t<h2 class=\"elementor-heading-title elementor-size-default\">DECLARACI\u00d3N SOBRE ACCESIBILIDAD<\/h2>\t\t\t\t<\/div>\n\t\t\t\t<\/div>\n\t\t\t\t\t<\/div>\n\t\t<\/div>\n\t\t\t\t<div class=\"elementor-column elementor-col-50 elementor-top-column elementor-element elementor-element-6e078d6\" data-id=\"6e078d6\" data-element_type=\"column\" data-e-type=\"column\">\n\t\t\t<div class=\"elementor-widget-wrap\">\n\t\t\t\t\t\t\t<\/div>\n\t\t<\/div>\n\t\t\t\t\t<\/div>\n\t\t<\/section>\n\t\t\t\t<section class=\"elementor-section elementor-top-section elementor-element elementor-element-2e55a61 elementor-section-boxed elementor-section-height-default elementor-section-height-default wpr-particle-no wpr-jarallax-no wpr-parallax-no wpr-sticky-section-no wpr-equal-height-no\" data-id=\"2e55a61\" data-element_type=\"section\" data-e-type=\"section\">\n\t\t\t\t\t\t<div class=\"elementor-container elementor-column-gap-default\">\n\t\t\t\t\t<div class=\"elementor-column elementor-col-100 elementor-top-column elementor-element elementor-element-4830d55\" data-id=\"4830d55\" data-element_type=\"column\" data-e-type=\"column\">\n\t\t\t<div class=\"elementor-widget-wrap elementor-element-populated\">\n\t\t\t\t\t\t<div class=\"elementor-element elementor-element-1024eab elementor-widget elementor-widget-text-editor\" data-id=\"1024eab\" data-element_type=\"widget\" data-e-type=\"widget\" data-widget_type=\"text-editor.default\">\n\t\t\t\t<div class=\"elementor-widget-container\">\n\t\t\t\t\t\t\t\t\t<p>Esta declaraci\u00f3n de accesibilidad se aplica al sitio web <a href=\"https:\/\/kvg-bus.de\/stade\/es\/\">www.kvg-bus.de<\/a>.<\/p><p>Nos esforzamos por implementar nuestro sitio web de conformidad con las disposiciones legales de la Ley Europea de Accesibilidad (EAA). Esto se corresponde con el amplio est\u00e1ndar de las \"Pautas de Accesibilidad al Contenido en la Web 2.1\" (WCAG 2.1 a nivel AA).<\/p>\t\t\t\t\t\t\t\t<\/div>\n\t\t\t\t<\/div>\n\t\t\t\t<div class=\"elementor-element elementor-element-87c0d1c elementor-widget elementor-widget-spacer\" data-id=\"87c0d1c\" data-element_type=\"widget\" data-e-type=\"widget\" data-widget_type=\"spacer.default\">\n\t\t\t\t<div class=\"elementor-widget-container\">\n\t\t\t\t\t\t\t<div class=\"elementor-spacer\">\n\t\t\t<div class=\"elementor-spacer-inner\"><\/div>\n\t\t<\/div>\n\t\t\t\t\t\t<\/div>\n\t\t\t\t<\/div>\n\t\t\t\t\t<\/div>\n\t\t<\/div>\n\t\t\t\t\t<\/div>\n\t\t<\/section>\n\t\t\t\t<section class=\"elementor-section elementor-top-section elementor-element elementor-element-4882af0 elementor-section-boxed elementor-section-height-default elementor-section-height-default wpr-particle-no wpr-jarallax-no wpr-parallax-no wpr-sticky-section-no wpr-equal-height-no\" data-id=\"4882af0\" data-element_type=\"section\" data-e-type=\"section\">\n\t\t\t\t\t\t<div class=\"elementor-container elementor-column-gap-default\">\n\t\t\t\t\t<div class=\"elementor-column elementor-col-100 elementor-top-column elementor-element elementor-element-7fae2a5\" data-id=\"7fae2a5\" data-element_type=\"column\" data-e-type=\"column\">\n\t\t\t<div class=\"elementor-widget-wrap elementor-element-populated\">\n\t\t\t\t\t\t<div class=\"elementor-element elementor-element-9a559d1 elementor-widget elementor-widget-text-editor\" data-id=\"9a559d1\" data-element_type=\"widget\" data-e-type=\"widget\" data-widget_type=\"text-editor.default\">\n\t\t\t\t<div class=\"elementor-widget-container\">\n\t\t\t\t\t\t\t\t\t<h3>Preparaci\u00f3n de la declaraci\u00f3n y compatibilidad de los requisitos<\/h3><p>La declaraci\u00f3n de accesibilidad se actualiz\u00f3 por \u00faltima vez el 27 de enero de 2026. La evaluaci\u00f3n de la accesibilidad se llev\u00f3 a cabo en el marco de una autoevaluaci\u00f3n. Seg\u00fan este an\u00e1lisis, el sitio web solo cumple parcialmente los requisitos mencionados, ya que algunos contenidos a\u00fan no son plenamente accesibles.<\/p>\t\t\t\t\t\t\t\t<\/div>\n\t\t\t\t<\/div>\n\t\t\t\t<div class=\"elementor-element elementor-element-20cf58d elementor-widget elementor-widget-spacer\" data-id=\"20cf58d\" data-element_type=\"widget\" data-e-type=\"widget\" data-widget_type=\"spacer.default\">\n\t\t\t\t<div class=\"elementor-widget-container\">\n\t\t\t\t\t\t\t<div class=\"elementor-spacer\">\n\t\t\t<div class=\"elementor-spacer-inner\"><\/div>\n\t\t<\/div>\n\t\t\t\t\t\t<\/div>\n\t\t\t\t<\/div>\n\t\t\t\t\t<\/div>\n\t\t<\/div>\n\t\t\t\t\t<\/div>\n\t\t<\/section>\n\t\t\t\t<section class=\"elementor-section elementor-top-section elementor-element elementor-element-7ff45f0 elementor-section-boxed elementor-section-height-default elementor-section-height-default wpr-particle-no wpr-jarallax-no wpr-parallax-no wpr-sticky-section-no wpr-equal-height-no\" data-id=\"7ff45f0\" data-element_type=\"section\" data-e-type=\"section\">\n\t\t\t\t\t\t<div class=\"elementor-container elementor-column-gap-default\">\n\t\t\t\t\t<div class=\"elementor-column elementor-col-100 elementor-top-column elementor-element elementor-element-5b6da0f\" data-id=\"5b6da0f\" data-element_type=\"column\" data-e-type=\"column\">\n\t\t\t<div class=\"elementor-widget-wrap elementor-element-populated\">\n\t\t\t\t\t\t<div class=\"elementor-element elementor-element-5e0a629 elementor-widget elementor-widget-text-editor\" data-id=\"5e0a629\" data-element_type=\"widget\" data-e-type=\"widget\" data-widget_type=\"text-editor.default\">\n\t\t\t\t<div class=\"elementor-widget-container\">\n\t\t\t\t\t\t\t\t\t<h3>Medidas para mejorar la accesibilidad<\/h3><p data-start=\"1050\" data-end=\"1231\">Para mejorar la accesibilidad digital, hemos a\u00f1adido la funci\u00f3n <strong data-start=\"1130\" data-end=\"1180\">Asistente de accesibilidad \u201eElementor Ally\u201c<\/strong> integrado. Esto ayuda a los usuarios:<\/p><ul data-start=\"1232\" data-end=\"1378\"><li data-start=\"1232\" data-end=\"1260\"><p data-start=\"1234\" data-end=\"1260\">Ajustar el tama\u00f1o de letra<\/p><\/li><li data-start=\"1261\" data-end=\"1282\"><p data-start=\"1263\" data-end=\"1282\">Conmutaci\u00f3n de contraste<\/p><\/li><li data-start=\"1283\" data-end=\"1303\"><p data-start=\"1285\" data-end=\"1303\">Navegaci\u00f3n con el teclado<\/p><\/li><li data-start=\"1304\" data-end=\"1327\"><p data-start=\"1306\" data-end=\"1327\">Enfoque de los elementos de visualizaci\u00f3n<\/p><\/li><li data-start=\"1328\" data-end=\"1378\"><p data-start=\"1330\" data-end=\"1378\">y otras opciones de visualizaci\u00f3n del lado del usuario<\/p><\/li><\/ul><p data-start=\"1380\" data-end=\"1500\">Como resultado, ya estamos permitiendo que muchos visitantes con discapacidades utilicen el sitio de forma personalizada.<\/p>\t\t\t\t\t\t\t\t<\/div>\n\t\t\t\t<\/div>\n\t\t\t\t<div class=\"elementor-element elementor-element-891dc0f elementor-widget elementor-widget-spacer\" data-id=\"891dc0f\" data-element_type=\"widget\" data-e-type=\"widget\" data-widget_type=\"spacer.default\">\n\t\t\t\t<div class=\"elementor-widget-container\">\n\t\t\t\t\t\t\t<div class=\"elementor-spacer\">\n\t\t\t<div class=\"elementor-spacer-inner\"><\/div>\n\t\t<\/div>\n\t\t\t\t\t\t<\/div>\n\t\t\t\t<\/div>\n\t\t\t\t\t<\/div>\n\t\t<\/div>\n\t\t\t\t\t<\/div>\n\t\t<\/section>\n\t\t\t\t<section class=\"elementor-section elementor-top-section elementor-element elementor-element-1cb77e8 elementor-section-boxed elementor-section-height-default elementor-section-height-default wpr-particle-no wpr-jarallax-no wpr-parallax-no wpr-sticky-section-no wpr-equal-height-no\" data-id=\"1cb77e8\" data-element_type=\"section\" data-e-type=\"section\">\n\t\t\t\t\t\t<div class=\"elementor-container elementor-column-gap-default\">\n\t\t\t\t\t<div class=\"elementor-column elementor-col-100 elementor-top-column elementor-element elementor-element-0532b1e\" data-id=\"0532b1e\" data-element_type=\"column\" data-e-type=\"column\">\n\t\t\t<div class=\"elementor-widget-wrap elementor-element-populated\">\n\t\t\t\t\t\t<div class=\"elementor-element elementor-element-adf1300 elementor-widget elementor-widget-text-editor\" data-id=\"adf1300\" data-element_type=\"widget\" data-e-type=\"widget\" data-widget_type=\"text-editor.default\">\n\t\t\t\t<div class=\"elementor-widget-container\">\n\t\t\t\t\t\t\t\t\t<h3>Contenidos no accesibles y restricciones<\/h3><h4>V\u00eddeos<\/h4><p>Nuestros v\u00eddeos en la web no se han grabado seg\u00fan las nuevas normas y no contienen subt\u00edtulos. Esto se tendr\u00e1 en cuenta para futuros proyectos.<\/p><h4>Im\u00e1genes con texto alternativo<\/h4><p>La creaci\u00f3n de textos alternativos est\u00e1 actualmente en curso.<\/p><h4>Contenido din\u00e1mico<\/h4><p>Los acordeones de preguntas frecuentes u otros contenidos din\u00e1micos no son totalmente operables con un lector de pantalla.<\/p><h4>Estructura de las r\u00fabricas<\/h4><p>En la medida de lo posible, en el sitio web se puede encontrar una estructura de r\u00fabricas estructurada. A pesar de ello, a\u00fan estamos realizando pruebas para poder ofrecer un resultado completo.<\/p><h4>Documentos PDF<\/h4><p>Nuestros horarios y mapas de rutas no est\u00e1n libres de barreras.<\/p><h4>Enlaces<\/h4><p>No garantizamos que los enlaces a sitios web externos est\u00e9n libres de barreras.<\/p><h4>Legibilidad<\/h4><p>Hemos intentado formular nuestro contenido en un lenguaje sencillo. Por el momento no est\u00e1 prevista una traducci\u00f3n a un lenguaje sencillo.<\/p>\t\t\t\t\t\t\t\t<\/div>\n\t\t\t\t<\/div>\n\t\t\t\t<div class=\"elementor-element elementor-element-9db292d elementor-widget elementor-widget-spacer\" data-id=\"9db292d\" data-element_type=\"widget\" data-e-type=\"widget\" data-widget_type=\"spacer.default\">\n\t\t\t\t<div class=\"elementor-widget-container\">\n\t\t\t\t\t\t\t<div class=\"elementor-spacer\">\n\t\t\t<div class=\"elementor-spacer-inner\"><\/div>\n\t\t<\/div>\n\t\t\t\t\t\t<\/div>\n\t\t\t\t<\/div>\n\t\t\t\t\t<\/div>\n\t\t<\/div>\n\t\t\t\t\t<\/div>\n\t\t<\/section>\n\t\t\t\t<section class=\"elementor-section elementor-top-section elementor-element elementor-element-f734277 elementor-section-boxed elementor-section-height-default elementor-section-height-default wpr-particle-no wpr-jarallax-no wpr-parallax-no wpr-sticky-section-no wpr-equal-height-no\" data-id=\"f734277\" data-element_type=\"section\" data-e-type=\"section\">\n\t\t\t\t\t\t<div class=\"elementor-container elementor-column-gap-default\">\n\t\t\t\t\t<div class=\"elementor-column elementor-col-100 elementor-top-column elementor-element elementor-element-e021b99\" data-id=\"e021b99\" data-element_type=\"column\" data-e-type=\"column\">\n\t\t\t<div class=\"elementor-widget-wrap elementor-element-populated\">\n\t\t\t\t\t\t<div class=\"elementor-element elementor-element-aa3ed76 elementor-widget elementor-widget-text-editor\" data-id=\"aa3ed76\" data-element_type=\"widget\" data-e-type=\"widget\" data-widget_type=\"text-editor.default\">\n\t\t\t\t<div class=\"elementor-widget-container\">\n\t\t\t\t\t\t\t\t\t<h3>Opci\u00f3n de feedback y contacto para informar de los obst\u00e1culos<\/h3><p>Si observa alguna deficiencia en relaci\u00f3n con el dise\u00f1o sin barreras de nuestro sitio web o si necesita informaci\u00f3n que no est\u00e1 libre de barreras, no dude en ponerse en contacto con nosotros:<\/p>\t\t\t\t\t\t\t\t<\/div>\n\t\t\t\t<\/div>\n\t\t\t\t<div class=\"elementor-element elementor-element-91741a3 elementor-icon-list--layout-traditional elementor-list-item-link-full_width elementor-widget elementor-widget-icon-list\" data-id=\"91741a3\" data-element_type=\"widget\" data-e-type=\"widget\" data-widget_type=\"icon-list.default\">\n\t\t\t\t<div class=\"elementor-widget-container\">\n\t\t\t\t\t\t\t<ul class=\"elementor-icon-list-items\">\n\t\t\t\t\t\t\t<li class=\"elementor-icon-list-item\">\n\t\t\t\t\t\t\t\t\t\t\t<a href=\"mailto:s.prager@kvg-bus.de\">\n\n\t\t\t\t\t\t\t\t\t\t\t\t<span class=\"elementor-icon-list-icon\">\n\t\t\t\t\t\t\t<i aria-hidden=\"true\" class=\"fas fa-paper-plane\"><\/i>\t\t\t\t\t\t<\/span>\n\t\t\t\t\t\t\t\t\t\t<span class=\"elementor-icon-list-text\">s.prager@kvg-bus.de<\/span>\n\t\t\t\t\t\t\t\t\t\t\t<\/a>\n\t\t\t\t\t\t\t\t\t<\/li>\n\t\t\t\t\t\t\t\t<li class=\"elementor-icon-list-item\">\n\t\t\t\t\t\t\t\t\t\t\t<a href=\"tel:04141525116\">\n\n\t\t\t\t\t\t\t\t\t\t\t\t<span class=\"elementor-icon-list-icon\">\n\t\t\t\t\t\t\t<i aria-hidden=\"true\" class=\"fas fa-phone-alt\"><\/i>\t\t\t\t\t\t<\/span>\n\t\t\t\t\t\t\t\t\t\t<span class=\"elementor-icon-list-text\">04141 525-116<\/span>\n\t\t\t\t\t\t\t\t\t\t\t<\/a>\n\t\t\t\t\t\t\t\t\t<\/li>\n\t\t\t\t\t\t<\/ul>\n\t\t\t\t\t\t<\/div>\n\t\t\t\t<\/div>\n\t\t\t\t<div class=\"elementor-element elementor-element-f62baa5 elementor-widget elementor-widget-text-editor\" data-id=\"f62baa5\" data-element_type=\"widget\" data-e-type=\"widget\" data-widget_type=\"text-editor.default\">\n\t\t\t\t<div class=\"elementor-widget-container\">\n\t\t\t\t\t\t\t\t\t<p>Nos esforzaremos por revisar sus comentarios con prontitud y proporcionarle informaci\u00f3n al respecto.<\/p>\t\t\t\t\t\t\t\t<\/div>\n\t\t\t\t<\/div>\n\t\t\t\t<div class=\"elementor-element elementor-element-021e780 elementor-widget elementor-widget-spacer\" data-id=\"021e780\" data-element_type=\"widget\" data-e-type=\"widget\" data-widget_type=\"spacer.default\">\n\t\t\t\t<div class=\"elementor-widget-container\">\n\t\t\t\t\t\t\t<div class=\"elementor-spacer\">\n\t\t\t<div class=\"elementor-spacer-inner\"><\/div>\n\t\t<\/div>\n\t\t\t\t\t\t<\/div>\n\t\t\t\t<\/div>\n\t\t\t\t\t<\/div>\n\t\t<\/div>\n\t\t\t\t\t<\/div>\n\t\t<\/section>\n\t\t\t\t<section class=\"elementor-section elementor-top-section elementor-element elementor-element-629de4d elementor-section-boxed elementor-section-height-default elementor-section-height-default wpr-particle-no wpr-jarallax-no wpr-parallax-no wpr-sticky-section-no wpr-equal-height-no\" data-id=\"629de4d\" data-element_type=\"section\" data-e-type=\"section\">\n\t\t\t\t\t\t<div class=\"elementor-container elementor-column-gap-default\">\n\t\t\t\t\t<div class=\"elementor-column elementor-col-100 elementor-top-column elementor-element elementor-element-a720307\" data-id=\"a720307\" data-element_type=\"column\" data-e-type=\"column\">\n\t\t\t<div class=\"elementor-widget-wrap elementor-element-populated\">\n\t\t\t\t\t\t<div class=\"elementor-element elementor-element-a6393bd elementor-widget elementor-widget-text-editor\" data-id=\"a6393bd\" data-element_type=\"widget\" data-e-type=\"widget\" data-widget_type=\"text-editor.default\">\n\t\t\t\t<div class=\"elementor-widget-container\">\n\t\t\t\t\t\t\t\t\t<h3>Centro de arbitraje<\/h3><p>Si nos ha facilitado informaci\u00f3n sobre accesibilidad y no ha recibido una respuesta satisfactoria en un plazo m\u00e1ximo de seis semanas, tiene derecho a recurrir a la junta de arbitraje de conformidad con el art\u00edculo 16 de la Ley de Igualdad de Oportunidades para las Personas con Discapacidad (BGG).<\/p><p>El objetivo del procedimiento de conciliaci\u00f3n es encontrar juntos una soluci\u00f3n extrajudicial al problema.<\/p><p>Procedimientos de arbitraje de conformidad con la Ley de Igualdad de Minusv\u00e1lidos de Baja Sajonia (NBGG).<\/p>\t\t\t\t\t\t\t\t<\/div>\n\t\t\t\t<\/div>\n\t\t\t\t<div class=\"elementor-element elementor-element-150c33f elementor-icon-list--layout-traditional elementor-list-item-link-full_width elementor-widget elementor-widget-icon-list\" data-id=\"150c33f\" data-element_type=\"widget\" data-e-type=\"widget\" data-widget_type=\"icon-list.default\">\n\t\t\t\t<div class=\"elementor-widget-container\">\n\t\t\t\t\t\t\t<ul class=\"elementor-icon-list-items\">\n\t\t\t\t\t\t\t<li class=\"elementor-icon-list-item\">\n\t\t\t\t\t\t\t\t\t\t\t<a href=\"mailto:schlichtungsstelle@ms.niedersachsen.de%20\">\n\n\t\t\t\t\t\t\t\t\t\t\t\t<span class=\"elementor-icon-list-icon\">\n\t\t\t\t\t\t\t<i aria-hidden=\"true\" class=\"fas fa-paper-plane\"><\/i>\t\t\t\t\t\t<\/span>\n\t\t\t\t\t\t\t\t\t\t<span class=\"elementor-icon-list-text\">schlichtungsstelle@ms.niedersachsen.de <\/span>\n\t\t\t\t\t\t\t\t\t\t\t<\/a>\n\t\t\t\t\t\t\t\t\t<\/li>\n\t\t\t\t\t\t\t\t<li class=\"elementor-icon-list-item\">\n\t\t\t\t\t\t\t\t\t\t\t<a href=\"tel:05111204010\">\n\n\t\t\t\t\t\t\t\t\t\t\t\t<span class=\"elementor-icon-list-icon\">\n\t\t\t\t\t\t\t<i aria-hidden=\"true\" class=\"fas fa-phone-alt\"><\/i>\t\t\t\t\t\t<\/span>\n\t\t\t\t\t\t\t\t\t\t<span class=\"elementor-icon-list-text\">0511 120-4010<\/span>\n\t\t\t\t\t\t\t\t\t\t\t<\/a>\n\t\t\t\t\t\t\t\t\t<\/li>\n\t\t\t\t\t\t<\/ul>\n\t\t\t\t\t\t<\/div>\n\t\t\t\t<\/div>\n\t\t\t\t<div class=\"elementor-element elementor-element-3a7617b elementor-widget elementor-widget-spacer\" data-id=\"3a7617b\" data-element_type=\"widget\" data-e-type=\"widget\" data-widget_type=\"spacer.default\">\n\t\t\t\t<div class=\"elementor-widget-container\">\n\t\t\t\t\t\t\t<div class=\"elementor-spacer\">\n\t\t\t<div class=\"elementor-spacer-inner\"><\/div>\n\t\t<\/div>\n\t\t\t\t\t\t<\/div>\n\t\t\t\t<\/div>\n\t\t\t\t\t<\/div>\n\t\t<\/div>\n\t\t\t\t\t<\/div>\n\t\t<\/section>\n\t\t\t\t<\/div>","protected":false},"excerpt":{"rendered":"<p>DECLARACI\u00d3N DE ACCESIBILIDAD Esta declaraci\u00f3n de accesibilidad se aplica al sitio web www.kvg-bus.de. Nos esforzamos por implementar nuestro sitio web de conformidad con las disposiciones legales de la Ley Europea de Accesibilidad (EAA). Esto se corresponde con el amplio est\u00e1ndar de las \u201ePautas de Accesibilidad al Contenido en la Web 2.1\u201c (WCAG 2.1 a nivel AA). Elaboraci\u00f3n de la declaraci\u00f3n y cumplimiento de los requisitos La declaraci\u00f3n de accesibilidad se actualiz\u00f3 por \u00faltima vez el 27 de enero de 2026. La evaluaci\u00f3n de la accesibilidad se llev\u00f3 a cabo en el marco de una autoevaluaci\u00f3n. En base a este an\u00e1lisis, el sitio web s\u00f3lo cumple parcialmente los requisitos mencionados, ya que algunos contenidos a\u00fan no son totalmente accesibles. Medidas para mejorar la accesibilidad Para mejorar la accesibilidad digital, hemos integrado el asistente de accesibilidad \u201eElementor Ally\u201c en nuestro sitio web. Este asistente ayuda a los usuarios mediante: Ajustar el tama\u00f1o de la fuente Conmutar el contraste Navegaci\u00f3n por teclado Enfocar elementos de visualizaci\u00f3n y otras opciones de visualizaci\u00f3n del lado del usuario Como resultado, ya permitimos que muchos visitantes con discapacidades utilicen el sitio de forma personalizable. Contenidos no accesibles y restricciones V\u00eddeos Nuestros v\u00eddeos en el sitio web no se han grabado de acuerdo con las nuevas normas y no contienen subt\u00edtulos. Esto se tendr\u00e1 en cuenta para futuros proyectos. Im\u00e1genes con texto alternativo La creaci\u00f3n de textos alternativos est\u00e1 actualmente en curso. Contenido din\u00e1mico Los acordeones de preguntas frecuentes u otros contenidos din\u00e1micos no son totalmente operables con un lector de pantalla. Estructura de encabezamientos En la medida de lo posible, en el sitio web se puede encontrar una estructura de encabezamientos estructurada. A pesar de ello, a\u00fan estamos realizando pruebas para poder ofrecer un resultado completo. Documentos PDF Nuestros horarios y mapas de rutas no son accesibles. Enlaces No garantizamos que los enlaces a sitios web externos est\u00e9n libres de barreras. Legibilidad Hemos procurado formular nuestros contenidos en un lenguaje sencillo. Actualmente no est\u00e1 prevista una traducci\u00f3n a un lenguaje sencillo. Opci\u00f3n de comentarios y contacto para informar sobre barreras Si observa alguna deficiencia en relaci\u00f3n con el dise\u00f1o sin barreras de nuestro sitio web o si necesita informaci\u00f3n a la que no se puede acceder sin barreras, le invitamos a ponerse en contacto con nosotros: s.prager@kvg-bus.de 04141 525-116 Nos esforzaremos por revisar sus comentarios con prontitud y proporcionarle una respuesta. Centro de arbitraje Si nos ha facilitado informaci\u00f3n sobre accesibilidad y no ha recibido una respuesta satisfactoria en un plazo m\u00e1ximo de seis semanas, tiene derecho a recurrir al centro de arbitraje de conformidad con el art\u00edculo 16 de la Ley alemana de igualdad de las personas con discapacidad (BGG). El objetivo del procedimiento de conciliaci\u00f3n es encontrar juntos una soluci\u00f3n extrajudicial al problema. Procedimiento de conciliaci\u00f3n conforme a la Ley de igualdad de las personas con discapacidad de Baja Sajonia (NBGG). schlichtungsstelle@ms.niedersachsen.de 0511 120-4010<\/p>","protected":false},"author":4,"featured_media":1462,"parent":0,"menu_order":73,"comment_status":"closed","ping_status":"closed","template":"","meta":{"footnotes":""},"class_list":["post-2916","page","type-page","status-publish","has-post-thumbnail","hentry"],"yoast_head":"<!-- This site is optimized with the Yoast SEO plugin v27.4 - https:\/\/yoast.com\/product\/yoast-seo-wordpress\/ -->\n<title>Erkl\u00e4rung zur Barrierefreiheit - KVG Stade<\/title>\n<meta name=\"robots\" content=\"index, follow, max-snippet:-1, max-image-preview:large, max-video-preview:-1\" \/>\n<link rel=\"canonical\" href=\"https:\/\/kvg-bus.de\/stade\/declaracion-sobre-accesibilidad\/\" \/>\n<meta property=\"og:locale\" content=\"es_ES\" \/>\n<meta property=\"og:type\" content=\"article\" \/>\n<meta property=\"og:title\" content=\"Erkl\u00e4rung zur Barrierefreiheit - KVG Stade\" \/>\n<meta property=\"og:description\" content=\"ERKL\u00c4RUNG ZUR BARRIEREFREIHEIT Diese Erkl\u00e4rung zur Barrierefreiheit gilt f\u00fcr die Website www.kvg-bus.de. Wir sind bem\u00fcht unsere Website nach den Rechtsvorschriften der europ\u00e4ischen Richtlinie zur Barrierefreiheit (European Accessibility Act, kurz: EAA) umzusetzen. Das entspricht den weitgehenden Standard der \u201eWeb Content Accessibility Guidelines 2.1\u201c (WCAG 2.1 bis Level AA). Erstellung der Erkl\u00e4rung und Vereinbarkeit der Anforderungen Die Barrierefreiheitserkl\u00e4rung wurde zuletzt am 27. Januar 2026 aktualisiert. Die Bewertung der Zug\u00e4nglichkeit erfolgte im Rahmen einer Selbst\u00fcberpr\u00fcfung. Auf Grundlage dieser Analyse erf\u00fcllt die Website die zuvor genannten Anforderungen nur teilweise, da einzelne Inhalte noch nicht vollst\u00e4ndig barrierefrei umgesetzt sind. Ma\u00dfnahmen zur Verbesserung der Barrierefreiheit Zur Verbesserung der digitalen Zug\u00e4nglichkeit haben wir auf unserer Website den Barrierefreiheits-Assistenten \u201eElementor Ally\u201c integriert. Dieser unterst\u00fctzt Nutzer durch: Anpassung der Schriftgr\u00f6\u00dfe Kontrastumschaltung Tastaturnavigation Fokus-Anzeigeelemente sowie weitere nutzerseitige Darstellungsoptionen Dadurch erm\u00f6glichen wir bereits vielen Besucher mit Einschr\u00e4nkungen eine individuell anpassbare Nutzung der Seite. Nicht barrierefreie Inhalte und Einschr\u00e4nkungen Videos Unsere Videos auf der Website sind nicht nach den neuen Standards aufgenommen worden und enthalten keinen Untertitel. Bei zuk\u00fcnftigen Projekten wird dieses beachtet. Bilder mit Alternativtext Die Erstellung der Alternativtexte ist derzeit in Arbeit. Dynamische Inhalte FAQ-Akkordeons oder andere dynamische Inhalte sind nicht mit einem Screenreader vollst\u00e4ndig bedienbar. \u00dcberschriftenstruktur Weitestgehend ist auf der Website eine strukturierte \u00dcberschriftenstruktur zu finden. Wir befinden uns trotz dessen in der Pr\u00fcfung, um ein vollst\u00e4ndiges Ergebnis zu liefern. PDF-Dokumente Unsere Fahrpl\u00e4ne und Liniennetzpl\u00e4ne sind nicht barrierefrei darstellbar. Verlinkungen Wir garantieren bei Verlinkungen zu externen Websites nicht, dass diese barrierefrei sind. Lesbarkeit Wir haben versucht unseren Inhalt in einfacher Sprache zu formulieren. Eine \u00dcbersetzung in leichter Sprache ist derzeit nicht geplant. Feedbackm\u00f6glichkeit und Kontakt zur Meldung von Barrieren Sollten Ihnen M\u00e4ngel in Bezug auf die barrierefreie Gestaltung unserer Website auffallen oder ben\u00f6tigen Sie Informationen, die nicht barrierefrei zug\u00e4nglich sind, k\u00f6nnen Sie sich gerne an uns wenden: s.prager@kvg-bus.de 04141 525-116 Wir bem\u00fchen uns, Ihre Hinweise zeitnah zu pr\u00fcfen und Ihnen eine R\u00fcckmeldung zu geben. Schlichtungsstelle Sollten Sie uns Hinweise zur Barrierefreiheit gegeben haben und nach sp\u00e4testens sechs Wochen keine zufriedenstellende Antwort erhalten haben, haben Sie das Recht, die Schlichtungsstelle nach \u00a7\u202f16 BGG (Behindertengleichstellungsgesetz) anzurufen. Ziel des Schlichtungsverfahrens ist es, gemeinsam eine au\u00dfergerichtliche L\u00f6sung f\u00fcr das Problem zu finden. Schlichtungsverfahren nach dem Nieders\u00e4chsischen Behindertengleichstellunggesetz (NBGG). schlichtungsstelle@ms.niedersachsen.de 0511 120-4010\" \/>\n<meta property=\"og:url\" content=\"https:\/\/kvg-bus.de\/stade\/declaracion-sobre-accesibilidad\/\" \/>\n<meta property=\"og:site_name\" content=\"KVG Stade\" \/>\n<meta property=\"article:modified_time\" content=\"2026-01-27T15:05:05+00:00\" \/>\n<meta property=\"og:image\" content=\"https:\/\/kvg-bus.de\/stade\/wp-content\/uploads\/sites\/14\/header_bus-aufstellung-2-scaled.jpg\" \/>\n\t<meta property=\"og:image:width\" content=\"2560\" \/>\n\t<meta property=\"og:image:height\" content=\"1709\" \/>\n\t<meta property=\"og:image:type\" content=\"image\/jpeg\" \/>\n<meta name=\"twitter:card\" content=\"summary_large_image\" \/>\n<meta name=\"twitter:label1\" content=\"Tiempo de lectura\" \/>\n\t<meta name=\"twitter:data1\" content=\"3 minutos\" \/>\n<script type=\"application\/ld+json\" class=\"yoast-schema-graph\">{\"@context\":\"https:\\\/\\\/schema.org\",\"@graph\":[{\"@type\":\"WebPage\",\"@id\":\"https:\\\/\\\/kvg-bus.de\\\/stade\\\/erklaerung-zur-barrierefreiheit\\\/\",\"url\":\"https:\\\/\\\/kvg-bus.de\\\/stade\\\/erklaerung-zur-barrierefreiheit\\\/\",\"name\":\"Erkl\u00e4rung zur Barrierefreiheit - KVG Stade\",\"isPartOf\":{\"@id\":\"https:\\\/\\\/kvg-bus.de\\\/stade\\\/#website\"},\"primaryImageOfPage\":{\"@id\":\"https:\\\/\\\/kvg-bus.de\\\/stade\\\/erklaerung-zur-barrierefreiheit\\\/#primaryimage\"},\"image\":{\"@id\":\"https:\\\/\\\/kvg-bus.de\\\/stade\\\/erklaerung-zur-barrierefreiheit\\\/#primaryimage\"},\"thumbnailUrl\":\"https:\\\/\\\/kvg-bus.de\\\/stade\\\/wp-content\\\/uploads\\\/sites\\\/14\\\/header_bus-aufstellung-2-scaled.jpg\",\"datePublished\":\"2025-06-30T08:13:54+00:00\",\"dateModified\":\"2026-01-27T15:05:05+00:00\",\"breadcrumb\":{\"@id\":\"https:\\\/\\\/kvg-bus.de\\\/stade\\\/erklaerung-zur-barrierefreiheit\\\/#breadcrumb\"},\"inLanguage\":\"es\",\"potentialAction\":[{\"@type\":\"ReadAction\",\"target\":[\"https:\\\/\\\/kvg-bus.de\\\/stade\\\/erklaerung-zur-barrierefreiheit\\\/\"]}]},{\"@type\":\"ImageObject\",\"inLanguage\":\"es\",\"@id\":\"https:\\\/\\\/kvg-bus.de\\\/stade\\\/erklaerung-zur-barrierefreiheit\\\/#primaryimage\",\"url\":\"https:\\\/\\\/kvg-bus.de\\\/stade\\\/wp-content\\\/uploads\\\/sites\\\/14\\\/header_bus-aufstellung-2-scaled.jpg\",\"contentUrl\":\"https:\\\/\\\/kvg-bus.de\\\/stade\\\/wp-content\\\/uploads\\\/sites\\\/14\\\/header_bus-aufstellung-2-scaled.jpg\",\"width\":2560,\"height\":1709},{\"@type\":\"BreadcrumbList\",\"@id\":\"https:\\\/\\\/kvg-bus.de\\\/stade\\\/erklaerung-zur-barrierefreiheit\\\/#breadcrumb\",\"itemListElement\":[{\"@type\":\"ListItem\",\"position\":1,\"name\":\"Startseite\",\"item\":\"https:\\\/\\\/kvg-bus.de\\\/stade\\\/\"},{\"@type\":\"ListItem\",\"position\":2,\"name\":\"Erkl\u00e4rung zur Barrierefreiheit\"}]},{\"@type\":\"WebSite\",\"@id\":\"https:\\\/\\\/kvg-bus.de\\\/stade\\\/#website\",\"url\":\"https:\\\/\\\/kvg-bus.de\\\/stade\\\/\",\"name\":\"KVG Stade\",\"description\":\"\",\"publisher\":{\"@id\":\"https:\\\/\\\/kvg-bus.de\\\/stade\\\/#organization\"},\"potentialAction\":[{\"@type\":\"SearchAction\",\"target\":{\"@type\":\"EntryPoint\",\"urlTemplate\":\"https:\\\/\\\/kvg-bus.de\\\/stade\\\/?s={search_term_string}\"},\"query-input\":{\"@type\":\"PropertyValueSpecification\",\"valueRequired\":true,\"valueName\":\"search_term_string\"}}],\"inLanguage\":\"es\"},{\"@type\":\"Organization\",\"@id\":\"https:\\\/\\\/kvg-bus.de\\\/stade\\\/#organization\",\"name\":\"KVG Stade\",\"url\":\"https:\\\/\\\/kvg-bus.de\\\/stade\\\/\",\"logo\":{\"@type\":\"ImageObject\",\"inLanguage\":\"es\",\"@id\":\"https:\\\/\\\/kvg-bus.de\\\/stade\\\/#\\\/schema\\\/logo\\\/image\\\/\",\"url\":\"https:\\\/\\\/kvg-bus.de\\\/stade\\\/wp-content\\\/uploads\\\/sites\\\/14\\\/kvg_logo-1.svg\",\"contentUrl\":\"https:\\\/\\\/kvg-bus.de\\\/stade\\\/wp-content\\\/uploads\\\/sites\\\/14\\\/kvg_logo-1.svg\",\"width\":1322,\"height\":404,\"caption\":\"KVG Stade\"},\"image\":{\"@id\":\"https:\\\/\\\/kvg-bus.de\\\/stade\\\/#\\\/schema\\\/logo\\\/image\\\/\"}}]}<\/script>\n<!-- \/ Yoast SEO plugin. -->","yoast_head_json":{"title":"Declaraci\u00f3n sobre accesibilidad - KVG Stade","robots":{"index":"index","follow":"follow","max-snippet":"max-snippet:-1","max-image-preview":"max-image-preview:large","max-video-preview":"max-video-preview:-1"},"canonical":"https:\/\/kvg-bus.de\/stade\/declaracion-sobre-accesibilidad\/","og_locale":"es_ES","og_type":"article","og_title":"Erkl\u00e4rung zur Barrierefreiheit - KVG Stade","og_description":"ERKL\u00c4RUNG ZUR BARRIEREFREIHEIT Diese Erkl\u00e4rung zur Barrierefreiheit gilt f\u00fcr die Website www.kvg-bus.de. Wir sind bem\u00fcht unsere Website nach den Rechtsvorschriften der europ\u00e4ischen Richtlinie zur Barrierefreiheit (European Accessibility Act, kurz: EAA) umzusetzen. Das entspricht den weitgehenden Standard der \u201eWeb Content Accessibility Guidelines 2.1\u201c (WCAG 2.1 bis Level AA). Erstellung der Erkl\u00e4rung und Vereinbarkeit der Anforderungen Die Barrierefreiheitserkl\u00e4rung wurde zuletzt am 27. Januar 2026 aktualisiert. Die Bewertung der Zug\u00e4nglichkeit erfolgte im Rahmen einer Selbst\u00fcberpr\u00fcfung. Auf Grundlage dieser Analyse erf\u00fcllt die Website die zuvor genannten Anforderungen nur teilweise, da einzelne Inhalte noch nicht vollst\u00e4ndig barrierefrei umgesetzt sind. Ma\u00dfnahmen zur Verbesserung der Barrierefreiheit Zur Verbesserung der digitalen Zug\u00e4nglichkeit haben wir auf unserer Website den Barrierefreiheits-Assistenten \u201eElementor Ally\u201c integriert. Dieser unterst\u00fctzt Nutzer durch: Anpassung der Schriftgr\u00f6\u00dfe Kontrastumschaltung Tastaturnavigation Fokus-Anzeigeelemente sowie weitere nutzerseitige Darstellungsoptionen Dadurch erm\u00f6glichen wir bereits vielen Besucher mit Einschr\u00e4nkungen eine individuell anpassbare Nutzung der Seite. Nicht barrierefreie Inhalte und Einschr\u00e4nkungen Videos Unsere Videos auf der Website sind nicht nach den neuen Standards aufgenommen worden und enthalten keinen Untertitel. Bei zuk\u00fcnftigen Projekten wird dieses beachtet. Bilder mit Alternativtext Die Erstellung der Alternativtexte ist derzeit in Arbeit. Dynamische Inhalte FAQ-Akkordeons oder andere dynamische Inhalte sind nicht mit einem Screenreader vollst\u00e4ndig bedienbar. \u00dcberschriftenstruktur Weitestgehend ist auf der Website eine strukturierte \u00dcberschriftenstruktur zu finden. Wir befinden uns trotz dessen in der Pr\u00fcfung, um ein vollst\u00e4ndiges Ergebnis zu liefern. PDF-Dokumente Unsere Fahrpl\u00e4ne und Liniennetzpl\u00e4ne sind nicht barrierefrei darstellbar. Verlinkungen Wir garantieren bei Verlinkungen zu externen Websites nicht, dass diese barrierefrei sind. Lesbarkeit Wir haben versucht unseren Inhalt in einfacher Sprache zu formulieren. Eine \u00dcbersetzung in leichter Sprache ist derzeit nicht geplant. Feedbackm\u00f6glichkeit und Kontakt zur Meldung von Barrieren Sollten Ihnen M\u00e4ngel in Bezug auf die barrierefreie Gestaltung unserer Website auffallen oder ben\u00f6tigen Sie Informationen, die nicht barrierefrei zug\u00e4nglich sind, k\u00f6nnen Sie sich gerne an uns wenden: s.prager@kvg-bus.de 04141 525-116 Wir bem\u00fchen uns, Ihre Hinweise zeitnah zu pr\u00fcfen und Ihnen eine R\u00fcckmeldung zu geben. Schlichtungsstelle Sollten Sie uns Hinweise zur Barrierefreiheit gegeben haben und nach sp\u00e4testens sechs Wochen keine zufriedenstellende Antwort erhalten haben, haben Sie das Recht, die Schlichtungsstelle nach \u00a7\u202f16 BGG (Behindertengleichstellungsgesetz) anzurufen. Ziel des Schlichtungsverfahrens ist es, gemeinsam eine au\u00dfergerichtliche L\u00f6sung f\u00fcr das Problem zu finden. Schlichtungsverfahren nach dem Nieders\u00e4chsischen Behindertengleichstellunggesetz (NBGG). schlichtungsstelle@ms.niedersachsen.de 0511 120-4010","og_url":"https:\/\/kvg-bus.de\/stade\/declaracion-sobre-accesibilidad\/","og_site_name":"KVG Stade","article_modified_time":"2026-01-27T15:05:05+00:00","og_image":[{"width":2560,"height":1709,"url":"https:\/\/kvg-bus.de\/stade\/wp-content\/uploads\/sites\/14\/header_bus-aufstellung-2-scaled.jpg","type":"image\/jpeg"}],"twitter_card":"summary_large_image","twitter_misc":{"Tiempo de lectura":"3 minutos"},"schema":{"@context":"https:\/\/schema.org","@graph":[{"@type":"WebPage","@id":"https:\/\/kvg-bus.de\/stade\/erklaerung-zur-barrierefreiheit\/","url":"https:\/\/kvg-bus.de\/stade\/erklaerung-zur-barrierefreiheit\/","name":"Declaraci\u00f3n sobre accesibilidad - KVG Stade","isPartOf":{"@id":"https:\/\/kvg-bus.de\/stade\/#website"},"primaryImageOfPage":{"@id":"https:\/\/kvg-bus.de\/stade\/erklaerung-zur-barrierefreiheit\/#primaryimage"},"image":{"@id":"https:\/\/kvg-bus.de\/stade\/erklaerung-zur-barrierefreiheit\/#primaryimage"},"thumbnailUrl":"https:\/\/kvg-bus.de\/stade\/wp-content\/uploads\/sites\/14\/header_bus-aufstellung-2-scaled.jpg","datePublished":"2025-06-30T08:13:54+00:00","dateModified":"2026-01-27T15:05:05+00:00","breadcrumb":{"@id":"https:\/\/kvg-bus.de\/stade\/erklaerung-zur-barrierefreiheit\/#breadcrumb"},"inLanguage":"es","potentialAction":[{"@type":"ReadAction","target":["https:\/\/kvg-bus.de\/stade\/erklaerung-zur-barrierefreiheit\/"]}]},{"@type":"ImageObject","inLanguage":"es","@id":"https:\/\/kvg-bus.de\/stade\/erklaerung-zur-barrierefreiheit\/#primaryimage","url":"https:\/\/kvg-bus.de\/stade\/wp-content\/uploads\/sites\/14\/header_bus-aufstellung-2-scaled.jpg","contentUrl":"https:\/\/kvg-bus.de\/stade\/wp-content\/uploads\/sites\/14\/header_bus-aufstellung-2-scaled.jpg","width":2560,"height":1709},{"@type":"BreadcrumbList","@id":"https:\/\/kvg-bus.de\/stade\/erklaerung-zur-barrierefreiheit\/#breadcrumb","itemListElement":[{"@type":"ListItem","position":1,"name":"Startseite","item":"https:\/\/kvg-bus.de\/stade\/"},{"@type":"ListItem","position":2,"name":"Erkl\u00e4rung zur Barrierefreiheit"}]},{"@type":"WebSite","@id":"https:\/\/kvg-bus.de\/stade\/#website","url":"https:\/\/kvg-bus.de\/stade\/","name":"KVG Stade","description":"","publisher":{"@id":"https:\/\/kvg-bus.de\/stade\/#organization"},"potentialAction":[{"@type":"SearchAction","target":{"@type":"EntryPoint","urlTemplate":"https:\/\/kvg-bus.de\/stade\/?s={search_term_string}"},"query-input":{"@type":"PropertyValueSpecification","valueRequired":true,"valueName":"search_term_string"}}],"inLanguage":"es"},{"@type":"Organization","@id":"https:\/\/kvg-bus.de\/stade\/#organization","name":"KVG Stade","url":"https:\/\/kvg-bus.de\/stade\/","logo":{"@type":"ImageObject","inLanguage":"es","@id":"https:\/\/kvg-bus.de\/stade\/#\/schema\/logo\/image\/","url":"https:\/\/kvg-bus.de\/stade\/wp-content\/uploads\/sites\/14\/kvg_logo-1.svg","contentUrl":"https:\/\/kvg-bus.de\/stade\/wp-content\/uploads\/sites\/14\/kvg_logo-1.svg","width":1322,"height":404,"caption":"KVG Stade"},"image":{"@id":"https:\/\/kvg-bus.de\/stade\/#\/schema\/logo\/image\/"}}]}},"_links":{"self":[{"href":"https:\/\/kvg-bus.de\/stade\/es\/wp-json\/wp\/v2\/pages\/2916","targetHints":{"allow":["GET"]}}],"collection":[{"href":"https:\/\/kvg-bus.de\/stade\/es\/wp-json\/wp\/v2\/pages"}],"about":[{"href":"https:\/\/kvg-bus.de\/stade\/es\/wp-json\/wp\/v2\/types\/page"}],"author":[{"embeddable":true,"href":"https:\/\/kvg-bus.de\/stade\/es\/wp-json\/wp\/v2\/users\/4"}],"replies":[{"embeddable":true,"href":"https:\/\/kvg-bus.de\/stade\/es\/wp-json\/wp\/v2\/comments?post=2916"}],"version-history":[{"count":0,"href":"https:\/\/kvg-bus.de\/stade\/es\/wp-json\/wp\/v2\/pages\/2916\/revisions"}],"wp:featuredmedia":[{"embeddable":true,"href":"https:\/\/kvg-bus.de\/stade\/es\/wp-json\/wp\/v2\/media\/1462"}],"wp:attachment":[{"href":"https:\/\/kvg-bus.de\/stade\/es\/wp-json\/wp\/v2\/media?parent=2916"}],"curies":[{"name":"wp","href":"https:\/\/api.w.org\/{rel}","templated":true}]}}