{"id":1323,"date":"2024-08-21T15:26:37","date_gmt":"2024-08-21T13:26:37","guid":{"rendered":"https:\/\/kvg-bus.de\/stade\/?page_id=1323"},"modified":"2025-07-29T15:10:17","modified_gmt":"2025-07-29T13:10:17","slug":"fallos-actuales","status":"publish","type":"page","link":"https:\/\/kvg-bus.de\/stade\/es\/mobilitaet\/aktuelle-stoerungen\/","title":{"rendered":"Fallos actuales"},"content":{"rendered":"<div data-elementor-type=\"wp-page\" data-elementor-id=\"1323\" class=\"elementor elementor-1323\" data-elementor-post-type=\"page\">\n\t\t\t\t\t\t<section class=\"elementor-section elementor-top-section elementor-element elementor-element-10fed1b elementor-section-boxed elementor-section-height-default elementor-section-height-default wpr-particle-no wpr-jarallax-no wpr-parallax-no wpr-sticky-section-no wpr-equal-height-no\" data-id=\"10fed1b\" data-element_type=\"section\" data-e-type=\"section\">\n\t\t\t\t\t\t<div class=\"elementor-container elementor-column-gap-default\">\n\t\t\t\t\t<div class=\"elementor-column elementor-col-50 elementor-top-column elementor-element elementor-element-2b5188d\" data-id=\"2b5188d\" data-element_type=\"column\" data-e-type=\"column\">\n\t\t\t<div class=\"elementor-widget-wrap elementor-element-populated\">\n\t\t\t\t\t\t<div class=\"elementor-element elementor-element-f4b3d55 elementor-widget elementor-widget-heading\" data-id=\"f4b3d55\" data-element_type=\"widget\" data-e-type=\"widget\" data-widget_type=\"heading.default\">\n\t\t\t\t<div class=\"elementor-widget-container\">\n\t\t\t\t\t<h2 class=\"elementor-heading-title elementor-size-default\">PERTURBACIONES DE CORRIENTE<\/h2>\t\t\t\t<\/div>\n\t\t\t\t<\/div>\n\t\t\t\t\t<\/div>\n\t\t<\/div>\n\t\t\t\t<div class=\"elementor-column elementor-col-50 elementor-top-column elementor-element elementor-element-39db7a1\" data-id=\"39db7a1\" data-element_type=\"column\" data-e-type=\"column\">\n\t\t\t<div class=\"elementor-widget-wrap\">\n\t\t\t\t\t\t\t<\/div>\n\t\t<\/div>\n\t\t\t\t\t<\/div>\n\t\t<\/section>\n\t\t\t\t<section class=\"elementor-section elementor-top-section elementor-element elementor-element-6d96fc2 elementor-section-boxed elementor-section-height-default elementor-section-height-default wpr-particle-no wpr-jarallax-no wpr-parallax-no wpr-sticky-section-no wpr-equal-height-no\" data-id=\"6d96fc2\" data-element_type=\"section\" data-e-type=\"section\">\n\t\t\t\t\t\t<div class=\"elementor-container elementor-column-gap-default\">\n\t\t\t\t\t<div class=\"elementor-column elementor-col-50 elementor-top-column elementor-element elementor-element-9f31d88\" data-id=\"9f31d88\" data-element_type=\"column\" data-e-type=\"column\">\n\t\t\t<div class=\"elementor-widget-wrap elementor-element-populated\">\n\t\t\t\t\t\t<div class=\"elementor-element elementor-element-c9a8eeb elementor-search-form--button-type-text elementor-search-form--skin-classic elementor-widget elementor-widget-search-form\" data-id=\"c9a8eeb\" data-element_type=\"widget\" data-e-type=\"widget\" data-settings=\"{&quot;skin&quot;:&quot;classic&quot;}\" data-widget_type=\"search-form.default\">\n\t\t\t\t<div class=\"elementor-widget-container\">\n\t\t\t\t\t\t\t<search role=\"search\">\n\t\t\t<form class=\"elementor-search-form\" action=\"https:\/\/kvg-bus.de\/stade\/\" method=\"get\" data-trp-original-action=\"https:\/\/kvg-bus.de\/stade\/es\">\n\t\t\t\t\t\t\t\t\t\t\t\t<div class=\"elementor-search-form__container\">\n\t\t\t\t\t<label class=\"elementor-screen-only\" for=\"elementor-search-form-c9a8eeb\">Buscar<\/label>\n\n\t\t\t\t\t\n\t\t\t\t\t<input id=\"elementor-search-form-c9a8eeb\" placeholder=\"L\u00ednea\" class=\"elementor-search-form__input\" type=\"search\" name=\"s\" value=\"\">\n\t\t\t\t\t\n\t\t\t\t\t\t\t\t\t\t\t<button class=\"elementor-search-form__submit\" type=\"submit\" aria-label=\"Buscar\">\n\t\t\t\t\t\t\t\t\t\t\t\t\t\t\tENCUENTRE SU L\u00cdNEA\t\t\t\t\t\t\t\t\t\t\t\t\t<\/button>\n\t\t\t\t\t\n\t\t\t\t\t\t\t\t\t<\/div>\n\t\t\t<input type=\"hidden\" name=\"trp-form-language\" value=\"es\"\/><\/form>\n\t\t<\/search>\n\t\t\t\t\t\t<\/div>\n\t\t\t\t<\/div>\n\t\t\t\t<div class=\"elementor-element elementor-element-7181967 elementor-widget elementor-widget-spacer\" data-id=\"7181967\" data-element_type=\"widget\" data-e-type=\"widget\" data-widget_type=\"spacer.default\">\n\t\t\t\t<div class=\"elementor-widget-container\">\n\t\t\t\t\t\t\t<div class=\"elementor-spacer\">\n\t\t\t<div class=\"elementor-spacer-inner\"><\/div>\n\t\t<\/div>\n\t\t\t\t\t\t<\/div>\n\t\t\t\t<\/div>\n\t\t\t\t<div class=\"elementor-element elementor-element-b398feb elementor-widget elementor-widget-text-editor\" data-id=\"b398feb\" data-element_type=\"widget\" data-e-type=\"widget\" data-widget_type=\"text-editor.default\">\n\t\t\t\t<div class=\"elementor-widget-container\">\n\t\t\t\t\t\t\t\t\t<p>Seleccione ahora su regi\u00f3n y reciba todos los fallos actuales.<\/p>\t\t\t\t\t\t\t\t<\/div>\n\t\t\t\t<\/div>\n\t\t\t\t\t<\/div>\n\t\t<\/div>\n\t\t\t\t<div class=\"elementor-column elementor-col-50 elementor-top-column elementor-element elementor-element-82b271b\" data-id=\"82b271b\" data-element_type=\"column\" data-e-type=\"column\">\n\t\t\t<div class=\"elementor-widget-wrap\">\n\t\t\t\t\t\t\t<\/div>\n\t\t<\/div>\n\t\t\t\t\t<\/div>\n\t\t<\/section>\n\t\t<div class=\"elementor-element elementor-element-ccd3c55 e-flex e-con-boxed wpr-particle-no wpr-jarallax-no wpr-parallax-no wpr-sticky-section-no wpr-equal-height-no e-con e-parent\" data-id=\"ccd3c55\" data-element_type=\"container\" data-e-type=\"container\">\n\t\t\t\t\t<div class=\"e-con-inner\">\n\t\t\t\t<div class=\"elementor-element elementor-element-51fc97f elementor-grid-3 elementor-grid-tablet-2 elementor-grid-mobile-1 elementor-posts--thumbnail-top elementor-card-shadow-yes elementor-posts__hover-gradient elementor-widget elementor-widget-posts\" data-id=\"51fc97f\" data-element_type=\"widget\" data-e-type=\"widget\" data-settings=\"{&quot;cards_row_gap&quot;:{&quot;unit&quot;:&quot;px&quot;,&quot;size&quot;:30,&quot;sizes&quot;:[]},&quot;pagination_type&quot;:&quot;load_more_infinite_scroll&quot;,&quot;cards_columns&quot;:&quot;3&quot;,&quot;cards_columns_tablet&quot;:&quot;2&quot;,&quot;cards_columns_mobile&quot;:&quot;1&quot;,&quot;cards_row_gap_tablet&quot;:{&quot;unit&quot;:&quot;px&quot;,&quot;size&quot;:&quot;&quot;,&quot;sizes&quot;:[]},&quot;cards_row_gap_mobile&quot;:{&quot;unit&quot;:&quot;px&quot;,&quot;size&quot;:&quot;&quot;,&quot;sizes&quot;:[]},&quot;load_more_spinner&quot;:{&quot;value&quot;:&quot;fas fa-spinner&quot;,&quot;library&quot;:&quot;fa-solid&quot;}}\" data-widget_type=\"posts.cards\">\n\t\t\t\t<div class=\"elementor-widget-container\">\n\t\t\t\t\t<div id=\"news\" class=\"filter-buttons\">\n        <div class=\"elementor-element elementor-widget elementor-widget-button\">\r\n            <div class=\"elementor-widget-container\">\r\n                <div class=\"elementor-button-wrapper\">\r\n                    <a href=\"https:\/\/kvg-bus.de\/stade\/es\/mobilitaet\/aktuelle-stoerungen\/?term=harburg&scroll-into=news\"\r\n                       class=\"elementor-button-link elementor-button elementor-size-sm\"\r\n                       >\r\n                        <span class=\"elementor-button-content-wrapper\">\r\n                            <span class=\"elementor-button-text\">Harburg<\/span>\r\n                        <\/span>\r\n                    <\/a>\r\n                <\/div>\r\n            <\/div>\r\n        <\/div>\r\n            <div class=\"elementor-element elementor-widget elementor-widget-button\">\r\n            <div class=\"elementor-widget-container\">\r\n                <div class=\"elementor-button-wrapper\">\r\n                    <a href=\"https:\/\/kvg-bus.de\/stade\/es\/mobilitaet\/aktuelle-stoerungen\/?term=cuxhaven&scroll-into=news\"\r\n                       class=\"elementor-button-link elementor-button elementor-size-sm\"\r\n                       >\r\n                        <span class=\"elementor-button-content-wrapper\">\r\n                            <span class=\"elementor-button-text\">Cuxhaven<\/span>\r\n                        <\/span>\r\n                    <\/a>\r\n                <\/div>\r\n            <\/div>\r\n        <\/div>\r\n            <div class=\"elementor-element elementor-widget elementor-widget-button\">\r\n            <div class=\"elementor-widget-container\">\r\n                <div class=\"elementor-button-wrapper\">\r\n                    <a href=\"https:\/\/kvg-bus.de\/stade\/es\/mobilitaet\/aktuelle-stoerungen\/?term=heidekreis&scroll-into=news\"\r\n                       class=\"elementor-button-link elementor-button elementor-size-sm\"\r\n                       >\r\n                        <span class=\"elementor-button-content-wrapper\">\r\n                            <span class=\"elementor-button-text\">Distrito de Heath<\/span>\r\n                        <\/span>\r\n                    <\/a>\r\n                <\/div>\r\n            <\/div>\r\n        <\/div>\r\n            <div class=\"elementor-element elementor-widget elementor-widget-button\">\r\n            <div class=\"elementor-widget-container\">\r\n                <div class=\"elementor-button-wrapper\">\r\n                    <a href=\"https:\/\/kvg-bus.de\/stade\/es\/mobilitaet\/aktuelle-stoerungen\/?term=stade&scroll-into=news\"\r\n                       class=\"elementor-button-link elementor-button elementor-size-sm\"\r\n                       >\r\n                        <span class=\"elementor-button-content-wrapper\">\r\n                            <span class=\"elementor-button-text\">Estadio<\/span>\r\n                        <\/span>\r\n                    <\/a>\r\n                <\/div>\r\n            <\/div>\r\n        <\/div>\r\n            <div class=\"elementor-element elementor-widget elementor-widget-button\">\r\n            <div class=\"elementor-widget-container\">\r\n                <div class=\"elementor-button-wrapper\">\r\n                    <a href=\"https:\/\/kvg-bus.de\/stade\/es\/mobilitaet\/aktuelle-stoerungen\/?term=fahrplanabweichungen&scroll-into=news\"\r\n                       class=\"elementor-button-link elementor-button elementor-size-sm\"\r\n                       >\r\n                        <span class=\"elementor-button-content-wrapper\">\r\n                            <span class=\"elementor-button-text\">Desviaciones horarias<\/span>\r\n                        <\/span>\r\n                    <\/a>\r\n                <\/div>\r\n            <\/div>\r\n        <\/div>\r\n    <\/div>\n\t\t<div class=\"elementor-posts-container elementor-posts elementor-posts--skin-cards elementor-grid\" role=\"list\">\n\t\t\t\t<article class=\"elementor-post elementor-grid-item post-4457 post type-post status-publish format-standard has-post-thumbnail hentry category-stade category-fahrplanabweichungen\" role=\"listitem\">\n\t\t\t<div class=\"elementor-post__card\">\n\t\t\t\t<a class=\"elementor-post__thumbnail__link\" href=\"https:\/\/kvg-bus.de\/stade\/es\/linien-2104-2114-und-4681-bauarbeiten-in-ovelgoenne-05-05-05-06-2026-2\/\" tabindex=\"-1\" ><div class=\"elementor-post__thumbnail\"><img fetchpriority=\"high\" decoding=\"async\" width=\"512\" height=\"171\" src=\"https:\/\/kvg-bus.de\/stade\/wp-content\/uploads\/sites\/14\/header-subsite_stoerungen-512x171.png\" class=\"attachment-medium size-medium wp-image-2753\" alt=\"\" srcset=\"https:\/\/kvg-bus.de\/stade\/wp-content\/uploads\/sites\/14\/header-subsite_stoerungen-512x171.png 512w, https:\/\/kvg-bus.de\/stade\/wp-content\/uploads\/sites\/14\/header-subsite_stoerungen-1024x341.png 1024w, https:\/\/kvg-bus.de\/stade\/wp-content\/uploads\/sites\/14\/header-subsite_stoerungen-768x256.png 768w, https:\/\/kvg-bus.de\/stade\/wp-content\/uploads\/sites\/14\/header-subsite_stoerungen-1536x512.png 1536w, https:\/\/kvg-bus.de\/stade\/wp-content\/uploads\/sites\/14\/header-subsite_stoerungen-18x6.png 18w, https:\/\/kvg-bus.de\/stade\/wp-content\/uploads\/sites\/14\/header-subsite_stoerungen.png 1920w\" sizes=\"(max-width: 512px) 100vw, 512px\" \/><\/div><\/a>\n\t\t\t\t<div class=\"elementor-post__badge\">Estadio<\/div>\n\t\t\t\t<div class=\"elementor-post__text\">\n\t\t\t\t<h3 class=\"elementor-post__title\">\n\t\t\t<a href=\"https:\/\/kvg-bus.de\/stade\/es\/linien-2104-2114-und-4681-bauarbeiten-in-ovelgoenne-05-05-05-06-2026-2\/\" >\n\t\t\t\tL\u00ednea 2113 | Evento en Neukloster: 19.05. - 26.05.2026\t\t\t<\/a>\n\t\t<\/h3>\n\t\t\t\t<div class=\"elementor-post__excerpt\">\n\t\t\t<p>Del 19 de mayo de 2026 al 26 de mayo de 2026, a las 03:00 horas.<\/p>\n\t\t<\/div>\n\t\t\n\t\t<a class=\"elementor-post__read-more\" href=\"https:\/\/kvg-bus.de\/stade\/es\/linien-2104-2114-und-4681-bauarbeiten-in-ovelgoenne-05-05-05-06-2026-2\/\" aria-label=\"M\u00e1s informaci\u00f3n sobre Linie 2113 | Veranstaltung in Neukloster: 19.05. \u2013 26.05.2026\" tabindex=\"-1\" >\n\t\t\tLeer m\u00e1s \"\t\t<\/a>\n\n\t\t\t\t<\/div>\n\t\t\t\t\t<\/div>\n\t\t<\/article>\n\t\t\t\t<article class=\"elementor-post elementor-grid-item post-4456 post type-post status-publish format-standard has-post-thumbnail hentry category-harburg category-stade category-fahrplanabweichungen\" role=\"listitem\">\n\t\t\t<div class=\"elementor-post__card\">\n\t\t\t\t<a class=\"elementor-post__thumbnail__link\" href=\"https:\/\/kvg-bus.de\/stade\/es\/linien-2104-2114-und-4681-bauarbeiten-in-ovelgoenne-05-05-05-06-2026\/\" tabindex=\"-1\" ><div class=\"elementor-post__thumbnail\"><img fetchpriority=\"high\" decoding=\"async\" width=\"512\" height=\"171\" src=\"https:\/\/kvg-bus.de\/stade\/wp-content\/uploads\/sites\/14\/header-subsite_stoerungen-512x171.png\" class=\"attachment-medium size-medium wp-image-2753\" alt=\"\" srcset=\"https:\/\/kvg-bus.de\/stade\/wp-content\/uploads\/sites\/14\/header-subsite_stoerungen-512x171.png 512w, https:\/\/kvg-bus.de\/stade\/wp-content\/uploads\/sites\/14\/header-subsite_stoerungen-1024x341.png 1024w, https:\/\/kvg-bus.de\/stade\/wp-content\/uploads\/sites\/14\/header-subsite_stoerungen-768x256.png 768w, https:\/\/kvg-bus.de\/stade\/wp-content\/uploads\/sites\/14\/header-subsite_stoerungen-1536x512.png 1536w, https:\/\/kvg-bus.de\/stade\/wp-content\/uploads\/sites\/14\/header-subsite_stoerungen-18x6.png 18w, https:\/\/kvg-bus.de\/stade\/wp-content\/uploads\/sites\/14\/header-subsite_stoerungen.png 1920w\" sizes=\"(max-width: 512px) 100vw, 512px\" \/><\/div><\/a>\n\t\t\t\t<div class=\"elementor-post__badge\">Harburg<\/div>\n\t\t\t\t<div class=\"elementor-post__text\">\n\t\t\t\t<h3 class=\"elementor-post__title\">\n\t\t\t<a href=\"https:\/\/kvg-bus.de\/stade\/es\/linien-2104-2114-und-4681-bauarbeiten-in-ovelgoenne-05-05-05-06-2026\/\" >\n\t\t\t\tL\u00edneas 2104, 2114 y 4681 | Obras en Ovelg\u00f6nne: 05.05. - 05.06.2026\t\t\t<\/a>\n\t\t<\/h3>\n\t\t\t\t<div class=\"elementor-post__excerpt\">\n\t\t\t<p>Del 05 de mayo de 2026 al 05 de junio de 2026, el<\/p>\n\t\t<\/div>\n\t\t\n\t\t<a class=\"elementor-post__read-more\" href=\"https:\/\/kvg-bus.de\/stade\/es\/linien-2104-2114-und-4681-bauarbeiten-in-ovelgoenne-05-05-05-06-2026\/\" aria-label=\"M\u00e1s informaci\u00f3n sobre Linien 2104, 2114 und 4681 | Bauarbeiten in Ovelg\u00f6nne: 05.05. \u2013 05.06.2026\" tabindex=\"-1\" >\n\t\t\tLeer m\u00e1s \"\t\t<\/a>\n\n\t\t\t\t<\/div>\n\t\t\t\t\t<\/div>\n\t\t<\/article>\n\t\t\t\t<article class=\"elementor-post elementor-grid-item post-4453 post type-post status-publish format-standard has-post-thumbnail hentry category-stade category-fahrplanabweichungen\" role=\"listitem\">\n\t\t\t<div class=\"elementor-post__card\">\n\t\t\t\t<a class=\"elementor-post__thumbnail__link\" href=\"https:\/\/kvg-bus.de\/stade\/es\/linien-2018-2027-2028-2093-2094-2096-2721-und-2927-bauarbeiten-in-oldendorf-04-05-23-12-2026\/\" tabindex=\"-1\" ><div class=\"elementor-post__thumbnail\"><img fetchpriority=\"high\" decoding=\"async\" width=\"512\" height=\"171\" src=\"https:\/\/kvg-bus.de\/stade\/wp-content\/uploads\/sites\/14\/header-subsite_stoerungen-512x171.png\" class=\"attachment-medium size-medium wp-image-2753\" alt=\"\" srcset=\"https:\/\/kvg-bus.de\/stade\/wp-content\/uploads\/sites\/14\/header-subsite_stoerungen-512x171.png 512w, https:\/\/kvg-bus.de\/stade\/wp-content\/uploads\/sites\/14\/header-subsite_stoerungen-1024x341.png 1024w, https:\/\/kvg-bus.de\/stade\/wp-content\/uploads\/sites\/14\/header-subsite_stoerungen-768x256.png 768w, https:\/\/kvg-bus.de\/stade\/wp-content\/uploads\/sites\/14\/header-subsite_stoerungen-1536x512.png 1536w, https:\/\/kvg-bus.de\/stade\/wp-content\/uploads\/sites\/14\/header-subsite_stoerungen-18x6.png 18w, https:\/\/kvg-bus.de\/stade\/wp-content\/uploads\/sites\/14\/header-subsite_stoerungen.png 1920w\" sizes=\"(max-width: 512px) 100vw, 512px\" \/><\/div><\/a>\n\t\t\t\t<div class=\"elementor-post__badge\">Estadio<\/div>\n\t\t\t\t<div class=\"elementor-post__text\">\n\t\t\t\t<h3 class=\"elementor-post__title\">\n\t\t\t<a href=\"https:\/\/kvg-bus.de\/stade\/es\/linien-2018-2027-2028-2093-2094-2096-2721-und-2927-bauarbeiten-in-oldendorf-04-05-23-12-2026\/\" >\n\t\t\t\tL\u00edneas 2018, 2027, 2028, 2093, 2094, 2096, 2721 y 2927 | Obras en Oldendorf: 04.05. - 23.12.2026\t\t\t<\/a>\n\t\t<\/h3>\n\t\t\t\t<div class=\"elementor-post__excerpt\">\n\t\t\t<p>Del 04 de mayo de 2026 al 23 de diciembre de 2026, el<\/p>\n\t\t<\/div>\n\t\t\n\t\t<a class=\"elementor-post__read-more\" href=\"https:\/\/kvg-bus.de\/stade\/es\/linien-2018-2027-2028-2093-2094-2096-2721-und-2927-bauarbeiten-in-oldendorf-04-05-23-12-2026\/\" aria-label=\"M\u00e1s informaci\u00f3n sobre Linien 2018, 2027, 2028, 2093, 2094, 2096, 2721 und 2927 | Bauarbeiten in Oldendorf: 04.05. \u2013 23.12.2026\" tabindex=\"-1\" >\n\t\t\tLeer m\u00e1s \"\t\t<\/a>\n\n\t\t\t\t<\/div>\n\t\t\t\t\t<\/div>\n\t\t<\/article>\n\t\t\t\t<article class=\"elementor-post elementor-grid-item post-4452 post type-post status-publish format-standard has-post-thumbnail hentry category-stade category-fahrplanabweichungen\" role=\"listitem\">\n\t\t\t<div class=\"elementor-post__card\">\n\t\t\t\t<a class=\"elementor-post__thumbnail__link\" href=\"https:\/\/kvg-bus.de\/stade\/es\/linien-2060-2365-und-2726-bauarbeiten-in-harsefeld-09-05-11-05-2026\/\" tabindex=\"-1\" ><div class=\"elementor-post__thumbnail\"><img fetchpriority=\"high\" decoding=\"async\" width=\"512\" height=\"171\" src=\"https:\/\/kvg-bus.de\/stade\/wp-content\/uploads\/sites\/14\/header-subsite_stoerungen-512x171.png\" class=\"attachment-medium size-medium wp-image-2753\" alt=\"\" srcset=\"https:\/\/kvg-bus.de\/stade\/wp-content\/uploads\/sites\/14\/header-subsite_stoerungen-512x171.png 512w, https:\/\/kvg-bus.de\/stade\/wp-content\/uploads\/sites\/14\/header-subsite_stoerungen-1024x341.png 1024w, https:\/\/kvg-bus.de\/stade\/wp-content\/uploads\/sites\/14\/header-subsite_stoerungen-768x256.png 768w, https:\/\/kvg-bus.de\/stade\/wp-content\/uploads\/sites\/14\/header-subsite_stoerungen-1536x512.png 1536w, https:\/\/kvg-bus.de\/stade\/wp-content\/uploads\/sites\/14\/header-subsite_stoerungen-18x6.png 18w, https:\/\/kvg-bus.de\/stade\/wp-content\/uploads\/sites\/14\/header-subsite_stoerungen.png 1920w\" sizes=\"(max-width: 512px) 100vw, 512px\" \/><\/div><\/a>\n\t\t\t\t<div class=\"elementor-post__badge\">Estadio<\/div>\n\t\t\t\t<div class=\"elementor-post__text\">\n\t\t\t\t<h3 class=\"elementor-post__title\">\n\t\t\t<a href=\"https:\/\/kvg-bus.de\/stade\/es\/linien-2060-2365-und-2726-bauarbeiten-in-harsefeld-09-05-11-05-2026\/\" >\n\t\t\t\tL\u00edneas 2060, 2365 y 2726 | Obras en Harsefeld: 09.05. - 11.05.2026\t\t\t<\/a>\n\t\t<\/h3>\n\t\t\t\t<div class=\"elementor-post__excerpt\">\n\t\t\t<p>Del 09 de mayo de 2026, 20:00 al 11 de mayo de 2026,<\/p>\n\t\t<\/div>\n\t\t\n\t\t<a class=\"elementor-post__read-more\" href=\"https:\/\/kvg-bus.de\/stade\/es\/linien-2060-2365-und-2726-bauarbeiten-in-harsefeld-09-05-11-05-2026\/\" aria-label=\"M\u00e1s informaci\u00f3n sobre Linien 2060, 2365 und 2726 | Bauarbeiten in Harsefeld: 09.05. \u2013 11.05.2026\" tabindex=\"-1\" >\n\t\t\tLeer m\u00e1s \"\t\t<\/a>\n\n\t\t\t\t<\/div>\n\t\t\t\t\t<\/div>\n\t\t<\/article>\n\t\t\t\t<article class=\"elementor-post elementor-grid-item post-4433 post type-post status-publish format-standard has-post-thumbnail hentry category-harburg category-fahrplanabweichungen\" role=\"listitem\">\n\t\t\t<div class=\"elementor-post__card\">\n\t\t\t\t<a class=\"elementor-post__thumbnail__link\" href=\"https:\/\/kvg-bus.de\/stade\/es\/linien-4408-4611-und-4631-bauarbeiten-in-asendorf-28-04-2026\/\" tabindex=\"-1\" ><div class=\"elementor-post__thumbnail\"><img fetchpriority=\"high\" decoding=\"async\" width=\"512\" height=\"171\" src=\"https:\/\/kvg-bus.de\/stade\/wp-content\/uploads\/sites\/14\/header-subsite_stoerungen-512x171.png\" class=\"attachment-medium size-medium wp-image-2753\" alt=\"\" srcset=\"https:\/\/kvg-bus.de\/stade\/wp-content\/uploads\/sites\/14\/header-subsite_stoerungen-512x171.png 512w, https:\/\/kvg-bus.de\/stade\/wp-content\/uploads\/sites\/14\/header-subsite_stoerungen-1024x341.png 1024w, https:\/\/kvg-bus.de\/stade\/wp-content\/uploads\/sites\/14\/header-subsite_stoerungen-768x256.png 768w, https:\/\/kvg-bus.de\/stade\/wp-content\/uploads\/sites\/14\/header-subsite_stoerungen-1536x512.png 1536w, https:\/\/kvg-bus.de\/stade\/wp-content\/uploads\/sites\/14\/header-subsite_stoerungen-18x6.png 18w, https:\/\/kvg-bus.de\/stade\/wp-content\/uploads\/sites\/14\/header-subsite_stoerungen.png 1920w\" sizes=\"(max-width: 512px) 100vw, 512px\" \/><\/div><\/a>\n\t\t\t\t<div class=\"elementor-post__badge\">Harburg<\/div>\n\t\t\t\t<div class=\"elementor-post__text\">\n\t\t\t\t<h3 class=\"elementor-post__title\">\n\t\t\t<a href=\"https:\/\/kvg-bus.de\/stade\/es\/linien-4408-4611-und-4631-bauarbeiten-in-asendorf-28-04-2026\/\" >\n\t\t\t\tL\u00edneas 4408, 4611 y 4631 | Obras en Asendorf: 28.04.2026\t\t\t<\/a>\n\t\t<\/h3>\n\t\t\t\t<div class=\"elementor-post__excerpt\">\n\t\t\t<p>El 28 de abril de 2026 entre las 09:00 y las 18:00<\/p>\n\t\t<\/div>\n\t\t\n\t\t<a class=\"elementor-post__read-more\" href=\"https:\/\/kvg-bus.de\/stade\/es\/linien-4408-4611-und-4631-bauarbeiten-in-asendorf-28-04-2026\/\" aria-label=\"M\u00e1s informaci\u00f3n sobre Linien 4408, 4611 und 4631 | Bauarbeiten in Asendorf: 28.04.2026\" tabindex=\"-1\" >\n\t\t\tLeer m\u00e1s \"\t\t<\/a>\n\n\t\t\t\t<\/div>\n\t\t\t\t\t<\/div>\n\t\t<\/article>\n\t\t\t\t<article class=\"elementor-post elementor-grid-item post-4432 post type-post status-publish format-standard has-post-thumbnail hentry category-harburg category-fahrplanabweichungen\" role=\"listitem\">\n\t\t\t<div class=\"elementor-post__card\">\n\t\t\t\t<a class=\"elementor-post__thumbnail__link\" href=\"https:\/\/kvg-bus.de\/stade\/es\/linien-149-248-647-4000-4001-4002-4207-4404-4406-4407-4408-4410-und-4705-bauarbeiten-bahnstrecke-hamburg-hannover-01-05-10-07-2026-3\/\" tabindex=\"-1\" ><div class=\"elementor-post__thumbnail\"><img fetchpriority=\"high\" decoding=\"async\" width=\"512\" height=\"171\" src=\"https:\/\/kvg-bus.de\/stade\/wp-content\/uploads\/sites\/14\/header-subsite_stoerungen-512x171.png\" class=\"attachment-medium size-medium wp-image-2753\" alt=\"\" srcset=\"https:\/\/kvg-bus.de\/stade\/wp-content\/uploads\/sites\/14\/header-subsite_stoerungen-512x171.png 512w, https:\/\/kvg-bus.de\/stade\/wp-content\/uploads\/sites\/14\/header-subsite_stoerungen-1024x341.png 1024w, https:\/\/kvg-bus.de\/stade\/wp-content\/uploads\/sites\/14\/header-subsite_stoerungen-768x256.png 768w, https:\/\/kvg-bus.de\/stade\/wp-content\/uploads\/sites\/14\/header-subsite_stoerungen-1536x512.png 1536w, https:\/\/kvg-bus.de\/stade\/wp-content\/uploads\/sites\/14\/header-subsite_stoerungen-18x6.png 18w, https:\/\/kvg-bus.de\/stade\/wp-content\/uploads\/sites\/14\/header-subsite_stoerungen.png 1920w\" sizes=\"(max-width: 512px) 100vw, 512px\" \/><\/div><\/a>\n\t\t\t\t<div class=\"elementor-post__badge\">Harburg<\/div>\n\t\t\t\t<div class=\"elementor-post__text\">\n\t\t\t\t<h3 class=\"elementor-post__title\">\n\t\t\t<a href=\"https:\/\/kvg-bus.de\/stade\/es\/linien-149-248-647-4000-4001-4002-4207-4404-4406-4407-4408-4410-und-4705-bauarbeiten-bahnstrecke-hamburg-hannover-01-05-10-07-2026-3\/\" >\n\t\t\t\tL\u00edneas 4148, 4200 y 4210 | Obras en Hamburgo-Harburgo: 27.04. - 28.04.2026 y 02.06. - 03.06.2026\t\t\t<\/a>\n\t\t<\/h3>\n\t\t\t\t<div class=\"elementor-post__excerpt\">\n\t\t\t<p>Del 27 de abril de 2026, de las 22:00 al 28 de abril de 2026,<\/p>\n\t\t<\/div>\n\t\t\n\t\t<a class=\"elementor-post__read-more\" href=\"https:\/\/kvg-bus.de\/stade\/es\/linien-149-248-647-4000-4001-4002-4207-4404-4406-4407-4408-4410-und-4705-bauarbeiten-bahnstrecke-hamburg-hannover-01-05-10-07-2026-3\/\" aria-label=\"M\u00e1s informaci\u00f3n sobre Linien 4148, 4200 und 4210 | Bauarbeiten in Hamburg-Harburg: 27.04. \u2013 28.04.2026 und 02.06. \u2013 03.06.2026\" tabindex=\"-1\" >\n\t\t\tLeer m\u00e1s \"\t\t<\/a>\n\n\t\t\t\t<\/div>\n\t\t\t\t\t<\/div>\n\t\t<\/article>\n\t\t\t\t<article class=\"elementor-post elementor-grid-item post-4430 post type-post status-publish format-standard has-post-thumbnail hentry category-harburg category-fahrplanabweichungen\" role=\"listitem\">\n\t\t\t<div class=\"elementor-post__card\">\n\t\t\t\t<a class=\"elementor-post__thumbnail__link\" href=\"https:\/\/kvg-bus.de\/stade\/es\/linien-149-248-647-4000-4001-4002-4207-4404-4406-4407-4408-4410-und-4705-bauarbeiten-bahnstrecke-hamburg-hannover-01-05-10-07-2026\/\" tabindex=\"-1\" ><div class=\"elementor-post__thumbnail\"><img fetchpriority=\"high\" decoding=\"async\" width=\"512\" height=\"171\" src=\"https:\/\/kvg-bus.de\/stade\/wp-content\/uploads\/sites\/14\/header-subsite_stoerungen-512x171.png\" class=\"attachment-medium size-medium wp-image-2753\" alt=\"\" srcset=\"https:\/\/kvg-bus.de\/stade\/wp-content\/uploads\/sites\/14\/header-subsite_stoerungen-512x171.png 512w, https:\/\/kvg-bus.de\/stade\/wp-content\/uploads\/sites\/14\/header-subsite_stoerungen-1024x341.png 1024w, https:\/\/kvg-bus.de\/stade\/wp-content\/uploads\/sites\/14\/header-subsite_stoerungen-768x256.png 768w, https:\/\/kvg-bus.de\/stade\/wp-content\/uploads\/sites\/14\/header-subsite_stoerungen-1536x512.png 1536w, https:\/\/kvg-bus.de\/stade\/wp-content\/uploads\/sites\/14\/header-subsite_stoerungen-18x6.png 18w, https:\/\/kvg-bus.de\/stade\/wp-content\/uploads\/sites\/14\/header-subsite_stoerungen.png 1920w\" sizes=\"(max-width: 512px) 100vw, 512px\" \/><\/div><\/a>\n\t\t\t\t<div class=\"elementor-post__badge\">Harburg<\/div>\n\t\t\t\t<div class=\"elementor-post__text\">\n\t\t\t\t<h3 class=\"elementor-post__title\">\n\t\t\t<a href=\"https:\/\/kvg-bus.de\/stade\/es\/linien-149-248-647-4000-4001-4002-4207-4404-4406-4407-4408-4410-und-4705-bauarbeiten-bahnstrecke-hamburg-hannover-01-05-10-07-2026\/\" >\n\t\t\t\tL\u00edneas 149, 248, 647, 4000, 4001, 4002, 4207, 4404, 4406, 4407, 4408, 4410 y 4705 | Obras de construcci\u00f3n de la l\u00ednea ferroviaria Hamburgo - Hannover: 01\/05 - 10\/07\/2026\t\t\t<\/a>\n\t\t<\/h3>\n\t\t\t\t<div class=\"elementor-post__excerpt\">\n\t\t\t<p>Del 1 de mayo de 2026 al 10 de julio de 2026, en el<\/p>\n\t\t<\/div>\n\t\t\n\t\t<a class=\"elementor-post__read-more\" href=\"https:\/\/kvg-bus.de\/stade\/es\/linien-149-248-647-4000-4001-4002-4207-4404-4406-4407-4408-4410-und-4705-bauarbeiten-bahnstrecke-hamburg-hannover-01-05-10-07-2026\/\" aria-label=\"M\u00e1s informaci\u00f3n sobre Linien 149, 248, 647, 4000, 4001, 4002, 4207, 4404, 4406, 4407, 4408, 4410 und 4705 | Bauarbeiten Bahnstrecke Hamburg\u2013Hannover: 01.05. \u2013 10.07.2026\" tabindex=\"-1\" >\n\t\t\tLeer m\u00e1s \"\t\t<\/a>\n\n\t\t\t\t<\/div>\n\t\t\t\t\t<\/div>\n\t\t<\/article>\n\t\t\t\t<article class=\"elementor-post elementor-grid-item post-4409 post type-post status-publish format-standard has-post-thumbnail hentry category-harburg category-fahrplanabweichungen\" role=\"listitem\">\n\t\t\t<div class=\"elementor-post__card\">\n\t\t\t\t<a class=\"elementor-post__thumbnail__link\" href=\"https:\/\/kvg-bus.de\/stade\/es\/linien-4200-4210-4605-4620-und-4608-bauarbeiten-in-iddensen-11-05-26-06-2026\/\" tabindex=\"-1\" ><div class=\"elementor-post__thumbnail\"><img fetchpriority=\"high\" decoding=\"async\" width=\"512\" height=\"171\" src=\"https:\/\/kvg-bus.de\/stade\/wp-content\/uploads\/sites\/14\/header-subsite_stoerungen-512x171.png\" class=\"attachment-medium size-medium wp-image-2753\" alt=\"\" srcset=\"https:\/\/kvg-bus.de\/stade\/wp-content\/uploads\/sites\/14\/header-subsite_stoerungen-512x171.png 512w, https:\/\/kvg-bus.de\/stade\/wp-content\/uploads\/sites\/14\/header-subsite_stoerungen-1024x341.png 1024w, https:\/\/kvg-bus.de\/stade\/wp-content\/uploads\/sites\/14\/header-subsite_stoerungen-768x256.png 768w, https:\/\/kvg-bus.de\/stade\/wp-content\/uploads\/sites\/14\/header-subsite_stoerungen-1536x512.png 1536w, https:\/\/kvg-bus.de\/stade\/wp-content\/uploads\/sites\/14\/header-subsite_stoerungen-18x6.png 18w, https:\/\/kvg-bus.de\/stade\/wp-content\/uploads\/sites\/14\/header-subsite_stoerungen.png 1920w\" sizes=\"(max-width: 512px) 100vw, 512px\" \/><\/div><\/a>\n\t\t\t\t<div class=\"elementor-post__badge\">Harburg<\/div>\n\t\t\t\t<div class=\"elementor-post__text\">\n\t\t\t\t<h3 class=\"elementor-post__title\">\n\t\t\t<a href=\"https:\/\/kvg-bus.de\/stade\/es\/linien-4200-4210-4605-4620-und-4608-bauarbeiten-in-iddensen-11-05-26-06-2026\/\" >\n\t\t\t\tL\u00edneas 4200, 4210, 4605, 4620 y 4608 | Obras en Iddensen: 11.05. - 26.06.2026\t\t\t<\/a>\n\t\t<\/h3>\n\t\t\t\t<div class=\"elementor-post__excerpt\">\n\t\t\t<p>Del 11 de mayo de 2026 al 26 de junio de 2026, el<\/p>\n\t\t<\/div>\n\t\t\n\t\t<a class=\"elementor-post__read-more\" href=\"https:\/\/kvg-bus.de\/stade\/es\/linien-4200-4210-4605-4620-und-4608-bauarbeiten-in-iddensen-11-05-26-06-2026\/\" aria-label=\"M\u00e1s informaci\u00f3n sobre Linien 4200, 4210, 4605, 4620 und 4608 | Bauarbeiten in Iddensen: 11.05. \u2013 26.06.2026\" tabindex=\"-1\" >\n\t\t\tLeer m\u00e1s \"\t\t<\/a>\n\n\t\t\t\t<\/div>\n\t\t\t\t\t<\/div>\n\t\t<\/article>\n\t\t\t\t<article class=\"elementor-post elementor-grid-item post-4406 post type-post status-publish format-standard has-post-thumbnail hentry category-cuxhaven category-fahrplanabweichungen\" role=\"listitem\">\n\t\t\t<div class=\"elementor-post__card\">\n\t\t\t\t<a class=\"elementor-post__thumbnail__link\" href=\"https:\/\/kvg-bus.de\/stade\/es\/linien-1002-1007-1008-1010-1014-1020-1021-1023-1024-und-1027-bauarbeiten-in-cuxhaven-27-04-12-06-2026-2\/\" tabindex=\"-1\" ><div class=\"elementor-post__thumbnail\"><img fetchpriority=\"high\" decoding=\"async\" width=\"512\" height=\"171\" src=\"https:\/\/kvg-bus.de\/stade\/wp-content\/uploads\/sites\/14\/header-subsite_stoerungen-512x171.png\" class=\"attachment-medium size-medium wp-image-2753\" alt=\"\" srcset=\"https:\/\/kvg-bus.de\/stade\/wp-content\/uploads\/sites\/14\/header-subsite_stoerungen-512x171.png 512w, https:\/\/kvg-bus.de\/stade\/wp-content\/uploads\/sites\/14\/header-subsite_stoerungen-1024x341.png 1024w, https:\/\/kvg-bus.de\/stade\/wp-content\/uploads\/sites\/14\/header-subsite_stoerungen-768x256.png 768w, https:\/\/kvg-bus.de\/stade\/wp-content\/uploads\/sites\/14\/header-subsite_stoerungen-1536x512.png 1536w, https:\/\/kvg-bus.de\/stade\/wp-content\/uploads\/sites\/14\/header-subsite_stoerungen-18x6.png 18w, https:\/\/kvg-bus.de\/stade\/wp-content\/uploads\/sites\/14\/header-subsite_stoerungen.png 1920w\" sizes=\"(max-width: 512px) 100vw, 512px\" \/><\/div><\/a>\n\t\t\t\t<div class=\"elementor-post__badge\">Cuxhaven<\/div>\n\t\t\t\t<div class=\"elementor-post__text\">\n\t\t\t\t<h3 class=\"elementor-post__title\">\n\t\t\t<a href=\"https:\/\/kvg-bus.de\/stade\/es\/linien-1002-1007-1008-1010-1014-1020-1021-1023-1024-und-1027-bauarbeiten-in-cuxhaven-27-04-12-06-2026-2\/\" >\n\t\t\t\tL\u00ednea 1046 | Obras en Lamstedt: 30.04. - 23.12.2026\t\t\t<\/a>\n\t\t<\/h3>\n\t\t\t\t<div class=\"elementor-post__excerpt\">\n\t\t\t<p>Desde el 30 de abril de 2026 hasta el 23 de diciembre de 2026, el<\/p>\n\t\t<\/div>\n\t\t\n\t\t<a class=\"elementor-post__read-more\" href=\"https:\/\/kvg-bus.de\/stade\/es\/linien-1002-1007-1008-1010-1014-1020-1021-1023-1024-und-1027-bauarbeiten-in-cuxhaven-27-04-12-06-2026-2\/\" aria-label=\"M\u00e1s informaci\u00f3n sobre Linie 1046 | Bauarbeiten in Lamstedt: 30.04. \u2013 23.12.2026\" tabindex=\"-1\" >\n\t\t\tLeer m\u00e1s \"\t\t<\/a>\n\n\t\t\t\t<\/div>\n\t\t\t\t\t<\/div>\n\t\t<\/article>\n\t\t\t\t<\/div>\n\t\t\t\t\t<span class=\"e-load-more-spinner\">\n\t\t\t\t<i aria-hidden=\"true\" class=\"fas fa-spinner\"><\/i>\t\t\t<\/span>\n\t\t\n\t\t\t\t<div class=\"e-load-more-anchor\" data-page=\"1\" data-max-page=\"5\" data-next-page=\"https:\/\/kvg-bus.de\/stade\/es\/wp-json\/wp\/v2\/pages\/1323\/page\/2\/\"><\/div>\n\t\t\t\t<div class=\"e-load-more-message\"><\/div>\n\t\t\t\t\t\t<\/div>\n\t\t\t\t<\/div>\n\t\t\t\t\t<\/div>\n\t\t\t\t<\/div>\n\t\t<div class=\"elementor-element elementor-element-b774eb7 e-flex e-con-boxed wpr-particle-no wpr-jarallax-no wpr-parallax-no wpr-sticky-section-no wpr-equal-height-no e-con e-parent\" data-id=\"b774eb7\" data-element_type=\"container\" data-e-type=\"container\">\n\t\t\t\t\t<div class=\"e-con-inner\">\n\t\t\t\t<div class=\"elementor-element elementor-element-cca8ff5 elementor-widget elementor-widget-spacer\" data-id=\"cca8ff5\" data-element_type=\"widget\" data-e-type=\"widget\" data-widget_type=\"spacer.default\">\n\t\t\t\t<div class=\"elementor-widget-container\">\n\t\t\t\t\t\t\t<div class=\"elementor-spacer\">\n\t\t\t<div class=\"elementor-spacer-inner\"><\/div>\n\t\t<\/div>\n\t\t\t\t\t\t<\/div>\n\t\t\t\t<\/div>\n\t\t\t\t\t<\/div>\n\t\t\t\t<\/div>\n\t\t\t\t<\/div>","protected":false},"excerpt":{"rendered":"<p>INTERRUPCIONES ACTUALES Seleccione ahora su regi\u00f3n y reciba todas las interrupciones actuales.<\/p>","protected":false},"author":1,"featured_media":1462,"parent":408,"menu_order":22,"comment_status":"closed","ping_status":"closed","template":"","meta":{"footnotes":""},"class_list":["post-1323","page","type-page","status-publish","has-post-thumbnail","hentry"],"yoast_head":"<!-- This site is optimized with the Yoast SEO plugin v27.4 - https:\/\/yoast.com\/product\/yoast-seo-wordpress\/ -->\n<title>Aktuelle St\u00f6rungen - KVG Stade<\/title>\n<meta name=\"robots\" content=\"index, follow, max-snippet:-1, max-image-preview:large, max-video-preview:-1\" \/>\n<link rel=\"canonical\" href=\"https:\/\/kvg-bus.de\/stade\/movilidad\/fallos-actuales\/\" \/>\n<meta property=\"og:locale\" content=\"es_ES\" \/>\n<meta property=\"og:type\" content=\"article\" \/>\n<meta property=\"og:title\" content=\"Aktuelle St\u00f6rungen - KVG Stade\" \/>\n<meta property=\"og:description\" content=\"AKTUELLE ST\u00d6RUNGEN W\u00e4hle jetzt deine Region und erhalte alle aktuellen St\u00f6rungen.\" \/>\n<meta property=\"og:url\" content=\"https:\/\/kvg-bus.de\/stade\/movilidad\/fallos-actuales\/\" \/>\n<meta property=\"og:site_name\" content=\"KVG Stade\" \/>\n<meta property=\"article:modified_time\" content=\"2025-07-29T13:10:17+00:00\" \/>\n<meta property=\"og:image\" content=\"https:\/\/kvg-bus.de\/stade\/wp-content\/uploads\/sites\/14\/header_bus-aufstellung-2-scaled.jpg\" \/>\n\t<meta property=\"og:image:width\" content=\"2560\" \/>\n\t<meta property=\"og:image:height\" content=\"1709\" \/>\n\t<meta property=\"og:image:type\" content=\"image\/jpeg\" \/>\n<meta name=\"twitter:card\" content=\"summary_large_image\" \/>\n<meta name=\"twitter:label1\" content=\"Tiempo de lectura\" \/>\n\t<meta name=\"twitter:data1\" content=\"6 minutos\" \/>\n<script type=\"application\/ld+json\" class=\"yoast-schema-graph\">{\"@context\":\"https:\\\/\\\/schema.org\",\"@graph\":[{\"@type\":\"WebPage\",\"@id\":\"https:\\\/\\\/kvg-bus.de\\\/stade\\\/mobilitaet\\\/aktuelle-stoerungen\\\/\",\"url\":\"https:\\\/\\\/kvg-bus.de\\\/stade\\\/mobilitaet\\\/aktuelle-stoerungen\\\/\",\"name\":\"Aktuelle St\u00f6rungen - KVG Stade\",\"isPartOf\":{\"@id\":\"https:\\\/\\\/kvg-bus.de\\\/stade\\\/#website\"},\"primaryImageOfPage\":{\"@id\":\"https:\\\/\\\/kvg-bus.de\\\/stade\\\/mobilitaet\\\/aktuelle-stoerungen\\\/#primaryimage\"},\"image\":{\"@id\":\"https:\\\/\\\/kvg-bus.de\\\/stade\\\/mobilitaet\\\/aktuelle-stoerungen\\\/#primaryimage\"},\"thumbnailUrl\":\"https:\\\/\\\/kvg-bus.de\\\/stade\\\/wp-content\\\/uploads\\\/sites\\\/14\\\/header_bus-aufstellung-2-scaled.jpg\",\"datePublished\":\"2024-08-21T13:26:37+00:00\",\"dateModified\":\"2025-07-29T13:10:17+00:00\",\"breadcrumb\":{\"@id\":\"https:\\\/\\\/kvg-bus.de\\\/stade\\\/mobilitaet\\\/aktuelle-stoerungen\\\/#breadcrumb\"},\"inLanguage\":\"es\",\"potentialAction\":[{\"@type\":\"ReadAction\",\"target\":[\"https:\\\/\\\/kvg-bus.de\\\/stade\\\/mobilitaet\\\/aktuelle-stoerungen\\\/\"]}]},{\"@type\":\"ImageObject\",\"inLanguage\":\"es\",\"@id\":\"https:\\\/\\\/kvg-bus.de\\\/stade\\\/mobilitaet\\\/aktuelle-stoerungen\\\/#primaryimage\",\"url\":\"https:\\\/\\\/kvg-bus.de\\\/stade\\\/wp-content\\\/uploads\\\/sites\\\/14\\\/header_bus-aufstellung-2-scaled.jpg\",\"contentUrl\":\"https:\\\/\\\/kvg-bus.de\\\/stade\\\/wp-content\\\/uploads\\\/sites\\\/14\\\/header_bus-aufstellung-2-scaled.jpg\",\"width\":2560,\"height\":1709},{\"@type\":\"BreadcrumbList\",\"@id\":\"https:\\\/\\\/kvg-bus.de\\\/stade\\\/mobilitaet\\\/aktuelle-stoerungen\\\/#breadcrumb\",\"itemListElement\":[{\"@type\":\"ListItem\",\"position\":1,\"name\":\"Startseite\",\"item\":\"https:\\\/\\\/kvg-bus.de\\\/stade\\\/\"},{\"@type\":\"ListItem\",\"position\":2,\"name\":\"Mobilit\u00e4t\",\"item\":\"https:\\\/\\\/kvg-bus.de\\\/stade\\\/mobilitaet\\\/\"},{\"@type\":\"ListItem\",\"position\":3,\"name\":\"Aktuelle St\u00f6rungen\"}]},{\"@type\":\"WebSite\",\"@id\":\"https:\\\/\\\/kvg-bus.de\\\/stade\\\/#website\",\"url\":\"https:\\\/\\\/kvg-bus.de\\\/stade\\\/\",\"name\":\"KVG Stade\",\"description\":\"\",\"publisher\":{\"@id\":\"https:\\\/\\\/kvg-bus.de\\\/stade\\\/#organization\"},\"potentialAction\":[{\"@type\":\"SearchAction\",\"target\":{\"@type\":\"EntryPoint\",\"urlTemplate\":\"https:\\\/\\\/kvg-bus.de\\\/stade\\\/?s={search_term_string}\"},\"query-input\":{\"@type\":\"PropertyValueSpecification\",\"valueRequired\":true,\"valueName\":\"search_term_string\"}}],\"inLanguage\":\"es\"},{\"@type\":\"Organization\",\"@id\":\"https:\\\/\\\/kvg-bus.de\\\/stade\\\/#organization\",\"name\":\"KVG Stade\",\"url\":\"https:\\\/\\\/kvg-bus.de\\\/stade\\\/\",\"logo\":{\"@type\":\"ImageObject\",\"inLanguage\":\"es\",\"@id\":\"https:\\\/\\\/kvg-bus.de\\\/stade\\\/#\\\/schema\\\/logo\\\/image\\\/\",\"url\":\"https:\\\/\\\/kvg-bus.de\\\/stade\\\/wp-content\\\/uploads\\\/sites\\\/14\\\/kvg_logo-1.svg\",\"contentUrl\":\"https:\\\/\\\/kvg-bus.de\\\/stade\\\/wp-content\\\/uploads\\\/sites\\\/14\\\/kvg_logo-1.svg\",\"width\":1322,\"height\":404,\"caption\":\"KVG Stade\"},\"image\":{\"@id\":\"https:\\\/\\\/kvg-bus.de\\\/stade\\\/#\\\/schema\\\/logo\\\/image\\\/\"}}]}<\/script>\n<!-- \/ Yoast SEO plugin. -->","yoast_head_json":{"title":"Interrupciones actuales - KVG Stade","robots":{"index":"index","follow":"follow","max-snippet":"max-snippet:-1","max-image-preview":"max-image-preview:large","max-video-preview":"max-video-preview:-1"},"canonical":"https:\/\/kvg-bus.de\/stade\/movilidad\/fallos-actuales\/","og_locale":"es_ES","og_type":"article","og_title":"Aktuelle St\u00f6rungen - KVG Stade","og_description":"AKTUELLE ST\u00d6RUNGEN W\u00e4hle jetzt deine Region und erhalte alle aktuellen St\u00f6rungen.","og_url":"https:\/\/kvg-bus.de\/stade\/movilidad\/fallos-actuales\/","og_site_name":"KVG Stade","article_modified_time":"2025-07-29T13:10:17+00:00","og_image":[{"width":2560,"height":1709,"url":"https:\/\/kvg-bus.de\/stade\/wp-content\/uploads\/sites\/14\/header_bus-aufstellung-2-scaled.jpg","type":"image\/jpeg"}],"twitter_card":"summary_large_image","twitter_misc":{"Tiempo de lectura":"6 minutos"},"schema":{"@context":"https:\/\/schema.org","@graph":[{"@type":"WebPage","@id":"https:\/\/kvg-bus.de\/stade\/mobilitaet\/aktuelle-stoerungen\/","url":"https:\/\/kvg-bus.de\/stade\/mobilitaet\/aktuelle-stoerungen\/","name":"Interrupciones actuales - KVG Stade","isPartOf":{"@id":"https:\/\/kvg-bus.de\/stade\/#website"},"primaryImageOfPage":{"@id":"https:\/\/kvg-bus.de\/stade\/mobilitaet\/aktuelle-stoerungen\/#primaryimage"},"image":{"@id":"https:\/\/kvg-bus.de\/stade\/mobilitaet\/aktuelle-stoerungen\/#primaryimage"},"thumbnailUrl":"https:\/\/kvg-bus.de\/stade\/wp-content\/uploads\/sites\/14\/header_bus-aufstellung-2-scaled.jpg","datePublished":"2024-08-21T13:26:37+00:00","dateModified":"2025-07-29T13:10:17+00:00","breadcrumb":{"@id":"https:\/\/kvg-bus.de\/stade\/mobilitaet\/aktuelle-stoerungen\/#breadcrumb"},"inLanguage":"es","potentialAction":[{"@type":"ReadAction","target":["https:\/\/kvg-bus.de\/stade\/mobilitaet\/aktuelle-stoerungen\/"]}]},{"@type":"ImageObject","inLanguage":"es","@id":"https:\/\/kvg-bus.de\/stade\/mobilitaet\/aktuelle-stoerungen\/#primaryimage","url":"https:\/\/kvg-bus.de\/stade\/wp-content\/uploads\/sites\/14\/header_bus-aufstellung-2-scaled.jpg","contentUrl":"https:\/\/kvg-bus.de\/stade\/wp-content\/uploads\/sites\/14\/header_bus-aufstellung-2-scaled.jpg","width":2560,"height":1709},{"@type":"BreadcrumbList","@id":"https:\/\/kvg-bus.de\/stade\/mobilitaet\/aktuelle-stoerungen\/#breadcrumb","itemListElement":[{"@type":"ListItem","position":1,"name":"Startseite","item":"https:\/\/kvg-bus.de\/stade\/"},{"@type":"ListItem","position":2,"name":"Mobilit\u00e4t","item":"https:\/\/kvg-bus.de\/stade\/mobilitaet\/"},{"@type":"ListItem","position":3,"name":"Aktuelle St\u00f6rungen"}]},{"@type":"WebSite","@id":"https:\/\/kvg-bus.de\/stade\/#website","url":"https:\/\/kvg-bus.de\/stade\/","name":"KVG Stade","description":"","publisher":{"@id":"https:\/\/kvg-bus.de\/stade\/#organization"},"potentialAction":[{"@type":"SearchAction","target":{"@type":"EntryPoint","urlTemplate":"https:\/\/kvg-bus.de\/stade\/?s={search_term_string}"},"query-input":{"@type":"PropertyValueSpecification","valueRequired":true,"valueName":"search_term_string"}}],"inLanguage":"es"},{"@type":"Organization","@id":"https:\/\/kvg-bus.de\/stade\/#organization","name":"KVG Stade","url":"https:\/\/kvg-bus.de\/stade\/","logo":{"@type":"ImageObject","inLanguage":"es","@id":"https:\/\/kvg-bus.de\/stade\/#\/schema\/logo\/image\/","url":"https:\/\/kvg-bus.de\/stade\/wp-content\/uploads\/sites\/14\/kvg_logo-1.svg","contentUrl":"https:\/\/kvg-bus.de\/stade\/wp-content\/uploads\/sites\/14\/kvg_logo-1.svg","width":1322,"height":404,"caption":"KVG Stade"},"image":{"@id":"https:\/\/kvg-bus.de\/stade\/#\/schema\/logo\/image\/"}}]}},"_links":{"self":[{"href":"https:\/\/kvg-bus.de\/stade\/es\/wp-json\/wp\/v2\/pages\/1323","targetHints":{"allow":["GET"]}}],"collection":[{"href":"https:\/\/kvg-bus.de\/stade\/es\/wp-json\/wp\/v2\/pages"}],"about":[{"href":"https:\/\/kvg-bus.de\/stade\/es\/wp-json\/wp\/v2\/types\/page"}],"author":[{"embeddable":true,"href":"https:\/\/kvg-bus.de\/stade\/es\/wp-json\/wp\/v2\/users\/1"}],"replies":[{"embeddable":true,"href":"https:\/\/kvg-bus.de\/stade\/es\/wp-json\/wp\/v2\/comments?post=1323"}],"version-history":[{"count":0,"href":"https:\/\/kvg-bus.de\/stade\/es\/wp-json\/wp\/v2\/pages\/1323\/revisions"}],"up":[{"embeddable":true,"href":"https:\/\/kvg-bus.de\/stade\/es\/wp-json\/wp\/v2\/pages\/408"}],"wp:featuredmedia":[{"embeddable":true,"href":"https:\/\/kvg-bus.de\/stade\/es\/wp-json\/wp\/v2\/media\/1462"}],"wp:attachment":[{"href":"https:\/\/kvg-bus.de\/stade\/es\/wp-json\/wp\/v2\/media?parent=1323"}],"curies":[{"name":"wp","href":"https:\/\/api.w.org\/{rel}","templated":true}]}}