{"id":201,"date":"2025-06-25T13:04:16","date_gmt":"2025-06-25T11:04:16","guid":{"rendered":"https:\/\/kvg-bus.de\/cebus\/ueber-uns\/"},"modified":"2025-06-25T13:08:25","modified_gmt":"2025-06-25T11:08:25","slug":"ueber-uns","status":"publish","type":"page","link":"https:\/\/kvg-bus.de\/cebus\/ueber-uns\/","title":{"rendered":"\u00dcber uns"},"content":{"rendered":"\t\t<div data-elementor-type=\"wp-page\" data-elementor-id=\"201\" class=\"elementor elementor-201\" data-elementor-post-type=\"page\">\n\t\t\t\t\t\t<section class=\"elementor-section elementor-top-section elementor-element elementor-element-447c743a margin-left-0 elementor-section-boxed elementor-section-height-default elementor-section-height-default wpr-particle-no wpr-jarallax-no wpr-parallax-no wpr-sticky-section-no wpr-equal-height-no\" data-id=\"447c743a\" data-element_type=\"section\" data-e-type=\"section\">\n\t\t\t\t\t\t<div class=\"elementor-container elementor-column-gap-default\">\n\t\t\t\t\t<div class=\"elementor-column elementor-col-50 elementor-top-column elementor-element elementor-element-5b343ee6\" data-id=\"5b343ee6\" data-element_type=\"column\" data-e-type=\"column\">\n\t\t\t<div class=\"elementor-widget-wrap elementor-element-populated\">\n\t\t\t\t\t\t<div class=\"elementor-element elementor-element-5bc9170e elementor-widget elementor-widget-menu-anchor\" data-id=\"5bc9170e\" data-element_type=\"widget\" data-e-type=\"widget\" data-widget_type=\"menu-anchor.default\">\n\t\t\t\t<div class=\"elementor-widget-container\">\n\t\t\t\t\t\t\t<div class=\"elementor-menu-anchor\" id=\"CeBusStory\"><\/div>\n\t\t\t\t\t\t<\/div>\n\t\t\t\t<\/div>\n\t\t\t\t<div class=\"elementor-element elementor-element-392ad2b4 elementor-widget elementor-widget-heading\" data-id=\"392ad2b4\" data-element_type=\"widget\" data-e-type=\"widget\" data-widget_type=\"heading.default\">\n\t\t\t\t<div class=\"elementor-widget-container\">\n\t\t\t\t\t<h2 class=\"elementor-heading-title elementor-size-default\">DIE CEBUS-STORY<\/h2>\t\t\t\t<\/div>\n\t\t\t\t<\/div>\n\t\t\t\t<div class=\"elementor-element elementor-element-44a460dc elementor-widget elementor-widget-text-editor\" data-id=\"44a460dc\" data-element_type=\"widget\" data-e-type=\"widget\" data-widget_type=\"text-editor.default\">\n\t\t\t\t<div class=\"elementor-widget-container\">\n\t\t\t\t\t\t\t\t\t<p>Wen unsere Story interessiert, der wird hier f\u00fcndig. Wann wurde was gemacht und vor allem \u201ewarum\u201c?\u00a0<span style=\"background-color: var(--bs-body-bg);font-size: var( --e-global-typography-primary-font-size );font-weight: var( --e-global-typography-primary-font-weight );text-align: var(--bs-body-text-align)\">Ein Team, eine Geschichte.<\/span><\/p>\t\t\t\t\t\t\t\t<\/div>\n\t\t\t\t<\/div>\n\t\t\t\t\t<\/div>\n\t\t<\/div>\n\t\t\t\t<div class=\"elementor-column elementor-col-50 elementor-top-column elementor-element elementor-element-335bbeb7\" data-id=\"335bbeb7\" data-element_type=\"column\" data-e-type=\"column\">\n\t\t\t<div class=\"elementor-widget-wrap\">\n\t\t\t\t\t\t\t<\/div>\n\t\t<\/div>\n\t\t\t\t\t<\/div>\n\t\t<\/section>\n\t\t\t\t<section class=\"elementor-section elementor-top-section elementor-element elementor-element-4fdf9706 elementor-section-stretched elementor-section-boxed elementor-section-height-default elementor-section-height-default wpr-particle-no wpr-jarallax-no wpr-parallax-no wpr-sticky-section-no wpr-equal-height-no\" data-id=\"4fdf9706\" data-element_type=\"section\" data-e-type=\"section\" data-settings=\"{&quot;stretch_section&quot;:&quot;section-stretched&quot;,&quot;background_background&quot;:&quot;classic&quot;}\">\n\t\t\t\t\t\t<div class=\"elementor-container elementor-column-gap-default\">\n\t\t\t\t\t<div class=\"elementor-column elementor-col-33 elementor-top-column elementor-element elementor-element-35a62256\" data-id=\"35a62256\" data-element_type=\"column\" data-e-type=\"column\">\n\t\t\t<div class=\"elementor-widget-wrap elementor-element-populated\">\n\t\t\t\t\t\t<div class=\"elementor-element elementor-element-3c57ec9a elementor-widget elementor-widget-image\" data-id=\"3c57ec9a\" data-element_type=\"widget\" data-e-type=\"widget\" data-widget_type=\"image.default\">\n\t\t\t\t<div class=\"elementor-widget-container\">\n\t\t\t\t\t\t\t\t\t\t\t\t\t\t\t\t\t\t\t\t\t\t\t\t\t\t\t\t\t\t<\/div>\n\t\t\t\t<\/div>\n\t\t\t\t\t<\/div>\n\t\t<\/div>\n\t\t\t\t<div class=\"elementor-column elementor-col-66 elementor-top-column elementor-element elementor-element-66bfa320\" data-id=\"66bfa320\" data-element_type=\"column\" data-e-type=\"column\">\n\t\t\t<div class=\"elementor-widget-wrap elementor-element-populated\">\n\t\t\t\t\t\t<div class=\"elementor-element elementor-element-170145e5 elementor-widget elementor-widget-accordion\" data-id=\"170145e5\" data-element_type=\"widget\" data-e-type=\"widget\" data-widget_type=\"accordion.default\">\n\t\t\t\t<div class=\"elementor-widget-container\">\n\t\t\t\t\t\t\t<div class=\"elementor-accordion\">\n\t\t\t\t\t\t\t<div class=\"elementor-accordion-item\">\n\t\t\t\t\t<h3 id=\"elementor-tab-title-3851\" class=\"elementor-tab-title\" data-tab=\"1\" role=\"button\" aria-controls=\"elementor-tab-content-3851\" aria-expanded=\"false\">\n\t\t\t\t\t\t\t\t\t\t\t\t\t<span class=\"elementor-accordion-icon elementor-accordion-icon-left\" aria-hidden=\"true\">\n\t\t\t\t\t\t\t\t\t\t\t\t\t\t\t<span class=\"elementor-accordion-icon-closed\"><i class=\"fal fa-plus\"><\/i><\/span>\n\t\t\t\t\t\t\t\t<span class=\"elementor-accordion-icon-opened\"><i class=\"fal fa-minus\"><\/i><\/span>\n\t\t\t\t\t\t\t\t\t\t\t\t\t\t<\/span>\n\t\t\t\t\t\t\t\t\t\t\t\t<a class=\"elementor-accordion-title\" tabindex=\"0\">2002 gegr\u00fcndet<\/a>\n\t\t\t\t\t<\/h3>\n\t\t\t\t\t<div id=\"elementor-tab-content-3851\" class=\"elementor-tab-content elementor-clearfix\" data-tab=\"1\" role=\"region\" aria-labelledby=\"elementor-tab-title-3851\"><p>Wir haben CeBus 2002 gegr\u00fcndet und sind seither f\u00fcr den \u00f6ffentlichen Personennahverkehr (\u00d6PNV) und die Sch\u00fclerbef\u00f6rderung in Stadt und Landkreis Celle verantwortlich.<\/p><p>Unser Hauptsitz mit Verwaltung, Werkstatt und Busdepot ist in Celle, zus\u00e4tzlich betreiben wir Betriebsh\u00f6fe in Fa\u00dfberg (mit Werkstatt), Wietze und Eicklingen. Dar\u00fcber hinaus verf\u00fcgen wir \u00fcber Depots in Steinhorst, Bergen, Marwede und Hohne.<\/p><\/div>\n\t\t\t\t<\/div>\n\t\t\t\t\t\t\t\t<\/div>\n\t\t\t\t\t\t<\/div>\n\t\t\t\t<\/div>\n\t\t\t\t\t<\/div>\n\t\t<\/div>\n\t\t\t\t\t<\/div>\n\t\t<\/section>\n\t\t\t\t<section class=\"elementor-section elementor-top-section elementor-element elementor-element-7f6e0228 elementor-section-stretched elementor-section-boxed elementor-section-height-default elementor-section-height-default wpr-particle-no wpr-jarallax-no wpr-parallax-no wpr-sticky-section-no wpr-equal-height-no\" data-id=\"7f6e0228\" data-element_type=\"section\" data-e-type=\"section\" data-settings=\"{&quot;stretch_section&quot;:&quot;section-stretched&quot;}\">\n\t\t\t\t\t\t<div class=\"elementor-container elementor-column-gap-default\">\n\t\t\t\t\t<div class=\"elementor-column elementor-col-33 elementor-top-column elementor-element elementor-element-62d52466\" data-id=\"62d52466\" data-element_type=\"column\" data-e-type=\"column\">\n\t\t\t<div class=\"elementor-widget-wrap elementor-element-populated\">\n\t\t\t\t\t\t<div class=\"elementor-element elementor-element-49e948c2 elementor-widget elementor-widget-image\" data-id=\"49e948c2\" data-element_type=\"widget\" data-e-type=\"widget\" data-widget_type=\"image.default\">\n\t\t\t\t<div class=\"elementor-widget-container\">\n\t\t\t\t\t\t\t\t\t\t\t\t\t\t\t\t\t\t\t\t\t\t\t\t\t\t\t\t\t\t<\/div>\n\t\t\t\t<\/div>\n\t\t\t\t\t<\/div>\n\t\t<\/div>\n\t\t\t\t<div class=\"elementor-column elementor-col-66 elementor-top-column elementor-element elementor-element-6d6bb096\" data-id=\"6d6bb096\" data-element_type=\"column\" data-e-type=\"column\">\n\t\t\t<div class=\"elementor-widget-wrap elementor-element-populated\">\n\t\t\t\t\t\t<div class=\"elementor-element elementor-element-3e9c1a02 elementor-widget elementor-widget-accordion\" data-id=\"3e9c1a02\" data-element_type=\"widget\" data-e-type=\"widget\" data-widget_type=\"accordion.default\">\n\t\t\t\t<div class=\"elementor-widget-container\">\n\t\t\t\t\t\t\t<div class=\"elementor-accordion\">\n\t\t\t\t\t\t\t<div class=\"elementor-accordion-item\">\n\t\t\t\t\t<h3 id=\"elementor-tab-title-1051\" class=\"elementor-tab-title\" data-tab=\"1\" role=\"button\" aria-controls=\"elementor-tab-content-1051\" aria-expanded=\"false\">\n\t\t\t\t\t\t\t\t\t\t\t\t\t<span class=\"elementor-accordion-icon elementor-accordion-icon-left\" aria-hidden=\"true\">\n\t\t\t\t\t\t\t\t\t\t\t\t\t\t\t<span class=\"elementor-accordion-icon-closed\"><i class=\"fal fa-plus\"><\/i><\/span>\n\t\t\t\t\t\t\t\t<span class=\"elementor-accordion-icon-opened\"><i class=\"fal fa-minus\"><\/i><\/span>\n\t\t\t\t\t\t\t\t\t\t\t\t\t\t<\/span>\n\t\t\t\t\t\t\t\t\t\t\t\t<a class=\"elementor-accordion-title\" tabindex=\"0\">Vereinte Kr\u00e4fte <\/a>\n\t\t\t\t\t<\/h3>\n\t\t\t\t\t<div id=\"elementor-tab-content-1051\" class=\"elementor-tab-content elementor-clearfix\" data-tab=\"1\" role=\"region\" aria-labelledby=\"elementor-tab-title-1051\"><p>273 Mitarbeiterinnen und Mitarbeiter fahren, reparieren, verwalten, reinigen, kontrollieren und halten damit den Betrieb auf dem Laufenden. Unser engagiertes Team ist das Herzst\u00fcck unseres Erfolgs. Wir legen gro\u00dfen Wert auf Freundlichkeit und Serviceorientierung. Unser Personal wird regelm\u00e4\u00dfig geschult, um sicherzustellen, dass wir dir immer den besten Kundenservice bieten.<\/p><p>M\u00f6chtest du auch ein Teil davon werden? Dann wirf einen Blick auf unsere <a href=\"https:\/\/cebus-celle.de\/jobs-und-karriere\/\">Karriereseite<\/a>, vielleicht ist ein interessanter Job f\u00fcr dich dabei.<\/p><\/div>\n\t\t\t\t<\/div>\n\t\t\t\t\t\t\t\t<\/div>\n\t\t\t\t\t\t<\/div>\n\t\t\t\t<\/div>\n\t\t\t\t\t<\/div>\n\t\t<\/div>\n\t\t\t\t\t<\/div>\n\t\t<\/section>\n\t\t\t\t<section class=\"elementor-section elementor-top-section elementor-element elementor-element-48ba0f91 elementor-section-stretched elementor-section-boxed elementor-section-height-default elementor-section-height-default wpr-particle-no wpr-jarallax-no wpr-parallax-no wpr-sticky-section-no wpr-equal-height-no\" data-id=\"48ba0f91\" data-element_type=\"section\" data-e-type=\"section\" data-settings=\"{&quot;stretch_section&quot;:&quot;section-stretched&quot;,&quot;background_background&quot;:&quot;classic&quot;}\">\n\t\t\t\t\t\t<div class=\"elementor-container elementor-column-gap-default\">\n\t\t\t\t\t<div class=\"elementor-column elementor-col-33 elementor-top-column elementor-element elementor-element-35c709af\" data-id=\"35c709af\" data-element_type=\"column\" data-e-type=\"column\">\n\t\t\t<div class=\"elementor-widget-wrap elementor-element-populated\">\n\t\t\t\t\t\t<div class=\"elementor-element elementor-element-3ebca6e6 elementor-widget elementor-widget-image\" data-id=\"3ebca6e6\" data-element_type=\"widget\" data-e-type=\"widget\" data-widget_type=\"image.default\">\n\t\t\t\t<div class=\"elementor-widget-container\">\n\t\t\t\t\t\t\t\t\t\t\t\t\t\t\t\t\t\t\t\t\t\t\t\t\t\t\t\t\t\t<\/div>\n\t\t\t\t<\/div>\n\t\t\t\t\t<\/div>\n\t\t<\/div>\n\t\t\t\t<div class=\"elementor-column elementor-col-66 elementor-top-column elementor-element elementor-element-28da7c12\" data-id=\"28da7c12\" data-element_type=\"column\" data-e-type=\"column\">\n\t\t\t<div class=\"elementor-widget-wrap elementor-element-populated\">\n\t\t\t\t\t\t<div class=\"elementor-element elementor-element-33a93fce elementor-widget elementor-widget-accordion\" data-id=\"33a93fce\" data-element_type=\"widget\" data-e-type=\"widget\" data-widget_type=\"accordion.default\">\n\t\t\t\t<div class=\"elementor-widget-container\">\n\t\t\t\t\t\t\t<div class=\"elementor-accordion\">\n\t\t\t\t\t\t\t<div class=\"elementor-accordion-item\">\n\t\t\t\t\t<h3 id=\"elementor-tab-title-8661\" class=\"elementor-tab-title\" data-tab=\"1\" role=\"button\" aria-controls=\"elementor-tab-content-8661\" aria-expanded=\"false\">\n\t\t\t\t\t\t\t\t\t\t\t\t\t<span class=\"elementor-accordion-icon elementor-accordion-icon-left\" aria-hidden=\"true\">\n\t\t\t\t\t\t\t\t\t\t\t\t\t\t\t<span class=\"elementor-accordion-icon-closed\"><i class=\"fal fa-plus\"><\/i><\/span>\n\t\t\t\t\t\t\t\t<span class=\"elementor-accordion-icon-opened\"><i class=\"fal fa-minus\"><\/i><\/span>\n\t\t\t\t\t\t\t\t\t\t\t\t\t\t<\/span>\n\t\t\t\t\t\t\t\t\t\t\t\t<a class=\"elementor-accordion-title\" tabindex=\"0\">Einsteigen bitte!<\/a>\n\t\t\t\t\t<\/h3>\n\t\t\t\t\t<div id=\"elementor-tab-content-8661\" class=\"elementor-tab-content elementor-clearfix\" data-tab=\"1\" role=\"region\" aria-labelledby=\"elementor-tab-title-8661\"><p>Unter dem Motto \u201eCeBus kommt gut an\u201c bef\u00f6rdern wir t\u00e4glich tausende Menschen. Dabei steht die Kundenzufriedenheit an erster Stelle. Unser wichtigstes Ziel: dich sicher und p\u00fcnktlich an dein Ziel zu bringen. Dies sind unsere Werte und Prinzipien, die uns leiten und zu einem verl\u00e4sslichen Partner im \u00f6ffentlichen Nahverkehr machen \u2013 darauf kannst du dich verlassen.<\/p><\/div>\n\t\t\t\t<\/div>\n\t\t\t\t\t\t\t\t<\/div>\n\t\t\t\t\t\t<\/div>\n\t\t\t\t<\/div>\n\t\t\t\t\t<\/div>\n\t\t<\/div>\n\t\t\t\t\t<\/div>\n\t\t<\/section>\n\t\t\t\t<section class=\"elementor-section elementor-top-section elementor-element elementor-element-6882b22d elementor-section-stretched elementor-section-boxed elementor-section-height-default elementor-section-height-default wpr-particle-no wpr-jarallax-no wpr-parallax-no wpr-sticky-section-no wpr-equal-height-no\" data-id=\"6882b22d\" data-element_type=\"section\" data-e-type=\"section\" data-settings=\"{&quot;stretch_section&quot;:&quot;section-stretched&quot;}\">\n\t\t\t\t\t\t<div class=\"elementor-container elementor-column-gap-default\">\n\t\t\t\t\t<div class=\"elementor-column elementor-col-33 elementor-top-column elementor-element elementor-element-4451e757\" data-id=\"4451e757\" data-element_type=\"column\" data-e-type=\"column\">\n\t\t\t<div class=\"elementor-widget-wrap elementor-element-populated\">\n\t\t\t\t\t\t<div class=\"elementor-element elementor-element-79a24bdd elementor-widget elementor-widget-image\" data-id=\"79a24bdd\" data-element_type=\"widget\" data-e-type=\"widget\" data-widget_type=\"image.default\">\n\t\t\t\t<div class=\"elementor-widget-container\">\n\t\t\t\t\t\t\t\t\t\t\t\t\t\t\t\t\t\t\t\t\t\t\t\t\t\t\t\t\t\t<\/div>\n\t\t\t\t<\/div>\n\t\t\t\t\t<\/div>\n\t\t<\/div>\n\t\t\t\t<div class=\"elementor-column elementor-col-66 elementor-top-column elementor-element elementor-element-592af054\" data-id=\"592af054\" data-element_type=\"column\" data-e-type=\"column\">\n\t\t\t<div class=\"elementor-widget-wrap elementor-element-populated\">\n\t\t\t\t\t\t<div class=\"elementor-element elementor-element-3e71551 elementor-widget elementor-widget-accordion\" data-id=\"3e71551\" data-element_type=\"widget\" data-e-type=\"widget\" data-widget_type=\"accordion.default\">\n\t\t\t\t<div class=\"elementor-widget-container\">\n\t\t\t\t\t\t\t<div class=\"elementor-accordion\">\n\t\t\t\t\t\t\t<div class=\"elementor-accordion-item\">\n\t\t\t\t\t<h3 id=\"elementor-tab-title-6541\" class=\"elementor-tab-title\" data-tab=\"1\" role=\"button\" aria-controls=\"elementor-tab-content-6541\" aria-expanded=\"false\">\n\t\t\t\t\t\t\t\t\t\t\t\t\t<span class=\"elementor-accordion-icon elementor-accordion-icon-left\" aria-hidden=\"true\">\n\t\t\t\t\t\t\t\t\t\t\t\t\t\t\t<span class=\"elementor-accordion-icon-closed\"><i class=\"fal fa-plus\"><\/i><\/span>\n\t\t\t\t\t\t\t\t<span class=\"elementor-accordion-icon-opened\"><i class=\"fal fa-minus\"><\/i><\/span>\n\t\t\t\t\t\t\t\t\t\t\t\t\t\t<\/span>\n\t\t\t\t\t\t\t\t\t\t\t\t<a class=\"elementor-accordion-title\" tabindex=\"0\">Der Umwelt zuliebe<\/a>\n\t\t\t\t\t<\/h3>\n\t\t\t\t\t<div id=\"elementor-tab-content-6541\" class=\"elementor-tab-content elementor-clearfix\" data-tab=\"1\" role=\"region\" aria-labelledby=\"elementor-tab-title-6541\"><p data-start=\"179\" data-end=\"535\">Wir setzen auf umweltfreundliche Mobilit\u00e4t im \u00f6ffentlichen Nahverkehr und betreiben eine moderne Fahrzeugflotte, die h\u00f6chsten Umweltstandards entspricht. Derzeit sind \u00fcber 100 Busse im regul\u00e4ren Linienverkehr im Einsatz. S\u00e4mtliche Fahrzeuge erf\u00fcllen die strenge Abgasnorm Euro 6 \u2013 f\u00fcr eine saubere und nachhaltige Bef\u00f6rderung.<\/p><p data-start=\"537\" data-end=\"763\">Ab dem Jahr 2026 leiten wir den n\u00e4chsten Schritt in Richtung klimafreundlicher Zukunft ein: den Umstieg auf Elektromobilit\u00e4t. Im Zeitraum von 2026 bis 2028 ist geplant, insgesamt 50 Fahrzeuge durch moderne E-Busse zu ersetzen.<\/p><\/div>\n\t\t\t\t<\/div>\n\t\t\t\t\t\t\t\t<\/div>\n\t\t\t\t\t\t<\/div>\n\t\t\t\t<\/div>\n\t\t\t\t\t<\/div>\n\t\t<\/div>\n\t\t\t\t\t<\/div>\n\t\t<\/section>\n\t\t\t\t<section class=\"elementor-section elementor-top-section elementor-element elementor-element-652f56b5 elementor-section-stretched elementor-section-boxed elementor-section-height-default elementor-section-height-default wpr-particle-no wpr-jarallax-no wpr-parallax-no wpr-sticky-section-no wpr-equal-height-no\" data-id=\"652f56b5\" data-element_type=\"section\" data-e-type=\"section\" data-settings=\"{&quot;stretch_section&quot;:&quot;section-stretched&quot;}\">\n\t\t\t\t\t\t<div class=\"elementor-container elementor-column-gap-default\">\n\t\t\t\t\t<div class=\"elementor-column elementor-col-33 elementor-top-column elementor-element elementor-element-204fc4a1\" data-id=\"204fc4a1\" data-element_type=\"column\" data-e-type=\"column\">\n\t\t\t<div class=\"elementor-widget-wrap elementor-element-populated\">\n\t\t\t\t\t\t<div class=\"elementor-element elementor-element-4b2a3fb4 elementor-widget elementor-widget-image\" data-id=\"4b2a3fb4\" data-element_type=\"widget\" data-e-type=\"widget\" data-widget_type=\"image.default\">\n\t\t\t\t<div class=\"elementor-widget-container\">\n\t\t\t\t\t\t\t\t\t\t\t\t\t\t\t\t\t\t\t\t\t\t\t\t\t\t\t\t\t\t<\/div>\n\t\t\t\t<\/div>\n\t\t\t\t<div class=\"elementor-element elementor-element-6063bb17 elementor-widget elementor-widget-menu-anchor\" data-id=\"6063bb17\" data-element_type=\"widget\" data-e-type=\"widget\" data-widget_type=\"menu-anchor.default\">\n\t\t\t\t<div class=\"elementor-widget-container\">\n\t\t\t\t\t\t\t<div class=\"elementor-menu-anchor\" id=\"Zahlen\"><\/div>\n\t\t\t\t\t\t<\/div>\n\t\t\t\t<\/div>\n\t\t\t\t\t<\/div>\n\t\t<\/div>\n\t\t\t\t<div class=\"elementor-column elementor-col-66 elementor-top-column elementor-element elementor-element-461b8305\" data-id=\"461b8305\" data-element_type=\"column\" data-e-type=\"column\">\n\t\t\t<div class=\"elementor-widget-wrap elementor-element-populated\">\n\t\t\t\t\t\t<div class=\"elementor-element elementor-element-376722b3 elementor-widget elementor-widget-accordion\" data-id=\"376722b3\" data-element_type=\"widget\" data-e-type=\"widget\" data-widget_type=\"accordion.default\">\n\t\t\t\t<div class=\"elementor-widget-container\">\n\t\t\t\t\t\t\t<div class=\"elementor-accordion\">\n\t\t\t\t\t\t\t<div class=\"elementor-accordion-item\">\n\t\t\t\t\t<h3 id=\"elementor-tab-title-9291\" class=\"elementor-tab-title\" data-tab=\"1\" role=\"button\" aria-controls=\"elementor-tab-content-9291\" aria-expanded=\"false\">\n\t\t\t\t\t\t\t\t\t\t\t\t\t<span class=\"elementor-accordion-icon elementor-accordion-icon-left\" aria-hidden=\"true\">\n\t\t\t\t\t\t\t\t\t\t\t\t\t\t\t<span class=\"elementor-accordion-icon-closed\"><i class=\"fal fa-plus\"><\/i><\/span>\n\t\t\t\t\t\t\t\t<span class=\"elementor-accordion-icon-opened\"><i class=\"fal fa-minus\"><\/i><\/span>\n\t\t\t\t\t\t\t\t\t\t\t\t\t\t<\/span>\n\t\t\t\t\t\t\t\t\t\t\t\t<a class=\"elementor-accordion-title\" tabindex=\"0\">Mission und Vision<\/a>\n\t\t\t\t\t<\/h3>\n\t\t\t\t\t<div id=\"elementor-tab-content-9291\" class=\"elementor-tab-content elementor-clearfix\" data-tab=\"1\" role=\"region\" aria-labelledby=\"elementor-tab-title-9291\"><p>Wir sind stolz auf unsere bisherigen Erfolge und auf unsere Mitarbeitenden, die dies erm\u00f6glichen und sind fest entschlossen, auch in Zukunft zu deiner Mobilit\u00e4t und Lebensqualit\u00e4t beizutragen. Unsere langfristigen Ziele beinhalten die aktive Teilnahme an der Verkehrswende und den Schutz von Natur und Umwelt.<\/p><\/div>\n\t\t\t\t<\/div>\n\t\t\t\t\t\t\t\t<\/div>\n\t\t\t\t\t\t<\/div>\n\t\t\t\t<\/div>\n\t\t\t\t\t<\/div>\n\t\t<\/div>\n\t\t\t\t\t<\/div>\n\t\t<\/section>\n\t\t\t\t<section class=\"elementor-section elementor-top-section elementor-element elementor-element-568efedb elementor-section-boxed elementor-section-height-default elementor-section-height-default wpr-particle-no wpr-jarallax-no wpr-parallax-no wpr-sticky-section-no wpr-equal-height-no\" data-id=\"568efedb\" data-element_type=\"section\" data-e-type=\"section\">\n\t\t\t\t\t\t<div class=\"elementor-container elementor-column-gap-default\">\n\t\t\t\t\t<div class=\"elementor-column elementor-col-100 elementor-top-column elementor-element elementor-element-81da248\" data-id=\"81da248\" data-element_type=\"column\" data-e-type=\"column\">\n\t\t\t<div class=\"elementor-widget-wrap elementor-element-populated\">\n\t\t\t\t\t\t<div class=\"elementor-element elementor-element-1a4554d9 elementor-widget elementor-widget-heading\" data-id=\"1a4554d9\" data-element_type=\"widget\" data-e-type=\"widget\" data-widget_type=\"heading.default\">\n\t\t\t\t<div class=\"elementor-widget-container\">\n\t\t\t\t\t<h2 class=\"elementor-heading-title elementor-size-default\">Starke Zahlen, die bewegen.<\/h2>\t\t\t\t<\/div>\n\t\t\t\t<\/div>\n\t\t\t\t<div class=\"elementor-element elementor-element-2b7c191 elementor-widget elementor-widget-text-editor\" data-id=\"2b7c191\" data-element_type=\"widget\" data-e-type=\"widget\" data-widget_type=\"text-editor.default\">\n\t\t\t\t<div class=\"elementor-widget-container\">\n\t\t\t\t\t\t\t\t\t<p>Stand: 2023<\/p>\t\t\t\t\t\t\t\t<\/div>\n\t\t\t\t<\/div>\n\t\t\t\t\t<\/div>\n\t\t<\/div>\n\t\t\t\t\t<\/div>\n\t\t<\/section>\n\t\t\t\t<section class=\"elementor-section elementor-top-section elementor-element elementor-element-2765ae58 elementor-section-boxed elementor-section-height-default elementor-section-height-default wpr-particle-no wpr-jarallax-no wpr-parallax-no wpr-sticky-section-no wpr-equal-height-no\" data-id=\"2765ae58\" data-element_type=\"section\" data-e-type=\"section\">\n\t\t\t\t\t\t<div class=\"elementor-container elementor-column-gap-default\">\n\t\t\t\t\t<div class=\"elementor-column elementor-col-100 elementor-top-column elementor-element elementor-element-42d6e5df\" data-id=\"42d6e5df\" data-element_type=\"column\" data-e-type=\"column\">\n\t\t\t<div class=\"elementor-widget-wrap\">\n\t\t\t\t\t\t\t<\/div>\n\t\t<\/div>\n\t\t\t\t\t<\/div>\n\t\t<\/section>\n\t\t\t\t<section class=\"elementor-section elementor-top-section elementor-element elementor-element-9f9f947 elementor-section-boxed elementor-section-height-default elementor-section-height-default wpr-particle-no wpr-jarallax-no wpr-parallax-no wpr-sticky-section-no wpr-equal-height-no\" data-id=\"9f9f947\" data-element_type=\"section\" data-e-type=\"section\">\n\t\t\t\t\t\t<div class=\"elementor-container elementor-column-gap-default\">\n\t\t\t\t\t<div class=\"elementor-column elementor-col-100 elementor-top-column elementor-element elementor-element-6f3c6004\" data-id=\"6f3c6004\" data-element_type=\"column\" data-e-type=\"column\">\n\t\t\t<div class=\"elementor-widget-wrap elementor-element-populated\">\n\t\t\t\t\t\t<div class=\"elementor-element elementor-element-62f2cd80 elementor-widget elementor-widget-spacer\" data-id=\"62f2cd80\" data-element_type=\"widget\" data-e-type=\"widget\" data-widget_type=\"spacer.default\">\n\t\t\t\t<div class=\"elementor-widget-container\">\n\t\t\t\t\t\t\t<div class=\"elementor-spacer\">\n\t\t\t<div class=\"elementor-spacer-inner\"><\/div>\n\t\t<\/div>\n\t\t\t\t\t\t<\/div>\n\t\t\t\t<\/div>\n\t\t\t\t\t<\/div>\n\t\t<\/div>\n\t\t\t\t\t<\/div>\n\t\t<\/section>\n\t\t\t\t<section class=\"elementor-section elementor-top-section elementor-element elementor-element-73c2346c elementor-section-stretched elementor-section-boxed elementor-section-height-default elementor-section-height-default wpr-particle-no wpr-jarallax-no wpr-parallax-no wpr-sticky-section-no wpr-equal-height-no\" data-id=\"73c2346c\" data-element_type=\"section\" data-e-type=\"section\" data-settings=\"{&quot;stretch_section&quot;:&quot;section-stretched&quot;,&quot;background_background&quot;:&quot;classic&quot;}\">\n\t\t\t\t\t\t<div class=\"elementor-container elementor-column-gap-default\">\n\t\t\t\t\t<div class=\"elementor-column elementor-col-100 elementor-top-column elementor-element elementor-element-474c3c93\" data-id=\"474c3c93\" data-element_type=\"column\" data-e-type=\"column\">\n\t\t\t<div class=\"elementor-widget-wrap elementor-element-populated\">\n\t\t\t\t\t\t<div class=\"elementor-element elementor-element-15e8475b elementor-widget elementor-widget-menu-anchor\" data-id=\"15e8475b\" data-element_type=\"widget\" data-e-type=\"widget\" data-widget_type=\"menu-anchor.default\">\n\t\t\t\t<div class=\"elementor-widget-container\">\n\t\t\t\t\t\t\t<div class=\"elementor-menu-anchor\" id=\"DieBusGruppe\"><\/div>\n\t\t\t\t\t\t<\/div>\n\t\t\t\t<\/div>\n\t\t\t\t<div class=\"elementor-element elementor-element-41650ef2 elementor-widget elementor-widget-heading\" data-id=\"41650ef2\" data-element_type=\"widget\" data-e-type=\"widget\" data-widget_type=\"heading.default\">\n\t\t\t\t<div class=\"elementor-widget-container\">\n\t\t\t\t\t<h2 class=\"elementor-heading-title elementor-size-default\">Die BusGruppe: Ressourcen und Know-how unter einem Dach vereint.<\/h2>\t\t\t\t<\/div>\n\t\t\t\t<\/div>\n\t\t\t\t<div class=\"elementor-element elementor-element-15326ed0 elementor-widget elementor-widget-text-editor\" data-id=\"15326ed0\" data-element_type=\"widget\" data-e-type=\"widget\" data-widget_type=\"text-editor.default\">\n\t\t\t\t<div class=\"elementor-widget-container\">\n\t\t\t\t\t\t\t\t\t<p>Seit ihrer Gr\u00fcndung im Jahr 2014 bildet die BusGruppe eine leistungsstarke Kooperation aus den gesellschaftlich verbundenen Unternehmen Verkehrsbetriebe Bachstein, CeBus, KVG und VOG. Zum 1. Januar 2019 wurde dieses Netzwerk um M\u00fcller Busreisen erweitert, wodurch die Gruppe weiter an Kompetenz und Reichweite gewonnen hat.<\/p><p>Als starke Gemeinschaft setzen wir uns f\u00fcr eine zuverl\u00e4ssige, sichere und zukunftsorientierte Mobilit\u00e4t in der Region ein. Durch eine enge Vernetzung, den effizienten Einsatz gemeinsamer Ressourcen und den kontinuierlichen Austausch von Fachwissen entstehen wertvolle Synergien, die allen Partnerunternehmen zugutekommen. Diese enge Zusammenarbeit erm\u00f6glicht es uns, unser Verkehrsangebot stetig zu optimieren und flexibel an die sich wandelnden Anforderungen unserer Fahrg\u00e4ste anzupassen.<\/p><p>Die BusGruppe steht f\u00fcr moderne und bedarfsgerechte Mobilit\u00e4tsl\u00f6sungen, die h\u00f6chsten Qualit\u00e4tsanspr\u00fcchen gen\u00fcgen. Unser Fokus liegt darauf, den \u00f6ffentlichen Nahverkehr nicht nur effizient und nachhaltig zu gestalten, sondern auch den Menschen in der Region eine komfortable, sichere und zukunftsf\u00e4hige Mobilit\u00e4t zu bieten.<\/p><p>Dabei stehen unsere Auftraggeber und Mitarbeiter gleicherma\u00dfen im Mittelpunkt unseres Handelns. Durch ihr Engagement und ihre Expertise tragen unsere Mitarbeiter ma\u00dfgeblich zur Qualit\u00e4t und Weiterentwicklung unserer Mobilit\u00e4tsangebote bei. Ebenso sind wir ein verl\u00e4sslicher Partner f\u00fcr unsere Auftraggeber und arbeiten mit ihnen eng zusammen, um ma\u00dfgeschneiderte L\u00f6sungen f\u00fcr die Mobilit\u00e4t der Zukunft zu entwickeln.<\/p><p>Unsere St\u00e4rke liegt in der vertrauensvollen Zusammenarbeit mit einer Vielzahl von Partnern. Ob Kommunen, Verkehrsverb\u00fcnde oder Unternehmen \u2013 durch langj\u00e4hrige Kooperationen und eine enge Abstimmung schaffen wir nachhaltige und zukunftsweisende Verkehrsangebote, die die Mobilit\u00e4t in der Region aktiv mitgestalten.<\/p>\t\t\t\t\t\t\t\t<\/div>\n\t\t\t\t<\/div>\n\t\t\t\t<div class=\"elementor-element elementor-element-7ecf7afa elementor-widget elementor-widget-spacer\" data-id=\"7ecf7afa\" data-element_type=\"widget\" data-e-type=\"widget\" data-widget_type=\"spacer.default\">\n\t\t\t\t<div class=\"elementor-widget-container\">\n\t\t\t\t\t\t\t<div class=\"elementor-spacer\">\n\t\t\t<div class=\"elementor-spacer-inner\"><\/div>\n\t\t<\/div>\n\t\t\t\t\t\t<\/div>\n\t\t\t\t<\/div>\n\t\t\t\t<section class=\"elementor-section elementor-inner-section elementor-element elementor-element-34c92547 margin-left-0 elementor-section-boxed elementor-section-height-default elementor-section-height-default wpr-particle-no wpr-jarallax-no wpr-parallax-no wpr-sticky-section-no wpr-equal-height-no\" data-id=\"34c92547\" data-element_type=\"section\" data-e-type=\"section\">\n\t\t\t\t\t\t<div class=\"elementor-container elementor-column-gap-default\">\n\t\t\t\t\t<div class=\"elementor-column elementor-col-100 elementor-inner-column elementor-element elementor-element-68e6fdc9\" data-id=\"68e6fdc9\" data-element_type=\"column\" data-e-type=\"column\">\n\t\t\t<div class=\"elementor-widget-wrap elementor-element-populated\">\n\t\t\t\t\t\t<div class=\"elementor-element elementor-element-e0facee btn-resp elementor-widget elementor-widget-button\" data-id=\"e0facee\" data-element_type=\"widget\" data-e-type=\"widget\" data-widget_type=\"button.default\">\n\t\t\t\t<div class=\"elementor-widget-container\">\n\t\t\t\t\t\t\t\t\t<div class=\"elementor-button-wrapper\">\n\t\t\t\t\t<a class=\"elementor-button elementor-button-link elementor-size-sm\" href=\"https:\/\/cebus-celle.de\/wp-content\/uploads\/unternehmen_uebersichtskarte_verkehrsgebiete_netinera-bachstein-busgruppe_2020.pdf\">\n\t\t\t\t\t\t<span class=\"elementor-button-content-wrapper\">\n\t\t\t\t\t\t<span class=\"elementor-button-icon\">\n\t\t\t\t<svg aria-hidden=\"true\" class=\"e-font-icon-svg e-fas-file-pdf\" viewBox=\"0 0 384 512\" xmlns=\"http:\/\/www.w3.org\/2000\/svg\"><path d=\"M181.9 256.1c-5-16-4.9-46.9-2-46.9 8.4 0 7.6 36.9 2 46.9zm-1.7 47.2c-7.7 20.2-17.3 43.3-28.4 62.7 18.3-7 39-17.2 62.9-21.9-12.7-9.6-24.9-23.4-34.5-40.8zM86.1 428.1c0 .8 13.2-5.4 34.9-40.2-6.7 6.3-29.1 24.5-34.9 40.2zM248 160h136v328c0 13.3-10.7 24-24 24H24c-13.3 0-24-10.7-24-24V24C0 10.7 10.7 0 24 0h200v136c0 13.2 10.8 24 24 24zm-8 171.8c-20-12.2-33.3-29-42.7-53.8 4.5-18.5 11.6-46.6 6.2-64.2-4.7-29.4-42.4-26.5-47.8-6.8-5 18.3-.4 44.1 8.1 77-11.6 27.6-28.7 64.6-40.8 85.8-.1 0-.1.1-.2.1-27.1 13.9-73.6 44.5-54.5 68 5.6 6.9 16 10 21.5 10 17.9 0 35.7-18 61.1-61.8 25.8-8.5 54.1-19.1 79-23.2 21.7 11.8 47.1 19.5 64 19.5 29.2 0 31.2-32 19.7-43.4-13.9-13.6-54.3-9.7-73.6-7.2zM377 105L279 7c-4.5-4.5-10.6-7-17-7h-6v128h128v-6.1c0-6.3-2.5-12.4-7-16.9zm-74.1 255.3c4.1-2.7-2.5-11.9-42.8-9 37.1 15.8 42.8 9 42.8 9z\"><\/path><\/svg>\t\t\t<\/span>\n\t\t\t\t\t\t\t\t\t<span class=\"elementor-button-text\">VERKEHRSGEBIETSKARTE<\/span>\n\t\t\t\t\t<\/span>\n\t\t\t\t\t<\/a>\n\t\t\t\t<\/div>\n\t\t\t\t\t\t\t\t<\/div>\n\t\t\t\t<\/div>\n\t\t\t\t\t<\/div>\n\t\t<\/div>\n\t\t\t\t\t<\/div>\n\t\t<\/section>\n\t\t\t\t\t<\/div>\n\t\t<\/div>\n\t\t\t\t\t<\/div>\n\t\t<\/section>\n\t\t\t\t<section class=\"elementor-section elementor-top-section elementor-element elementor-element-6ddc250 elementor-section-stretched elementor-section-boxed elementor-section-height-default elementor-section-height-default wpr-particle-no wpr-jarallax-no wpr-parallax-no wpr-sticky-section-no wpr-equal-height-no\" data-id=\"6ddc250\" data-element_type=\"section\" data-e-type=\"section\" data-settings=\"{&quot;stretch_section&quot;:&quot;section-stretched&quot;,&quot;background_background&quot;:&quot;classic&quot;}\">\n\t\t\t\t\t\t<div class=\"elementor-container elementor-column-gap-default\">\n\t\t\t\t\t<div class=\"elementor-column elementor-col-100 elementor-top-column elementor-element elementor-element-77f7c201\" data-id=\"77f7c201\" data-element_type=\"column\" data-e-type=\"column\">\n\t\t\t<div class=\"elementor-widget-wrap elementor-element-populated\">\n\t\t\t\t\t\t<div class=\"elementor-element elementor-element-f81751e grey-light align-at-left elementor-widget elementor-widget-uael-faq\" data-id=\"f81751e\" data-element_type=\"widget\" data-e-type=\"widget\" data-widget_type=\"uael-faq.default\">\n\t\t\t\t<div class=\"elementor-widget-container\">\n\t\t\t\t\t\n\t\t\t<div id='uael-faq-wrapper-260' class=\"uael-faq-wrapper\">\n\t\t\t\t<div class=\"uael-faq-container uael-faq-layout-accordion\" data-layout=\"accordion\" >\n\t\t\t\t\t\t\t\t\t\t\t\t<div id=\"uael-accordion-1713d25\" class=\"uael-faq-accordion\" role=\"tablist\">\n\t\t\t\t\t\t\t\t<div class= \"uael-accordion-title\" aria-expanded=\"false\" role=\"tab\">\n\t\t\t\t\t\t\t\t\t<span class=\"uael-accordion-icon uael-accordion-icon-left\">\n\t\t\t\t\t\t\t\t\t\t<span class=\"uael-accordion-icon-closed\"><svg class=\"e-font-icon-svg e-fas-angle-right\" viewBox=\"0 0 256 512\" xmlns=\"http:\/\/www.w3.org\/2000\/svg\"><path d=\"M224.3 273l-136 136c-9.4 9.4-24.6 9.4-33.9 0l-22.6-22.6c-9.4-9.4-9.4-24.6 0-33.9l96.4-96.4-96.4-96.4c-9.4-9.4-9.4-24.6 0-33.9L54.3 103c9.4-9.4 24.6-9.4 33.9 0l136 136c9.5 9.4 9.5 24.6.1 34z\"><\/path><\/svg><\/span>\n\t\t\t\t\t\t\t\t\t\t<span class=\"uael-accordion-icon-opened\"><svg class=\"e-font-icon-svg e-fas-angle-up\" viewBox=\"0 0 320 512\" xmlns=\"http:\/\/www.w3.org\/2000\/svg\"><path d=\"M177 159.7l136 136c9.4 9.4 9.4 24.6 0 33.9l-22.6 22.6c-9.4 9.4-24.6 9.4-33.9 0L160 255.9l-96.4 96.4c-9.4 9.4-24.6 9.4-33.9 0L7 329.7c-9.4-9.4-9.4-24.6 0-33.9l136-136c9.4-9.5 24.6-9.5 34-.1z\"><\/path><\/svg><\/span>\n\t\t\t\t\t\t\t\t\t<\/span>\n\t\t\t\t\t\t\t\t\t<span class=\"uael-question-1713d25 uael-question-span\" tabindex=\"0\" id=\"uael-faq-1-69f3220871aa4\">CeBus GmbH &amp; Co. KG<\/span>\n\t\t\t\t\t\t\t\t<\/div>\n\t\t\t\t\t\t\t\t<div class=\"uael-accordion-content\" role=\"tabpanel\">\n\t\t\t\t\t\t\t\t\t<span>\n\t\t\t\t\t\t\t\t\t\t\t<div data-elementor-type=\"section\" data-elementor-id=\"93\" class=\"elementor elementor-93\" data-elementor-post-type=\"elementor_library\">\n\t\t\t\t\t<section class=\"elementor-section elementor-top-section elementor-element elementor-element-51e31f80 elementor-section-stretched main-submenu elementor-section-boxed elementor-section-height-default elementor-section-height-default wpr-particle-no wpr-jarallax-no wpr-parallax-no wpr-sticky-section-no wpr-equal-height-no\" data-id=\"51e31f80\" data-element_type=\"section\" data-e-type=\"section\" data-settings=\"{&quot;stretch_section&quot;:&quot;section-stretched&quot;,&quot;background_background&quot;:&quot;classic&quot;}\">\n\t\t\t\t\t\t<div class=\"elementor-container elementor-column-gap-default\">\n\t\t\t\t\t<div class=\"elementor-column elementor-col-50 elementor-top-column elementor-element elementor-element-67116320\" data-id=\"67116320\" data-element_type=\"column\" data-e-type=\"column\">\n\t\t\t<div class=\"elementor-widget-wrap elementor-element-populated\">\n\t\t\t\t\t\t<section class=\"elementor-section elementor-inner-section elementor-element elementor-element-456d8d33 elementor-section-boxed elementor-section-height-default elementor-section-height-default wpr-particle-no wpr-jarallax-no wpr-parallax-no wpr-sticky-section-no wpr-equal-height-no\" data-id=\"456d8d33\" data-element_type=\"section\" data-e-type=\"section\">\n\t\t\t\t\t\t<div class=\"elementor-container elementor-column-gap-no\">\n\t\t\t\t\t<div class=\"elementor-column elementor-col-50 elementor-inner-column elementor-element elementor-element-b4b04a2\" data-id=\"b4b04a2\" data-element_type=\"column\" data-e-type=\"column\">\n\t\t\t<div class=\"elementor-widget-wrap elementor-element-populated\">\n\t\t\t\t\t\t\t<\/div>\n\t\t<\/div>\n\t\t\t\t<div class=\"elementor-column elementor-col-50 elementor-inner-column elementor-element elementor-element-33789fef\" data-id=\"33789fef\" data-element_type=\"column\" data-e-type=\"column\">\n\t\t\t<div class=\"elementor-widget-wrap\">\n\t\t\t\t\t\t\t<\/div>\n\t\t<\/div>\n\t\t\t\t\t<\/div>\n\t\t<\/section>\n\t\t\t\t\t<\/div>\n\t\t<\/div>\n\t\t\t\t<div class=\"elementor-column elementor-col-50 elementor-top-column elementor-element elementor-element-3fc6125a\" data-id=\"3fc6125a\" data-element_type=\"column\" data-e-type=\"column\">\n\t\t\t<div class=\"elementor-widget-wrap\">\n\t\t\t\t\t\t\t<\/div>\n\t\t<\/div>\n\t\t\t\t\t<\/div>\n\t\t<\/section>\n\t\t\t\t<\/div>\n\t\t\t\t\t\t\t\t\t\t\t<\/span>\n\t\t\t\t\t\t\t\t<\/div>\n\t\t\t\t\t\t\t<\/div>\n\t\t\t\t\t\t\t\t\t\t\t<\/div>\n\t\t\t<\/div>\n\t\t\t\t\t\t\t<\/div>\n\t\t\t\t<\/div>\n\t\t\t\t\t<\/div>\n\t\t<\/div>\n\t\t\t\t\t<\/div>\n\t\t<\/section>\n\t\t\t\t<section class=\"elementor-section elementor-top-section elementor-element elementor-element-76053ab4 elementor-section-stretched elementor-section-boxed elementor-section-height-default elementor-section-height-default wpr-particle-no wpr-jarallax-no wpr-parallax-no wpr-sticky-section-no wpr-equal-height-no\" data-id=\"76053ab4\" data-element_type=\"section\" data-e-type=\"section\" data-settings=\"{&quot;stretch_section&quot;:&quot;section-stretched&quot;,&quot;background_background&quot;:&quot;classic&quot;}\">\n\t\t\t\t\t\t<div class=\"elementor-container elementor-column-gap-default\">\n\t\t\t\t\t<div class=\"elementor-column elementor-col-100 elementor-top-column elementor-element elementor-element-7eb6d004\" data-id=\"7eb6d004\" data-element_type=\"column\" data-e-type=\"column\">\n\t\t\t<div class=\"elementor-widget-wrap elementor-element-populated\">\n\t\t\t\t\t\t<div class=\"elementor-element elementor-element-34521ee2 grey-light align-at-left elementor-widget elementor-widget-uael-faq\" data-id=\"34521ee2\" data-element_type=\"widget\" data-e-type=\"widget\" data-widget_type=\"uael-faq.default\">\n\t\t\t\t<div class=\"elementor-widget-container\">\n\t\t\t\t\t\n\t\t\t<div id='uael-faq-wrapper-877' class=\"uael-faq-wrapper\">\n\t\t\t\t<div class=\"uael-faq-container uael-faq-layout-accordion\" data-layout=\"accordion\" >\n\t\t\t\t\t\t\t\t\t\t\t\t<div id=\"uael-accordion-1713d25\" class=\"uael-faq-accordion\" role=\"tablist\">\n\t\t\t\t\t\t\t\t<div class= \"uael-accordion-title\" aria-expanded=\"false\" role=\"tab\">\n\t\t\t\t\t\t\t\t\t<span class=\"uael-accordion-icon uael-accordion-icon-left\">\n\t\t\t\t\t\t\t\t\t\t<span class=\"uael-accordion-icon-closed\"><svg class=\"e-font-icon-svg e-fas-angle-right\" viewBox=\"0 0 256 512\" xmlns=\"http:\/\/www.w3.org\/2000\/svg\"><path d=\"M224.3 273l-136 136c-9.4 9.4-24.6 9.4-33.9 0l-22.6-22.6c-9.4-9.4-9.4-24.6 0-33.9l96.4-96.4-96.4-96.4c-9.4-9.4-9.4-24.6 0-33.9L54.3 103c9.4-9.4 24.6-9.4 33.9 0l136 136c9.5 9.4 9.5 24.6.1 34z\"><\/path><\/svg><\/span>\n\t\t\t\t\t\t\t\t\t\t<span class=\"uael-accordion-icon-opened\"><svg class=\"e-font-icon-svg e-fas-angle-up\" viewBox=\"0 0 320 512\" xmlns=\"http:\/\/www.w3.org\/2000\/svg\"><path d=\"M177 159.7l136 136c9.4 9.4 9.4 24.6 0 33.9l-22.6 22.6c-9.4 9.4-24.6 9.4-33.9 0L160 255.9l-96.4 96.4c-9.4 9.4-24.6 9.4-33.9 0L7 329.7c-9.4-9.4-9.4-24.6 0-33.9l136-136c9.4-9.5 24.6-9.5 34-.1z\"><\/path><\/svg><\/span>\n\t\t\t\t\t\t\t\t\t<\/span>\n\t\t\t\t\t\t\t\t\t<span class=\"uael-question-1713d25 uael-question-span\" tabindex=\"0\" id=\"uael-faq-1-69f3220876095\">KVG Stade GmbH &amp; Co. KG<\/span>\n\t\t\t\t\t\t\t\t<\/div>\n\t\t\t\t\t\t\t\t<div class=\"uael-accordion-content\" role=\"tabpanel\">\n\t\t\t\t\t\t\t\t\t<span>\n\t\t\t\t\t\t\t\t\t\t\t<div data-elementor-type=\"section\" data-elementor-id=\"95\" class=\"elementor elementor-95\" data-elementor-post-type=\"elementor_library\">\n\t\t\t\t\t<section class=\"elementor-section elementor-top-section elementor-element elementor-element-2cf31524 elementor-section-boxed elementor-section-height-default elementor-section-height-default wpr-particle-no wpr-jarallax-no wpr-parallax-no wpr-sticky-section-no wpr-equal-height-no\" data-id=\"2cf31524\" data-element_type=\"section\" data-e-type=\"section\">\n\t\t\t\t\t\t<div class=\"elementor-container elementor-column-gap-default\">\n\t\t\t\t\t<div class=\"elementor-column elementor-col-100 elementor-top-column elementor-element elementor-element-22eeb082\" data-id=\"22eeb082\" data-element_type=\"column\" data-e-type=\"column\">\n\t\t\t<div class=\"elementor-widget-wrap elementor-element-populated\">\n\t\t\t\t\t\t<section class=\"elementor-section elementor-inner-section elementor-element elementor-element-1e4060b0 service-info-box elementor-section-boxed elementor-section-height-default elementor-section-height-default wpr-particle-no wpr-jarallax-no wpr-parallax-no wpr-sticky-section-no wpr-equal-height-no\" data-id=\"1e4060b0\" data-element_type=\"section\" data-e-type=\"section\" data-settings=\"{&quot;background_background&quot;:&quot;classic&quot;}\">\n\t\t\t\t\t\t<div class=\"elementor-container elementor-column-gap-default\">\n\t\t\t\t\t<div class=\"elementor-column elementor-col-50 elementor-inner-column elementor-element elementor-element-82d5491\" data-id=\"82d5491\" data-element_type=\"column\" data-e-type=\"column\">\n\t\t\t<div class=\"elementor-widget-wrap elementor-element-populated\">\n\t\t\t\t\t\t<div class=\"elementor-element elementor-element-18dc603d mb-2 elementor-widget elementor-widget-heading\" data-id=\"18dc603d\" data-element_type=\"widget\" data-e-type=\"widget\" data-widget_type=\"heading.default\">\n\t\t\t\t<div class=\"elementor-widget-container\">\n\t\t\t\t\t<h3 class=\"elementor-heading-title elementor-size-default\">CeBus-Kundendialog<\/h3>\t\t\t\t<\/div>\n\t\t\t\t<\/div>\n\t\t\t\t<div class=\"elementor-element elementor-element-6ec8b509 mb-1 elementor-widget elementor-widget-heading\" data-id=\"6ec8b509\" data-element_type=\"widget\" data-e-type=\"widget\" data-widget_type=\"heading.default\">\n\t\t\t\t<div class=\"elementor-widget-container\">\n\t\t\t\t\t<h3 class=\"elementor-heading-title elementor-size-default\">Wir sind erreichbar:<br>\nmo - do 7 - 17 Uhr | fr 7 - 15 Uhr<\/h3>\t\t\t\t<\/div>\n\t\t\t\t<\/div>\n\t\t\t\t<div class=\"elementor-element elementor-element-78194a7 elementor-widget elementor-widget-spacer\" data-id=\"78194a7\" data-element_type=\"widget\" data-e-type=\"widget\" data-widget_type=\"spacer.default\">\n\t\t\t\t<div class=\"elementor-widget-container\">\n\t\t\t\t\t\t\t<div class=\"elementor-spacer\">\n\t\t\t<div class=\"elementor-spacer-inner\"><\/div>\n\t\t<\/div>\n\t\t\t\t\t\t<\/div>\n\t\t\t\t<\/div>\n\t\t\t\t<div class=\"elementor-element elementor-element-a7e4512 elementor-button-primary elementor-widget elementor-widget-button\" data-id=\"a7e4512\" data-element_type=\"widget\" data-e-type=\"widget\" data-widget_type=\"button.default\">\n\t\t\t\t<div class=\"elementor-widget-container\">\n\t\t\t\t\t\t\t\t\t<div class=\"elementor-button-wrapper\">\n\t\t\t\t\t<a class=\"elementor-button elementor-button-link elementor-size-sm\" href=\"https:\/\/link.kvg-bus.de\/destination.php?wohin=d3kontaktcebus\" target=\"_blank\">\n\t\t\t\t\t\t<span class=\"elementor-button-content-wrapper\">\n\t\t\t\t\t\t\t\t\t<span class=\"elementor-button-text\">ZUM KONTAKTFORMULAR<\/span>\n\t\t\t\t\t<\/span>\n\t\t\t\t\t<\/a>\n\t\t\t\t<\/div>\n\t\t\t\t\t\t\t\t<\/div>\n\t\t\t\t<\/div>\n\t\t\t\t<div class=\"elementor-element elementor-element-5b1b85cc elementor-widget elementor-widget-spacer\" data-id=\"5b1b85cc\" data-element_type=\"widget\" data-e-type=\"widget\" data-widget_type=\"spacer.default\">\n\t\t\t\t<div class=\"elementor-widget-container\">\n\t\t\t\t\t\t\t<div class=\"elementor-spacer\">\n\t\t\t<div class=\"elementor-spacer-inner\"><\/div>\n\t\t<\/div>\n\t\t\t\t\t\t<\/div>\n\t\t\t\t<\/div>\n\t\t\t\t\t<\/div>\n\t\t<\/div>\n\t\t\t\t<div class=\"elementor-column elementor-col-50 elementor-inner-column elementor-element elementor-element-15261ff5\" data-id=\"15261ff5\" data-element_type=\"column\" data-e-type=\"column\">\n\t\t\t<div class=\"elementor-widget-wrap elementor-element-populated\">\n\t\t\t\t\t\t<div class=\"elementor-element elementor-element-6bb07cbe elementor-align-start elementor-list-item-link-inline elementor-mobile-align-start elementor-icon-list--layout-traditional elementor-widget elementor-widget-icon-list\" data-id=\"6bb07cbe\" data-element_type=\"widget\" data-e-type=\"widget\" data-widget_type=\"icon-list.default\">\n\t\t\t\t<div class=\"elementor-widget-container\">\n\t\t\t\t\t\t\t<ul class=\"elementor-icon-list-items\">\n\t\t\t\t\t\t\t<li class=\"elementor-icon-list-item\">\n\t\t\t\t\t\t\t\t\t\t\t<a href=\"tel:05141487080\">\n\n\t\t\t\t\t\t\t\t\t\t\t\t<span class=\"elementor-icon-list-icon\">\n\t\t\t\t\t\t\t<svg aria-hidden=\"true\" class=\"e-font-icon-svg e-fas-phone\" viewBox=\"0 0 512 512\" xmlns=\"http:\/\/www.w3.org\/2000\/svg\"><path d=\"M493.4 24.6l-104-24c-11.3-2.6-22.9 3.3-27.5 13.9l-48 112c-4.2 9.8-1.4 21.3 6.9 28l60.6 49.6c-36 76.7-98.9 140.5-177.2 177.2l-49.6-60.6c-6.8-8.3-18.2-11.1-28-6.9l-112 48C3.9 366.5-2 378.1.6 389.4l24 104C27.1 504.2 36.7 512 48 512c256.1 0 464-207.5 464-464 0-11.2-7.7-20.9-18.6-23.4z\"><\/path><\/svg>\t\t\t\t\t\t<\/span>\n\t\t\t\t\t\t\t\t\t\t<span class=\"elementor-icon-list-text\">05141 48708-0<\/span>\n\t\t\t\t\t\t\t\t\t\t\t<\/a>\n\t\t\t\t\t\t\t\t\t<\/li>\n\t\t\t\t\t\t\t\t<li class=\"elementor-icon-list-item\">\n\t\t\t\t\t\t\t\t\t\t\t<a href=\"mailto:info@cebus-celle.de\">\n\n\t\t\t\t\t\t\t\t\t\t\t\t<span class=\"elementor-icon-list-icon\">\n\t\t\t\t\t\t\t<svg aria-hidden=\"true\" class=\"e-font-icon-svg e-fas-paper-plane\" viewBox=\"0 0 512 512\" xmlns=\"http:\/\/www.w3.org\/2000\/svg\"><path d=\"M476 3.2L12.5 270.6c-18.1 10.4-15.8 35.6 2.2 43.2L121 358.4l287.3-253.2c5.5-4.9 13.3 2.6 8.6 8.3L176 407v80.5c0 23.6 28.5 32.9 42.5 15.8L282 426l124.6 52.2c14.2 6 30.4-2.9 33-18.2l72-432C515 7.8 493.3-6.8 476 3.2z\"><\/path><\/svg>\t\t\t\t\t\t<\/span>\n\t\t\t\t\t\t\t\t\t\t<span class=\"elementor-icon-list-text\">info@cebus-celle.de<\/span>\n\t\t\t\t\t\t\t\t\t\t\t<\/a>\n\t\t\t\t\t\t\t\t\t<\/li>\n\t\t\t\t\t\t\t\t<li class=\"elementor-icon-list-item\">\n\t\t\t\t\t\t\t\t\t\t\t<a href=\"https:\/\/link.kvg-bus.de\/destination.php?wohin=d3kontaktcebus\">\n\n\t\t\t\t\t\t\t\t\t\t\t\t<span class=\"elementor-icon-list-icon\">\n\t\t\t\t\t\t\t<i aria-hidden=\"true\" class=\"fas fa-comment-alt-smile\"><\/i>\t\t\t\t\t\t<\/span>\n\t\t\t\t\t\t\t\t\t\t<span class=\"elementor-icon-list-text\">Kontaktformular<\/span>\n\t\t\t\t\t\t\t\t\t\t\t<\/a>\n\t\t\t\t\t\t\t\t\t<\/li>\n\t\t\t\t\t\t\t\t<li class=\"elementor-icon-list-item\">\n\t\t\t\t\t\t\t\t\t\t\t<span class=\"elementor-icon-list-icon\">\n\t\t\t\t\t\t\t<i aria-hidden=\"true\" class=\"fas fa-house\"><\/i>\t\t\t\t\t\t<\/span>\n\t\t\t\t\t\t\t\t\t\t<span class=\"elementor-icon-list-text\">Nienburger Stra\u00dfe 50, 29225 Celle<\/span>\n\t\t\t\t\t\t\t\t\t<\/li>\n\t\t\t\t\t\t<\/ul>\n\t\t\t\t\t\t<\/div>\n\t\t\t\t<\/div>\n\t\t\t\t\t<\/div>\n\t\t<\/div>\n\t\t\t\t\t<\/div>\n\t\t<\/section>\n\t\t\t\t\t<\/div>\n\t\t<\/div>\n\t\t\t\t\t<\/div>\n\t\t<\/section>\n\t\t\t\t<\/div>\n\t\t\t\t\t\t\t\t\t\t\t<\/span>\n\t\t\t\t\t\t\t\t<\/div>\n\t\t\t\t\t\t\t<\/div>\n\t\t\t\t\t\t\t\t\t\t\t<\/div>\n\t\t\t<\/div>\n\t\t\t\t\t\t\t<\/div>\n\t\t\t\t<\/div>\n\t\t\t\t\t<\/div>\n\t\t<\/div>\n\t\t\t\t\t<\/div>\n\t\t<\/section>\n\t\t\t\t<section class=\"elementor-section elementor-top-section elementor-element elementor-element-4336b946 elementor-section-stretched elementor-section-boxed elementor-section-height-default elementor-section-height-default wpr-particle-no wpr-jarallax-no wpr-parallax-no wpr-sticky-section-no wpr-equal-height-no\" data-id=\"4336b946\" data-element_type=\"section\" data-e-type=\"section\" data-settings=\"{&quot;stretch_section&quot;:&quot;section-stretched&quot;,&quot;background_background&quot;:&quot;classic&quot;}\">\n\t\t\t\t\t\t<div class=\"elementor-container elementor-column-gap-default\">\n\t\t\t\t\t<div class=\"elementor-column elementor-col-100 elementor-top-column elementor-element elementor-element-27d4681c\" data-id=\"27d4681c\" data-element_type=\"column\" data-e-type=\"column\">\n\t\t\t<div class=\"elementor-widget-wrap elementor-element-populated\">\n\t\t\t\t\t\t<div class=\"elementor-element elementor-element-27444b5d grey-light align-at-left elementor-widget elementor-widget-uael-faq\" data-id=\"27444b5d\" data-element_type=\"widget\" data-e-type=\"widget\" data-widget_type=\"uael-faq.default\">\n\t\t\t\t<div class=\"elementor-widget-container\">\n\t\t\t\t\t\n\t\t\t<div id='uael-faq-wrapper-658' class=\"uael-faq-wrapper\">\n\t\t\t\t<div class=\"uael-faq-container uael-faq-layout-accordion\" data-layout=\"accordion\" >\n\t\t\t\t\t\t\t\t\t\t\t\t<div id=\"uael-accordion-1713d25\" class=\"uael-faq-accordion\" role=\"tablist\">\n\t\t\t\t\t\t\t\t<div class= \"uael-accordion-title\" aria-expanded=\"false\" role=\"tab\">\n\t\t\t\t\t\t\t\t\t<span class=\"uael-accordion-icon uael-accordion-icon-left\">\n\t\t\t\t\t\t\t\t\t\t<span class=\"uael-accordion-icon-closed\"><svg class=\"e-font-icon-svg e-fas-angle-right\" viewBox=\"0 0 256 512\" xmlns=\"http:\/\/www.w3.org\/2000\/svg\"><path d=\"M224.3 273l-136 136c-9.4 9.4-24.6 9.4-33.9 0l-22.6-22.6c-9.4-9.4-9.4-24.6 0-33.9l96.4-96.4-96.4-96.4c-9.4-9.4-9.4-24.6 0-33.9L54.3 103c9.4-9.4 24.6-9.4 33.9 0l136 136c9.5 9.4 9.5 24.6.1 34z\"><\/path><\/svg><\/span>\n\t\t\t\t\t\t\t\t\t\t<span class=\"uael-accordion-icon-opened\"><svg class=\"e-font-icon-svg e-fas-angle-up\" viewBox=\"0 0 320 512\" xmlns=\"http:\/\/www.w3.org\/2000\/svg\"><path d=\"M177 159.7l136 136c9.4 9.4 9.4 24.6 0 33.9l-22.6 22.6c-9.4 9.4-24.6 9.4-33.9 0L160 255.9l-96.4 96.4c-9.4 9.4-24.6 9.4-33.9 0L7 329.7c-9.4-9.4-9.4-24.6 0-33.9l136-136c9.4-9.5 24.6-9.5 34-.1z\"><\/path><\/svg><\/span>\n\t\t\t\t\t\t\t\t\t<\/span>\n\t\t\t\t\t\t\t\t\t<span class=\"uael-question-1713d25 uael-question-span\" tabindex=\"0\" id=\"uael-faq-1-69f3220877271\">M\u00fcller Busreisen GmbH<\/span>\n\t\t\t\t\t\t\t\t<\/div>\n\t\t\t\t\t\t\t\t<div class=\"uael-accordion-content\" role=\"tabpanel\">\n\t\t\t\t\t\t\t\t\t<span>\n\t\t\t\t\t\t\t\t\t\t\t\t\t\t\t\t\t\t<\/span>\n\t\t\t\t\t\t\t\t<\/div>\n\t\t\t\t\t\t\t<\/div>\n\t\t\t\t\t\t\t\t\t\t\t<\/div>\n\t\t\t<\/div>\n\t\t\t\t\t\t\t<\/div>\n\t\t\t\t<\/div>\n\t\t\t\t\t<\/div>\n\t\t<\/div>\n\t\t\t\t\t<\/div>\n\t\t<\/section>\n\t\t\t\t<section class=\"elementor-section elementor-top-section elementor-element elementor-element-d04e954 elementor-section-stretched elementor-section-boxed elementor-section-height-default elementor-section-height-default wpr-particle-no wpr-jarallax-no wpr-parallax-no wpr-sticky-section-no wpr-equal-height-no\" data-id=\"d04e954\" data-element_type=\"section\" data-e-type=\"section\" data-settings=\"{&quot;stretch_section&quot;:&quot;section-stretched&quot;,&quot;background_background&quot;:&quot;classic&quot;}\">\n\t\t\t\t\t\t<div class=\"elementor-container elementor-column-gap-default\">\n\t\t\t\t\t<div class=\"elementor-column elementor-col-100 elementor-top-column elementor-element elementor-element-68dd002c\" data-id=\"68dd002c\" data-element_type=\"column\" data-e-type=\"column\">\n\t\t\t<div class=\"elementor-widget-wrap elementor-element-populated\">\n\t\t\t\t\t\t<div class=\"elementor-element elementor-element-a516860 grey-light align-at-left elementor-widget elementor-widget-uael-faq\" data-id=\"a516860\" data-element_type=\"widget\" data-e-type=\"widget\" data-widget_type=\"uael-faq.default\">\n\t\t\t\t<div class=\"elementor-widget-container\">\n\t\t\t\t\t\n\t\t\t<div id='uael-faq-wrapper-173' class=\"uael-faq-wrapper\">\n\t\t\t\t<div class=\"uael-faq-container uael-faq-layout-accordion\" data-layout=\"accordion\" >\n\t\t\t\t\t\t\t\t\t\t\t\t<div id=\"uael-accordion-1713d25\" class=\"uael-faq-accordion\" role=\"tablist\">\n\t\t\t\t\t\t\t\t<div class= \"uael-accordion-title\" aria-expanded=\"false\" role=\"tab\">\n\t\t\t\t\t\t\t\t\t<span class=\"uael-accordion-icon uael-accordion-icon-left\">\n\t\t\t\t\t\t\t\t\t\t<span class=\"uael-accordion-icon-closed\"><svg class=\"e-font-icon-svg e-fas-angle-right\" viewBox=\"0 0 256 512\" xmlns=\"http:\/\/www.w3.org\/2000\/svg\"><path d=\"M224.3 273l-136 136c-9.4 9.4-24.6 9.4-33.9 0l-22.6-22.6c-9.4-9.4-9.4-24.6 0-33.9l96.4-96.4-96.4-96.4c-9.4-9.4-9.4-24.6 0-33.9L54.3 103c9.4-9.4 24.6-9.4 33.9 0l136 136c9.5 9.4 9.5 24.6.1 34z\"><\/path><\/svg><\/span>\n\t\t\t\t\t\t\t\t\t\t<span class=\"uael-accordion-icon-opened\"><svg class=\"e-font-icon-svg e-fas-angle-up\" viewBox=\"0 0 320 512\" xmlns=\"http:\/\/www.w3.org\/2000\/svg\"><path d=\"M177 159.7l136 136c9.4 9.4 9.4 24.6 0 33.9l-22.6 22.6c-9.4 9.4-24.6 9.4-33.9 0L160 255.9l-96.4 96.4c-9.4 9.4-24.6 9.4-33.9 0L7 329.7c-9.4-9.4-9.4-24.6 0-33.9l136-136c9.4-9.5 24.6-9.5 34-.1z\"><\/path><\/svg><\/span>\n\t\t\t\t\t\t\t\t\t<\/span>\n\t\t\t\t\t\t\t\t\t<span class=\"uael-question-1713d25 uael-question-span\" tabindex=\"0\" id=\"uael-faq-1-69f3220878188\">Verkehrsbetriebe Osthannover GmbH (VOG)<\/span>\n\t\t\t\t\t\t\t\t<\/div>\n\t\t\t\t\t\t\t\t<div class=\"uael-accordion-content\" role=\"tabpanel\">\n\t\t\t\t\t\t\t\t\t<span>\n\t\t\t\t\t\t\t\t\t\t\t\t\t\t\t\t\t\t<\/span>\n\t\t\t\t\t\t\t\t<\/div>\n\t\t\t\t\t\t\t<\/div>\n\t\t\t\t\t\t\t\t\t\t\t<\/div>\n\t\t\t<\/div>\n\t\t\t\t\t\t\t<\/div>\n\t\t\t\t<\/div>\n\t\t\t\t\t<\/div>\n\t\t<\/div>\n\t\t\t\t\t<\/div>\n\t\t<\/section>\n\t\t\t\t<section class=\"elementor-section elementor-top-section elementor-element elementor-element-5af5d918 elementor-section-stretched elementor-section-boxed elementor-section-height-default elementor-section-height-default wpr-particle-no wpr-jarallax-no wpr-parallax-no wpr-sticky-section-no wpr-equal-height-no\" data-id=\"5af5d918\" data-element_type=\"section\" data-e-type=\"section\" data-settings=\"{&quot;stretch_section&quot;:&quot;section-stretched&quot;,&quot;background_background&quot;:&quot;classic&quot;}\">\n\t\t\t\t\t\t<div class=\"elementor-container elementor-column-gap-default\">\n\t\t\t\t\t<div class=\"elementor-column elementor-col-100 elementor-top-column elementor-element elementor-element-72aef18\" data-id=\"72aef18\" data-element_type=\"column\" data-e-type=\"column\">\n\t\t\t<div class=\"elementor-widget-wrap elementor-element-populated\">\n\t\t\t\t\t\t<div class=\"elementor-element elementor-element-1ec74510 grey-light align-at-left elementor-widget elementor-widget-uael-faq\" data-id=\"1ec74510\" data-element_type=\"widget\" data-e-type=\"widget\" data-widget_type=\"uael-faq.default\">\n\t\t\t\t<div class=\"elementor-widget-container\">\n\t\t\t\t\t\n\t\t\t<div id='uael-faq-wrapper-516' class=\"uael-faq-wrapper\">\n\t\t\t\t<div class=\"uael-faq-container uael-faq-layout-accordion\" data-layout=\"accordion\" >\n\t\t\t\t\t\t\t\t\t\t\t\t<div id=\"uael-accordion-1713d25\" class=\"uael-faq-accordion\" role=\"tablist\">\n\t\t\t\t\t\t\t\t<div class= \"uael-accordion-title\" aria-expanded=\"false\" role=\"tab\">\n\t\t\t\t\t\t\t\t\t<span class=\"uael-accordion-icon uael-accordion-icon-left\">\n\t\t\t\t\t\t\t\t\t\t<span class=\"uael-accordion-icon-closed\"><svg class=\"e-font-icon-svg e-fas-angle-right\" viewBox=\"0 0 256 512\" xmlns=\"http:\/\/www.w3.org\/2000\/svg\"><path d=\"M224.3 273l-136 136c-9.4 9.4-24.6 9.4-33.9 0l-22.6-22.6c-9.4-9.4-9.4-24.6 0-33.9l96.4-96.4-96.4-96.4c-9.4-9.4-9.4-24.6 0-33.9L54.3 103c9.4-9.4 24.6-9.4 33.9 0l136 136c9.5 9.4 9.5 24.6.1 34z\"><\/path><\/svg><\/span>\n\t\t\t\t\t\t\t\t\t\t<span class=\"uael-accordion-icon-opened\"><svg class=\"e-font-icon-svg e-fas-angle-up\" viewBox=\"0 0 320 512\" xmlns=\"http:\/\/www.w3.org\/2000\/svg\"><path d=\"M177 159.7l136 136c9.4 9.4 9.4 24.6 0 33.9l-22.6 22.6c-9.4 9.4-24.6 9.4-33.9 0L160 255.9l-96.4 96.4c-9.4 9.4-24.6 9.4-33.9 0L7 329.7c-9.4-9.4-9.4-24.6 0-33.9l136-136c9.4-9.5 24.6-9.5 34-.1z\"><\/path><\/svg><\/span>\n\t\t\t\t\t\t\t\t\t<\/span>\n\t\t\t\t\t\t\t\t\t<span class=\"uael-question-1713d25 uael-question-span\" tabindex=\"0\" id=\"uael-faq-1-69f3220878e23\">Verkehrsbetriebe Bachstein GmbH<\/span>\n\t\t\t\t\t\t\t\t<\/div>\n\t\t\t\t\t\t\t\t<div class=\"uael-accordion-content\" role=\"tabpanel\">\n\t\t\t\t\t\t\t\t\t<span>\n\t\t\t\t\t\t\t\t\t\t\t\t\t\t\t\t\t\t<\/span>\n\t\t\t\t\t\t\t\t<\/div>\n\t\t\t\t\t\t\t<\/div>\n\t\t\t\t\t\t\t\t\t\t\t<\/div>\n\t\t\t<\/div>\n\t\t\t\t\t\t\t<\/div>\n\t\t\t\t<\/div>\n\t\t\t\t\t<\/div>\n\t\t<\/div>\n\t\t\t\t\t<\/div>\n\t\t<\/section>\n\t\t\t\t<section class=\"elementor-section elementor-top-section elementor-element elementor-element-34ac75d6 elementor-section-stretched elementor-section-boxed elementor-section-height-default elementor-section-height-default wpr-particle-no wpr-jarallax-no wpr-parallax-no wpr-sticky-section-no wpr-equal-height-no\" data-id=\"34ac75d6\" data-element_type=\"section\" data-e-type=\"section\" data-settings=\"{&quot;stretch_section&quot;:&quot;section-stretched&quot;,&quot;background_background&quot;:&quot;classic&quot;}\">\n\t\t\t\t\t\t<div class=\"elementor-container elementor-column-gap-default\">\n\t\t\t\t\t<div class=\"elementor-column elementor-col-100 elementor-top-column elementor-element elementor-element-494354b9\" data-id=\"494354b9\" data-element_type=\"column\" data-e-type=\"column\">\n\t\t\t<div class=\"elementor-widget-wrap elementor-element-populated\">\n\t\t\t\t\t\t<div class=\"elementor-element elementor-element-54e0c83a elementor-widget elementor-widget-heading\" data-id=\"54e0c83a\" data-element_type=\"widget\" data-e-type=\"widget\" data-widget_type=\"heading.default\">\n\t\t\t\t<div class=\"elementor-widget-container\">\n\t\t\t\t\t<h3 class=\"elementor-heading-title elementor-size-default\">Projekt 500 - Neuer Rekord: Elektrobus schafft \u00fcber 500 Kilometer<\/h3>\t\t\t\t<\/div>\n\t\t\t\t<\/div>\n\t\t\t\t<section class=\"elementor-section elementor-inner-section elementor-element elementor-element-7aa09d6f elementor-section-boxed elementor-section-height-default elementor-section-height-default wpr-particle-no wpr-jarallax-no wpr-parallax-no wpr-sticky-section-no wpr-equal-height-no\" data-id=\"7aa09d6f\" data-element_type=\"section\" data-e-type=\"section\">\n\t\t\t\t\t\t<div class=\"elementor-container elementor-column-gap-default\">\n\t\t\t\t\t<div class=\"elementor-column elementor-col-50 elementor-inner-column elementor-element elementor-element-3ddf77e3\" data-id=\"3ddf77e3\" data-element_type=\"column\" data-e-type=\"column\">\n\t\t\t<div class=\"elementor-widget-wrap elementor-element-populated\">\n\t\t\t\t\t\t<div class=\"elementor-element elementor-element-7bed30f8 elementor-widget__width-initial uael-faq-box-layout-yes align-at-left elementor-widget elementor-widget-uael-faq\" data-id=\"7bed30f8\" data-element_type=\"widget\" data-e-type=\"widget\" data-widget_type=\"uael-faq.default\">\n\t\t\t\t<div class=\"elementor-widget-container\">\n\t\t\t\t\t\n\t\t\t<div id='uael-faq-wrapper-207' class=\"uael-faq-wrapper\">\n\t\t\t\t<div class=\"uael-faq-container uael-faq-layout-accordion\" data-layout=\"accordion\" >\n\t\t\t\t\t\t\t\t\t\t\t\t<div id=\"uael-accordion-e2dacfd\" class=\"uael-faq-accordion\" role=\"tablist\">\n\t\t\t\t\t\t\t\t<div class= \"uael-accordion-title\" aria-expanded=\"false\" role=\"tab\">\n\t\t\t\t\t\t\t\t\t<span class=\"uael-accordion-icon uael-accordion-icon-left\">\n\t\t\t\t\t\t\t\t\t\t<span class=\"uael-accordion-icon-closed\"><svg class=\"e-font-icon-svg e-fas-angle-right\" viewBox=\"0 0 256 512\" xmlns=\"http:\/\/www.w3.org\/2000\/svg\"><path d=\"M224.3 273l-136 136c-9.4 9.4-24.6 9.4-33.9 0l-22.6-22.6c-9.4-9.4-9.4-24.6 0-33.9l96.4-96.4-96.4-96.4c-9.4-9.4-9.4-24.6 0-33.9L54.3 103c9.4-9.4 24.6-9.4 33.9 0l136 136c9.5 9.4 9.5 24.6.1 34z\"><\/path><\/svg><\/span>\n\t\t\t\t\t\t\t\t\t\t<span class=\"uael-accordion-icon-opened\"><svg class=\"e-font-icon-svg e-fas-angle-up\" viewBox=\"0 0 320 512\" xmlns=\"http:\/\/www.w3.org\/2000\/svg\"><path d=\"M177 159.7l136 136c9.4 9.4 9.4 24.6 0 33.9l-22.6 22.6c-9.4 9.4-24.6 9.4-33.9 0L160 255.9l-96.4 96.4c-9.4 9.4-24.6 9.4-33.9 0L7 329.7c-9.4-9.4-9.4-24.6 0-33.9l136-136c9.4-9.5 24.6-9.5 34-.1z\"><\/path><\/svg><\/span>\n\t\t\t\t\t\t\t\t\t<\/span>\n\t\t\t\t\t\t\t\t\t<span class=\"uael-question-e2dacfd uael-question-span\" tabindex=\"0\" id=\"uael-faq-1-69f322087a492\">Informationen und Ablauf<\/span>\n\t\t\t\t\t\t\t\t<\/div>\n\t\t\t\t\t\t\t\t<div class=\"uael-accordion-content\" role=\"tabpanel\">\n\t\t\t\t\t\t\t\t\t<span>\n\t\t\t\t\t\t\t\t\t<span><p>Hinsichtlich der Einsatzf\u00e4higkeit von Elektrobussen im regionalen Linienverkehr herrscht oftmals noch Skepsis bez\u00fcglich der Erreichbarkeit der Erreichbarkeit der im Vergleich zum st\u00e4dtischen \u00d6PNV signifikant h\u00f6heren Reiseweiten. Das Elektrobusse inzwischen auch im regionalen Verkehr konkurrenzf\u00e4hig sind hat ein Praxisversuch bei den Verrkehrsbetrieben Bachstein eindrucksvoll unter Beweis gestellt.<\/p><p>Bereits im Februar dieses Jahres f\u00fchrten die Verkehrsbetriebe Bachstein eine Testfahrt mit einem IVECO Heuliez E durch, um im Linienbetrieb die Reichweite einer Akkuladung zu testen. Trotz der im Februar herrschenden K\u00e4lte wurde die angegebene Reichweite zwischen 300 und 350 Kilometern erreicht. Zu diesem Zeitpunkt stand f\u00fcr das Unternehmen fest, dass im n\u00e4chsten Testversuch auch die 500-Kilometer-Marke mit nur einer Batterieladung erreicht werden kann.<\/p><p>Nun wurde die Rekordtestfahrt erfolgreich absolviert - 543 Kilometer, 48 Stunden auf der Linie 750 und kein Zwischenladen: eine beeindruckende Bilanz einer IVECO-Elektrobusfahrt. Denn das Fahrzeug selbst ist auf nur 300 Kilometer Laufleistung ausgelegt. Der IVECO vom Typ E-WAY pendelte f\u00fcr das Rekord-Projekt am 15. und 16. Juli von 5.30 bis 16 Uhr auf der Linie 750 im Landkreis Wolfenb\u00fctel in der Region Braunschweig mit nur einer Batterieladung. Bereits am 12. und 13. Juli schaffte der Elektrobus bei einem Vorabtest unter exakt denselben Voraussetzungen eine Reichweite von 520 Kilometern.<\/p><p>Begleitet wurden beide Testfahrten von Mitarbeitern des T\u00dcV Nord, die jeweils vor Beginn des ersten Testtages die Ladebuchse am Fahrzeug versiegelten und den Kilometerstand notierten. Nach Fahrtende des zweiten Tages wurde das Siegel wieder entfernt und die gefahrene Reichweite beglaubigt.<\/p><p>Besonderen Wert legte das Team der Verkehrsbetriebe Bachstein und den Partnern der \u201eBusGruppe\u201c darauf, den Elektrobus unter m\u00f6glichst realistischen Voraussetzungen zu testen. Deshalb fuhr der Bus auch auf einer realen Strecke und war im Berufs- und Sch\u00fclerverkehr unterwegs, stoppte an Haltestellen, \u00f6ffnete seine T\u00fcren und schloss sie wieder, Fahrg\u00e4ste stiegen ein und wieder aus.<\/p><\/span>\t\t\t\t\t\t\t\t\t<\/span>\n\t\t\t\t\t\t\t\t<\/div>\n\t\t\t\t\t\t\t<\/div>\n\t\t\t\t\t\t\t\t\t\t\t<\/div>\n\t\t\t<\/div>\n\t\t\t\t\t\t\t<\/div>\n\t\t\t\t<\/div>\n\t\t\t\t<div class=\"elementor-element elementor-element-38f11401 elementor-widget elementor-widget-spacer\" data-id=\"38f11401\" data-element_type=\"widget\" data-e-type=\"widget\" data-widget_type=\"spacer.default\">\n\t\t\t\t<div class=\"elementor-widget-container\">\n\t\t\t\t\t\t\t<div class=\"elementor-spacer\">\n\t\t\t<div class=\"elementor-spacer-inner\"><\/div>\n\t\t<\/div>\n\t\t\t\t\t\t<\/div>\n\t\t\t\t<\/div>\n\t\t\t\t<div class=\"elementor-element elementor-element-742afce1 elementor-widget elementor-widget-video\" data-id=\"742afce1\" data-element_type=\"widget\" data-e-type=\"widget\" data-settings=\"{&quot;youtube_url&quot;:&quot;https:\\\/\\\/www.youtube.com\\\/watch?v=XMNauUUG_Mk&amp;t=4s&quot;,&quot;video_type&quot;:&quot;youtube&quot;,&quot;controls&quot;:&quot;yes&quot;}\" data-widget_type=\"video.default\">\n\t\t\t\t<div class=\"elementor-widget-container\">\n\t\t\t\t\t\t\t<div class=\"elementor-wrapper elementor-open-inline\">\n\t\t\t<div class=\"elementor-video\"><\/div>\t\t<\/div>\n\t\t\t\t\t\t<\/div>\n\t\t\t\t<\/div>\n\t\t\t\t\t<\/div>\n\t\t<\/div>\n\t\t\t\t<div class=\"elementor-column elementor-col-50 elementor-inner-column elementor-element elementor-element-4224a761\" data-id=\"4224a761\" data-element_type=\"column\" data-e-type=\"column\">\n\t\t\t<div class=\"elementor-widget-wrap\">\n\t\t\t\t\t\t\t<\/div>\n\t\t<\/div>\n\t\t\t\t\t<\/div>\n\t\t<\/section>\n\t\t\t\t\t<\/div>\n\t\t<\/div>\n\t\t\t\t\t<\/div>\n\t\t<\/section>\n\t\t\t\t<section class=\"elementor-section elementor-top-section elementor-element elementor-element-1d59dd09 elementor-section-boxed elementor-section-height-default elementor-section-height-default wpr-particle-no wpr-jarallax-no wpr-parallax-no wpr-sticky-section-no wpr-equal-height-no\" data-id=\"1d59dd09\" data-element_type=\"section\" data-e-type=\"section\">\n\t\t\t\t\t\t<div class=\"elementor-container elementor-column-gap-default\">\n\t\t\t\t\t<div class=\"elementor-column elementor-col-100 elementor-top-column elementor-element elementor-element-30eee32d\" data-id=\"30eee32d\" data-element_type=\"column\" data-e-type=\"column\">\n\t\t\t<div class=\"elementor-widget-wrap elementor-element-populated\">\n\t\t\t\t\t\t<div class=\"elementor-element elementor-element-2b102ba3 elementor-widget elementor-widget-spacer\" data-id=\"2b102ba3\" data-element_type=\"widget\" data-e-type=\"widget\" data-widget_type=\"spacer.default\">\n\t\t\t\t<div class=\"elementor-widget-container\">\n\t\t\t\t\t\t\t<div class=\"elementor-spacer\">\n\t\t\t<div class=\"elementor-spacer-inner\"><\/div>\n\t\t<\/div>\n\t\t\t\t\t\t<\/div>\n\t\t\t\t<\/div>\n\t\t\t\t\t<\/div>\n\t\t<\/div>\n\t\t\t\t\t<\/div>\n\t\t<\/section>\n\t\t\t\t<section class=\"elementor-section elementor-top-section elementor-element elementor-element-4fcecf75 elementor-section-boxed elementor-section-height-default elementor-section-height-default wpr-particle-no wpr-jarallax-no wpr-parallax-no wpr-sticky-section-no wpr-equal-height-no\" data-id=\"4fcecf75\" data-element_type=\"section\" data-e-type=\"section\">\n\t\t\t\t\t\t<div class=\"elementor-container elementor-column-gap-default\">\n\t\t\t\t\t<div class=\"elementor-column elementor-col-100 elementor-top-column elementor-element elementor-element-6962cc1a\" data-id=\"6962cc1a\" data-element_type=\"column\" data-e-type=\"column\">\n\t\t\t<div class=\"elementor-widget-wrap elementor-element-populated\">\n\t\t\t\t\t\t<section class=\"elementor-section elementor-inner-section elementor-element elementor-element-5f6f7687 margin-left-0 elementor-section-boxed elementor-section-height-default elementor-section-height-default wpr-particle-no wpr-jarallax-no wpr-parallax-no wpr-sticky-section-no wpr-equal-height-no\" data-id=\"5f6f7687\" data-element_type=\"section\" data-e-type=\"section\">\n\t\t\t\t\t\t<div class=\"elementor-container elementor-column-gap-default\">\n\t\t\t\t\t<div class=\"elementor-column elementor-col-100 elementor-inner-column elementor-element elementor-element-42a4ce74\" data-id=\"42a4ce74\" data-element_type=\"column\" data-e-type=\"column\">\n\t\t\t<div class=\"elementor-widget-wrap elementor-element-populated\">\n\t\t\t\t\t\t<div class=\"elementor-element elementor-element-66c28d86 elementor-widget elementor-widget-heading\" data-id=\"66c28d86\" data-element_type=\"widget\" data-e-type=\"widget\" data-widget_type=\"heading.default\">\n\t\t\t\t<div class=\"elementor-widget-container\">\n\t\t\t\t\t<h2 class=\"elementor-heading-title elementor-size-default\">Unserer Verantwortung bewusst - Soziales Engagement<\/h2>\t\t\t\t<\/div>\n\t\t\t\t<\/div>\n\t\t\t\t\t<\/div>\n\t\t<\/div>\n\t\t\t\t\t<\/div>\n\t\t<\/section>\n\t\t\t\t<section class=\"elementor-section elementor-inner-section elementor-element elementor-element-3b0d02b0 margin-left-0 elementor-section-boxed elementor-section-height-default elementor-section-height-default wpr-particle-no wpr-jarallax-no wpr-parallax-no wpr-sticky-section-no wpr-equal-height-no\" data-id=\"3b0d02b0\" data-element_type=\"section\" data-e-type=\"section\">\n\t\t\t\t\t\t<div class=\"elementor-container elementor-column-gap-default\">\n\t\t\t\t\t<div class=\"elementor-column elementor-col-100 elementor-inner-column elementor-element elementor-element-2b22bbb3\" data-id=\"2b22bbb3\" data-element_type=\"column\" data-e-type=\"column\">\n\t\t\t<div class=\"elementor-widget-wrap elementor-element-populated\">\n\t\t\t\t\t\t<div class=\"elementor-element elementor-element-4cfcc0b3 elementor-widget elementor-widget-text-editor\" data-id=\"4cfcc0b3\" data-element_type=\"widget\" data-e-type=\"widget\" data-widget_type=\"text-editor.default\">\n\t\t\t\t<div class=\"elementor-widget-container\">\n\t\t\t\t\t\t\t\t\t<p>Wir engagieren uns in vielerlei Hinsicht in sozialen Projekten. Alle unsere Partner werden sorgsam und kritisch ausgesucht. Hier finden Sie alle unsere Partner auf einen Blick.<\/p>\t\t\t\t\t\t\t\t<\/div>\n\t\t\t\t<\/div>\n\t\t\t\t<div class=\"elementor-element elementor-element-103dc398 elementor-widget elementor-widget-menu-anchor\" data-id=\"103dc398\" data-element_type=\"widget\" data-e-type=\"widget\" data-widget_type=\"menu-anchor.default\">\n\t\t\t\t<div class=\"elementor-widget-container\">\n\t\t\t\t\t\t\t<div class=\"elementor-menu-anchor\" id=\"SozialesEngagement\"><\/div>\n\t\t\t\t\t\t<\/div>\n\t\t\t\t<\/div>\n\t\t\t\t<div class=\"elementor-element elementor-element-180c555f grey-light uael-faq-box-layout-yes align-at-left elementor-widget elementor-widget-uael-faq\" data-id=\"180c555f\" data-element_type=\"widget\" data-e-type=\"widget\" data-widget_type=\"uael-faq.default\">\n\t\t\t\t<div class=\"elementor-widget-container\">\n\t\t\t\t\t\n\t\t\t<div id='uael-faq-wrapper-403' class=\"uael-faq-wrapper\">\n\t\t\t\t<div class=\"uael-faq-container uael-faq-layout-accordion\" data-layout=\"accordion\" >\n\t\t\t\t\t\t\t\t\t\t\t\t<div id=\"uael-accordion-93747b6\" class=\"uael-faq-accordion\" role=\"tablist\">\n\t\t\t\t\t\t\t\t<div class= \"uael-accordion-title\" aria-expanded=\"false\" role=\"tab\">\n\t\t\t\t\t\t\t\t\t<span class=\"uael-accordion-icon uael-accordion-icon-left\">\n\t\t\t\t\t\t\t\t\t\t<span class=\"uael-accordion-icon-closed\"><svg class=\"e-font-icon-svg e-fas-angle-right\" viewBox=\"0 0 256 512\" xmlns=\"http:\/\/www.w3.org\/2000\/svg\"><path d=\"M224.3 273l-136 136c-9.4 9.4-24.6 9.4-33.9 0l-22.6-22.6c-9.4-9.4-9.4-24.6 0-33.9l96.4-96.4-96.4-96.4c-9.4-9.4-9.4-24.6 0-33.9L54.3 103c9.4-9.4 24.6-9.4 33.9 0l136 136c9.5 9.4 9.5 24.6.1 34z\"><\/path><\/svg><\/span>\n\t\t\t\t\t\t\t\t\t\t<span class=\"uael-accordion-icon-opened\"><svg class=\"e-font-icon-svg e-fas-angle-up\" viewBox=\"0 0 320 512\" xmlns=\"http:\/\/www.w3.org\/2000\/svg\"><path d=\"M177 159.7l136 136c9.4 9.4 9.4 24.6 0 33.9l-22.6 22.6c-9.4 9.4-24.6 9.4-33.9 0L160 255.9l-96.4 96.4c-9.4 9.4-24.6 9.4-33.9 0L7 329.7c-9.4-9.4-9.4-24.6 0-33.9l136-136c9.4-9.5 24.6-9.5 34-.1z\"><\/path><\/svg><\/span>\n\t\t\t\t\t\t\t\t\t<\/span>\n\t\t\t\t\t\t\t\t\t<span class=\"uael-question-93747b6 uael-question-span\" tabindex=\"0\" id=\"uael-faq-1-69f322087f59e\">DLRG Celle \u2013 Allerschwimmen<\/span>\n\t\t\t\t\t\t\t\t<\/div>\n\t\t\t\t\t\t\t\t<div class=\"uael-accordion-content\" role=\"tabpanel\">\n\t\t\t\t\t\t\t\t\t<span>\n\t\t\t\t\t\t\t\t\t<span><p>Das Aller-Winter-Fackelschwimmen des <a href=\"https:\/\/celle.dlrg.de\/\" target=\"_blank\" rel=\"noopener\">DLRG Celle<\/a> wurde erstmals 1966 durchgef\u00fchrt und ist damit das \u00e4lteste Winter-Fackelschwimmen in Deutschland. Die Idee ein Wintertraining durchzuf\u00fchren, entstand aus der damaligen Tauchertruppe, um die Kondition zu trainieren und eine neue Ausr\u00fcstung zu testen. 10-12 Mitglieder sind im Februar 1966 mit ihren neuen Taucheranz\u00fcgen im Celler Stadtteil Altencelle in die ca. 2\u00b0C kalte Aller gestiegen und die knapp 9 Kilometer bis zum Vereinsheim in den Celler Hafen geschwommen.<\/p><p>Seither haben sich \u00f6rtliche Feuerwehren, Vereine und Tauchclubs angeschlossen, sodass in jedem Jahr am zweiten Samstag im Februar zwischen 200 und 250 Teilnehmer von Altencelle bis zu den Dammaschwiesen schwimmen.<\/p><p>Wir unterst\u00fctzen das Allerschwimmen mit der Bereitstellung von zwei Bussen f\u00fcr den schnellen Transfer der Schwimmerinnen und Schwimmer zum Duschen in der Turnhalle am Schulzentrum Burgstra\u00dfe.<\/p><\/span>\t\t\t\t\t\t\t\t\t<\/span>\n\t\t\t\t\t\t\t\t<\/div>\n\t\t\t\t\t\t\t<\/div>\n\t\t\t\t\t\t\t\t\t\t\t\t\t\t<div id=\"uael-accordion-f839991\" class=\"uael-faq-accordion\" role=\"tablist\">\n\t\t\t\t\t\t\t\t<div class= \"uael-accordion-title\" aria-expanded=\"false\" role=\"tab\">\n\t\t\t\t\t\t\t\t\t<span class=\"uael-accordion-icon uael-accordion-icon-left\">\n\t\t\t\t\t\t\t\t\t\t<span class=\"uael-accordion-icon-closed\"><svg class=\"e-font-icon-svg e-fas-angle-right\" viewBox=\"0 0 256 512\" xmlns=\"http:\/\/www.w3.org\/2000\/svg\"><path d=\"M224.3 273l-136 136c-9.4 9.4-24.6 9.4-33.9 0l-22.6-22.6c-9.4-9.4-9.4-24.6 0-33.9l96.4-96.4-96.4-96.4c-9.4-9.4-9.4-24.6 0-33.9L54.3 103c9.4-9.4 24.6-9.4 33.9 0l136 136c9.5 9.4 9.5 24.6.1 34z\"><\/path><\/svg><\/span>\n\t\t\t\t\t\t\t\t\t\t<span class=\"uael-accordion-icon-opened\"><svg class=\"e-font-icon-svg e-fas-angle-up\" viewBox=\"0 0 320 512\" xmlns=\"http:\/\/www.w3.org\/2000\/svg\"><path d=\"M177 159.7l136 136c9.4 9.4 9.4 24.6 0 33.9l-22.6 22.6c-9.4 9.4-24.6 9.4-33.9 0L160 255.9l-96.4 96.4c-9.4 9.4-24.6 9.4-33.9 0L7 329.7c-9.4-9.4-9.4-24.6 0-33.9l136-136c9.4-9.5 24.6-9.5 34-.1z\"><\/path><\/svg><\/span>\n\t\t\t\t\t\t\t\t\t<\/span>\n\t\t\t\t\t\t\t\t\t<span class=\"uael-question-f839991 uael-question-span\" tabindex=\"0\" id=\"uael-faq-2-69f322087f631\">Celler Wasa-Lauf<\/span>\n\t\t\t\t\t\t\t\t<\/div>\n\t\t\t\t\t\t\t\t<div class=\"uael-accordion-content\" role=\"tabpanel\">\n\t\t\t\t\t\t\t\t\t<span>\n\t\t\t\t\t\t\t\t\t<span><p>Seit mehr als 40 Jahren richtet der <a href=\"https:\/\/mtveintrachtcelle.de\/\" target=\"_blank\" rel=\"noopener\">MTV Eintracht Celle<\/a> gemeinsam mit vielen ehrenamtlichen Helfern den <a href=\"https:\/\/www.celler-wasa-lauf.de\/cgi-bin\/wasa\/pages.pl\" target=\"_blank\" rel=\"noopener\">Celler Wasa-Lauf<\/a> aus. Mehrere Tausend L\u00e4uferinnen und L\u00e4ufer nehmen jedes Jahr am zweiten Sonntag im M\u00e4rz an dem Sport Event teil.<\/p><p>Wir unterst\u00fctzen den Celler Wasa-Lauf mit der Bereitstellung von zwei Bussen, die den L\u00e4uferinnen und L\u00e4ufern als Gep\u00e4ckaufbewahrung dienen.<\/p><\/span>\t\t\t\t\t\t\t\t\t<\/span>\n\t\t\t\t\t\t\t\t<\/div>\n\t\t\t\t\t\t\t<\/div>\n\t\t\t\t\t\t\t\t\t\t\t\t\t\t<div id=\"uael-accordion-74328f5\" class=\"uael-faq-accordion\" role=\"tablist\">\n\t\t\t\t\t\t\t\t<div class= \"uael-accordion-title\" aria-expanded=\"false\" role=\"tab\">\n\t\t\t\t\t\t\t\t\t<span class=\"uael-accordion-icon uael-accordion-icon-left\">\n\t\t\t\t\t\t\t\t\t\t<span class=\"uael-accordion-icon-closed\"><svg class=\"e-font-icon-svg e-fas-angle-right\" viewBox=\"0 0 256 512\" xmlns=\"http:\/\/www.w3.org\/2000\/svg\"><path d=\"M224.3 273l-136 136c-9.4 9.4-24.6 9.4-33.9 0l-22.6-22.6c-9.4-9.4-9.4-24.6 0-33.9l96.4-96.4-96.4-96.4c-9.4-9.4-9.4-24.6 0-33.9L54.3 103c9.4-9.4 24.6-9.4 33.9 0l136 136c9.5 9.4 9.5 24.6.1 34z\"><\/path><\/svg><\/span>\n\t\t\t\t\t\t\t\t\t\t<span class=\"uael-accordion-icon-opened\"><svg class=\"e-font-icon-svg e-fas-angle-up\" viewBox=\"0 0 320 512\" xmlns=\"http:\/\/www.w3.org\/2000\/svg\"><path d=\"M177 159.7l136 136c9.4 9.4 9.4 24.6 0 33.9l-22.6 22.6c-9.4 9.4-24.6 9.4-33.9 0L160 255.9l-96.4 96.4c-9.4 9.4-24.6 9.4-33.9 0L7 329.7c-9.4-9.4-9.4-24.6 0-33.9l136-136c9.4-9.5 24.6-9.5 34-.1z\"><\/path><\/svg><\/span>\n\t\t\t\t\t\t\t\t\t<\/span>\n\t\t\t\t\t\t\t\t\t<span class=\"uael-question-74328f5 uael-question-span\" tabindex=\"0\" id=\"uael-faq-3-69f322087f686\">Kulturlandschaft Celle \u201eKulturTrif(f)t\u201c <\/span>\n\t\t\t\t\t\t\t\t<\/div>\n\t\t\t\t\t\t\t\t<div class=\"uael-accordion-content\" role=\"tabpanel\">\n\t\t\t\t\t\t\t\t\t<span>\n\t\t\t\t\t\t\t\t\t<span><p>Durch die Aktion \u201e<a href=\"https:\/\/kulturtrifft.de\/\" target=\"_blank\" rel=\"noopener\">Kulturgesichter<\/a>\" ist in Celle 2020 ein Netzwerk entstanden, in dem ein gro\u00dfes Ma\u00df an Kreativit\u00e4t und Energie geb\u00fcndelt ist. Daraus sind seither kunterbunte Programme voller guter Laune, bunter Kl\u00e4nge und kultureller Gen\u00fcsse entstanden.<\/p><p>Wir stehen den Projekten jederzeit offen gegen\u00fcber und unterst\u00fctzen, wo es m\u00f6glich ist. Die Portraits von 160 Kulturakteuren zieren einen Linienbus, der in Stadt- und Landkreis Celle unterwegs ist. Mit der Aufnahme der Portr\u00e4ts wurde der Celler Kulturszene w\u00e4hrend der langen, pandemiebedingten Zwangspause ein Gesicht verliehen.<\/p><\/span>\t\t\t\t\t\t\t\t\t<\/span>\n\t\t\t\t\t\t\t\t<\/div>\n\t\t\t\t\t\t\t<\/div>\n\t\t\t\t\t\t\t\t\t\t\t\t\t\t<div id=\"uael-accordion-f34f206\" class=\"uael-faq-accordion\" role=\"tablist\">\n\t\t\t\t\t\t\t\t<div class= \"uael-accordion-title\" aria-expanded=\"false\" role=\"tab\">\n\t\t\t\t\t\t\t\t\t<span class=\"uael-accordion-icon uael-accordion-icon-left\">\n\t\t\t\t\t\t\t\t\t\t<span class=\"uael-accordion-icon-closed\"><svg class=\"e-font-icon-svg e-fas-angle-right\" viewBox=\"0 0 256 512\" xmlns=\"http:\/\/www.w3.org\/2000\/svg\"><path d=\"M224.3 273l-136 136c-9.4 9.4-24.6 9.4-33.9 0l-22.6-22.6c-9.4-9.4-9.4-24.6 0-33.9l96.4-96.4-96.4-96.4c-9.4-9.4-9.4-24.6 0-33.9L54.3 103c9.4-9.4 24.6-9.4 33.9 0l136 136c9.5 9.4 9.5 24.6.1 34z\"><\/path><\/svg><\/span>\n\t\t\t\t\t\t\t\t\t\t<span class=\"uael-accordion-icon-opened\"><svg class=\"e-font-icon-svg e-fas-angle-up\" viewBox=\"0 0 320 512\" xmlns=\"http:\/\/www.w3.org\/2000\/svg\"><path d=\"M177 159.7l136 136c9.4 9.4 9.4 24.6 0 33.9l-22.6 22.6c-9.4 9.4-24.6 9.4-33.9 0L160 255.9l-96.4 96.4c-9.4 9.4-24.6 9.4-33.9 0L7 329.7c-9.4-9.4-9.4-24.6 0-33.9l136-136c9.4-9.5 24.6-9.5 34-.1z\"><\/path><\/svg><\/span>\n\t\t\t\t\t\t\t\t\t<\/span>\n\t\t\t\t\t\t\t\t\t<span class=\"uael-question-f34f206 uael-question-span\" tabindex=\"0\" id=\"uael-faq-4-69f322087f6cf\">Lions Club Celle Residenzstadt <\/span>\n\t\t\t\t\t\t\t\t<\/div>\n\t\t\t\t\t\t\t\t<div class=\"uael-accordion-content\" role=\"tabpanel\">\n\t\t\t\t\t\t\t\t\t<span>\n\t\t\t\t\t\t\t\t\t<span><p>Der Lions Club Celle Residenzstadt wurde im Jahr 2010 gegr\u00fcndet und in die Gemeinschaft der Lion Clubs aufgenommen. Entsprechend dem Lions-Motto \"We Serve\" = \"Wir helfen\" ist der Lions Club nicht nur den Zielen von LIONS CLUB INTERNATIONAL verbunden, sondern auch mit dem Hauptaugenmerk der F\u00f6rderung sozialer und kultureller Projekte in Celle und Umgebung.<\/p><p>Wir unterst\u00fctzen den <a href=\"https:\/\/celle-residenzstadt.lions.de\/\" target=\"_blank\" rel=\"noopener\">Lions Club Celle Residenzstadt<\/a> j\u00e4hrlich mit Gutscheinen f\u00fcr Monatskarten, die \u00fcber die Adventkalender-Aktion ausgegeben werden und nehmen gleichzeitig ca. 700 Adventskalender ab, die wir an unsere Abonnenten und Mitarbeiter verschenken.<\/p><\/span>\t\t\t\t\t\t\t\t\t<\/span>\n\t\t\t\t\t\t\t\t<\/div>\n\t\t\t\t\t\t\t<\/div>\n\t\t\t\t\t\t\t\t\t\t\t\t\t\t<div id=\"uael-accordion-dd05695\" class=\"uael-faq-accordion\" role=\"tablist\">\n\t\t\t\t\t\t\t\t<div class= \"uael-accordion-title\" aria-expanded=\"false\" role=\"tab\">\n\t\t\t\t\t\t\t\t\t<span class=\"uael-accordion-icon uael-accordion-icon-left\">\n\t\t\t\t\t\t\t\t\t\t<span class=\"uael-accordion-icon-closed\"><svg class=\"e-font-icon-svg e-fas-angle-right\" viewBox=\"0 0 256 512\" xmlns=\"http:\/\/www.w3.org\/2000\/svg\"><path d=\"M224.3 273l-136 136c-9.4 9.4-24.6 9.4-33.9 0l-22.6-22.6c-9.4-9.4-9.4-24.6 0-33.9l96.4-96.4-96.4-96.4c-9.4-9.4-9.4-24.6 0-33.9L54.3 103c9.4-9.4 24.6-9.4 33.9 0l136 136c9.5 9.4 9.5 24.6.1 34z\"><\/path><\/svg><\/span>\n\t\t\t\t\t\t\t\t\t\t<span class=\"uael-accordion-icon-opened\"><svg class=\"e-font-icon-svg e-fas-angle-up\" viewBox=\"0 0 320 512\" xmlns=\"http:\/\/www.w3.org\/2000\/svg\"><path d=\"M177 159.7l136 136c9.4 9.4 9.4 24.6 0 33.9l-22.6 22.6c-9.4 9.4-24.6 9.4-33.9 0L160 255.9l-96.4 96.4c-9.4 9.4-24.6 9.4-33.9 0L7 329.7c-9.4-9.4-9.4-24.6 0-33.9l136-136c9.4-9.5 24.6-9.5 34-.1z\"><\/path><\/svg><\/span>\n\t\t\t\t\t\t\t\t\t<\/span>\n\t\t\t\t\t\t\t\t\t<span class=\"uael-question-dd05695 uael-question-span\" tabindex=\"0\" id=\"uael-faq-5-69f322087f72b\">CD-Kaserne \u201eIch bin stark\u201c \u2013 Musik und Pr\u00e4ventionsprojekt f\u00fcr Kinder <\/span>\n\t\t\t\t\t\t\t\t<\/div>\n\t\t\t\t\t\t\t\t<div class=\"uael-accordion-content\" role=\"tabpanel\">\n\t\t\t\t\t\t\t\t\t<span>\n\t\t\t\t\t\t\t\t\t<span><p>Mit dem Projekt \u201eIch bin stark\u201c bietet die <a href=\"https:\/\/cd-kaserne.de\/startseite.html\" target=\"_blank\" rel=\"noopener\">CD-Kaserne<\/a> Grundsch\u00fclern alle zwei Jahre ein Musik-, Kultur- und Pr\u00e4ventionsprogramm an, an dem sich bis zu 800 Kinder aus Stadt und Landkreis Celle beteiligen.\u00a0Im Laufe des Projekts erfahren die Kinder, wie wichtig es ist, im Team immer auch den Schw\u00e4chsten mit einzubeziehen \u2013 ihn stark zu machen. Sie lernen bei ihren Mitsch\u00fclern unentdeckte St\u00e4rken und Schw\u00e4chen kennen und damit umzugehen.\u00a0<\/p><p>Im Tonstudio der CD-Kaserne nehmen die Sch\u00fclerinnen und Sch\u00fcler eine CD mit selbst getexteten Liedern auf, wir bieten den kostenlosen Transfer zwischen Schule und CD-Kaserne an.<\/p><\/span>\t\t\t\t\t\t\t\t\t<\/span>\n\t\t\t\t\t\t\t\t<\/div>\n\t\t\t\t\t\t\t<\/div>\n\t\t\t\t\t\t\t\t\t\t\t\t\t\t<div id=\"uael-accordion-fc01dc8\" class=\"uael-faq-accordion\" role=\"tablist\">\n\t\t\t\t\t\t\t\t<div class= \"uael-accordion-title\" aria-expanded=\"false\" role=\"tab\">\n\t\t\t\t\t\t\t\t\t<span class=\"uael-accordion-icon uael-accordion-icon-left\">\n\t\t\t\t\t\t\t\t\t\t<span class=\"uael-accordion-icon-closed\"><svg class=\"e-font-icon-svg e-fas-angle-right\" viewBox=\"0 0 256 512\" xmlns=\"http:\/\/www.w3.org\/2000\/svg\"><path d=\"M224.3 273l-136 136c-9.4 9.4-24.6 9.4-33.9 0l-22.6-22.6c-9.4-9.4-9.4-24.6 0-33.9l96.4-96.4-96.4-96.4c-9.4-9.4-9.4-24.6 0-33.9L54.3 103c9.4-9.4 24.6-9.4 33.9 0l136 136c9.5 9.4 9.5 24.6.1 34z\"><\/path><\/svg><\/span>\n\t\t\t\t\t\t\t\t\t\t<span class=\"uael-accordion-icon-opened\"><svg class=\"e-font-icon-svg e-fas-angle-up\" viewBox=\"0 0 320 512\" xmlns=\"http:\/\/www.w3.org\/2000\/svg\"><path d=\"M177 159.7l136 136c9.4 9.4 9.4 24.6 0 33.9l-22.6 22.6c-9.4 9.4-24.6 9.4-33.9 0L160 255.9l-96.4 96.4c-9.4 9.4-24.6 9.4-33.9 0L7 329.7c-9.4-9.4-9.4-24.6 0-33.9l136-136c9.4-9.5 24.6-9.5 34-.1z\"><\/path><\/svg><\/span>\n\t\t\t\t\t\t\t\t\t<\/span>\n\t\t\t\t\t\t\t\t\t<span class=\"uael-question-fc01dc8 uael-question-span\" tabindex=\"0\" id=\"uael-faq-6-69f322087f76e\">Stadt Celle \u2013 Seniorenkino<\/span>\n\t\t\t\t\t\t\t\t<\/div>\n\t\t\t\t\t\t\t\t<div class=\"uael-accordion-content\" role=\"tabpanel\">\n\t\t\t\t\t\t\t\t\t<span>\n\t\t\t\t\t\t\t\t\t<span><p>Einmal im Monat verwandelt sich die alte Exerzierhalle am Neuen Rathaus in einen Kinosaal mit Kaffeestube f\u00fcr Senioren. Dazu finden sich an die 180 Besucherinnen und Besucher ein, um gemeinsam einen gem\u00fctlichen Nachmittag zu verbringen.<\/p><p>Mit mehreren Akteuren wechseln wir uns ab und spendieren den Kuchen f\u00fcr das Event und h\u00e4ngen die Kinoplakate kostenlos in unseren Bussen aus.<\/p><\/span>\t\t\t\t\t\t\t\t\t<\/span>\n\t\t\t\t\t\t\t\t<\/div>\n\t\t\t\t\t\t\t<\/div>\n\t\t\t\t\t\t\t\t\t\t\t\t\t\t<div id=\"uael-accordion-6c88375\" class=\"uael-faq-accordion\" role=\"tablist\">\n\t\t\t\t\t\t\t\t<div class= \"uael-accordion-title\" aria-expanded=\"false\" role=\"tab\">\n\t\t\t\t\t\t\t\t\t<span class=\"uael-accordion-icon uael-accordion-icon-left\">\n\t\t\t\t\t\t\t\t\t\t<span class=\"uael-accordion-icon-closed\"><svg class=\"e-font-icon-svg e-fas-angle-right\" viewBox=\"0 0 256 512\" xmlns=\"http:\/\/www.w3.org\/2000\/svg\"><path d=\"M224.3 273l-136 136c-9.4 9.4-24.6 9.4-33.9 0l-22.6-22.6c-9.4-9.4-9.4-24.6 0-33.9l96.4-96.4-96.4-96.4c-9.4-9.4-9.4-24.6 0-33.9L54.3 103c9.4-9.4 24.6-9.4 33.9 0l136 136c9.5 9.4 9.5 24.6.1 34z\"><\/path><\/svg><\/span>\n\t\t\t\t\t\t\t\t\t\t<span class=\"uael-accordion-icon-opened\"><svg class=\"e-font-icon-svg e-fas-angle-up\" viewBox=\"0 0 320 512\" xmlns=\"http:\/\/www.w3.org\/2000\/svg\"><path d=\"M177 159.7l136 136c9.4 9.4 9.4 24.6 0 33.9l-22.6 22.6c-9.4 9.4-24.6 9.4-33.9 0L160 255.9l-96.4 96.4c-9.4 9.4-24.6 9.4-33.9 0L7 329.7c-9.4-9.4-9.4-24.6 0-33.9l136-136c9.4-9.5 24.6-9.5 34-.1z\"><\/path><\/svg><\/span>\n\t\t\t\t\t\t\t\t\t<\/span>\n\t\t\t\t\t\t\t\t\t<span class=\"uael-question-6c88375 uael-question-span\" tabindex=\"0\" id=\"uael-faq-7-69f322087f7b5\">Stadt Celle \u2013 Jugendarbeit<\/span>\n\t\t\t\t\t\t\t\t<\/div>\n\t\t\t\t\t\t\t\t<div class=\"uael-accordion-content\" role=\"tabpanel\">\n\t\t\t\t\t\t\t\t\t<span>\n\t\t\t\t\t\t\t\t\t<span><p>Wir unterst\u00fctzen die Jugendarbeit der Stadt Celle bei mehreren Projekten:<\/p><ul><li>Kostenlose Buswerbung und Aushang von Plakaten zu Aktionen<\/li><li>Ferienpass Inhaber fahren w\u00e4hrend der Ferien kostenlos mit dem Bus<\/li><li>Kostenlose Buswerbung f\u00fcr einen Spendenaufruf zur Sanierung des Skateparks<\/li><li>Kostenloser Transfer Bahnhof\/Inkognito zum Juicy Underground Festival<\/li><\/ul><\/span>\t\t\t\t\t\t\t\t\t<\/span>\n\t\t\t\t\t\t\t\t<\/div>\n\t\t\t\t\t\t\t<\/div>\n\t\t\t\t\t\t\t\t\t\t\t\t\t\t<div id=\"uael-accordion-3120d55\" class=\"uael-faq-accordion\" role=\"tablist\">\n\t\t\t\t\t\t\t\t<div class= \"uael-accordion-title\" aria-expanded=\"false\" role=\"tab\">\n\t\t\t\t\t\t\t\t\t<span class=\"uael-accordion-icon uael-accordion-icon-left\">\n\t\t\t\t\t\t\t\t\t\t<span class=\"uael-accordion-icon-closed\"><svg class=\"e-font-icon-svg e-fas-angle-right\" viewBox=\"0 0 256 512\" xmlns=\"http:\/\/www.w3.org\/2000\/svg\"><path d=\"M224.3 273l-136 136c-9.4 9.4-24.6 9.4-33.9 0l-22.6-22.6c-9.4-9.4-9.4-24.6 0-33.9l96.4-96.4-96.4-96.4c-9.4-9.4-9.4-24.6 0-33.9L54.3 103c9.4-9.4 24.6-9.4 33.9 0l136 136c9.5 9.4 9.5 24.6.1 34z\"><\/path><\/svg><\/span>\n\t\t\t\t\t\t\t\t\t\t<span class=\"uael-accordion-icon-opened\"><svg class=\"e-font-icon-svg e-fas-angle-up\" viewBox=\"0 0 320 512\" xmlns=\"http:\/\/www.w3.org\/2000\/svg\"><path d=\"M177 159.7l136 136c9.4 9.4 9.4 24.6 0 33.9l-22.6 22.6c-9.4 9.4-24.6 9.4-33.9 0L160 255.9l-96.4 96.4c-9.4 9.4-24.6 9.4-33.9 0L7 329.7c-9.4-9.4-9.4-24.6 0-33.9l136-136c9.4-9.5 24.6-9.5 34-.1z\"><\/path><\/svg><\/span>\n\t\t\t\t\t\t\t\t\t<\/span>\n\t\t\t\t\t\t\t\t\t<span class=\"uael-question-3120d55 uael-question-span\" tabindex=\"0\" id=\"uael-faq-8-69f322087f816\">Samtgemeinde Lachendorf \u2013 Projekt Schulbuslotsen <\/span>\n\t\t\t\t\t\t\t\t<\/div>\n\t\t\t\t\t\t\t\t<div class=\"uael-accordion-content\" role=\"tabpanel\">\n\t\t\t\t\t\t\t\t\t<span>\n\t\t\t\t\t\t\t\t\t<span><p>In jedem Jahr werden in Kooperation mit der Samtgemeinde Lachenddorf, der Polizei sowie der OBS Lachendorf und dem Immanuel-Kant-Gymnasium Schulbuslotsen ausgebildet.<\/p><p>Wir spendieren den Sch\u00fclerinnen und Sch\u00fclern die Busfahrt zu einem Workshop in einem Landschulheim und die Busfahrt zu einem Spa\u00df-Event.<\/p><\/span>\t\t\t\t\t\t\t\t\t<\/span>\n\t\t\t\t\t\t\t\t<\/div>\n\t\t\t\t\t\t\t<\/div>\n\t\t\t\t\t\t\t\t\t\t\t\t\t\t<div id=\"uael-accordion-787388a\" class=\"uael-faq-accordion\" role=\"tablist\">\n\t\t\t\t\t\t\t\t<div class= \"uael-accordion-title\" aria-expanded=\"false\" role=\"tab\">\n\t\t\t\t\t\t\t\t\t<span class=\"uael-accordion-icon uael-accordion-icon-left\">\n\t\t\t\t\t\t\t\t\t\t<span class=\"uael-accordion-icon-closed\"><svg class=\"e-font-icon-svg e-fas-angle-right\" viewBox=\"0 0 256 512\" xmlns=\"http:\/\/www.w3.org\/2000\/svg\"><path d=\"M224.3 273l-136 136c-9.4 9.4-24.6 9.4-33.9 0l-22.6-22.6c-9.4-9.4-9.4-24.6 0-33.9l96.4-96.4-96.4-96.4c-9.4-9.4-9.4-24.6 0-33.9L54.3 103c9.4-9.4 24.6-9.4 33.9 0l136 136c9.5 9.4 9.5 24.6.1 34z\"><\/path><\/svg><\/span>\n\t\t\t\t\t\t\t\t\t\t<span class=\"uael-accordion-icon-opened\"><svg class=\"e-font-icon-svg e-fas-angle-up\" viewBox=\"0 0 320 512\" xmlns=\"http:\/\/www.w3.org\/2000\/svg\"><path d=\"M177 159.7l136 136c9.4 9.4 9.4 24.6 0 33.9l-22.6 22.6c-9.4 9.4-24.6 9.4-33.9 0L160 255.9l-96.4 96.4c-9.4 9.4-24.6 9.4-33.9 0L7 329.7c-9.4-9.4-9.4-24.6 0-33.9l136-136c9.4-9.5 24.6-9.5 34-.1z\"><\/path><\/svg><\/span>\n\t\t\t\t\t\t\t\t\t<\/span>\n\t\t\t\t\t\t\t\t\t<span class=\"uael-question-787388a uael-question-span\" tabindex=\"0\" id=\"uael-faq-9-69f322087f864\">Deutscher Kinderhospizverein e. V.<\/span>\n\t\t\t\t\t\t\t\t<\/div>\n\t\t\t\t\t\t\t\t<div class=\"uael-accordion-content\" role=\"tabpanel\">\n\t\t\t\t\t\t\t\t\t<span>\n\t\t\t\t\t\t\t\t\t<span><p>Am 10. Februar wird in jedem Jahr der \"Tag der Kinderhospizarbeit\" begangen. An diesem Tag wird auf die Situation junger Menschen mit lebensbegrenzender Diagnose und deren Familien aufmerksam gemacht. Der Deutsche Kinderhospizverein, als Initiator des Gedenktages, hat dazu ein gr\u00fcnes Band herausgebracht, das inzwischen bundesweit Beachtung findet.<\/p><p>Um die Verbundenheit und die Hochachtung f\u00fcr die Arbeit der ehrenamtlichen Mitarbeiter in der Kinder- und Familienhospizarbeit zum Ausdruck zu bringen, \u201ehissen\u201c wir am 10. Februar bei allen Bussen die gr\u00fcne Flagge.<\/p><p>Weitere Informationen zur Kinderhospizarbeit finden Sie <a href=\"https:\/\/www.deutscher-kinderhospizverein.de\/\" target=\"_blank\" rel=\"noopener\">hier<\/a>.<\/p><\/span>\t\t\t\t\t\t\t\t\t<\/span>\n\t\t\t\t\t\t\t\t<\/div>\n\t\t\t\t\t\t\t<\/div>\n\t\t\t\t\t\t\t\t\t\t\t<\/div>\n\t\t\t<\/div>\n\t\t\t\t\t\t\t<\/div>\n\t\t\t\t<\/div>\n\t\t\t\t\t<\/div>\n\t\t<\/div>\n\t\t\t\t\t<\/div>\n\t\t<\/section>\n\t\t\t\t\t<\/div>\n\t\t<\/div>\n\t\t\t\t\t<\/div>\n\t\t<\/section>\n\t\t\t\t<section class=\"elementor-section elementor-top-section elementor-element elementor-element-d58091d elementor-section-boxed elementor-section-height-default elementor-section-height-default wpr-particle-no wpr-jarallax-no wpr-parallax-no wpr-sticky-section-no wpr-equal-height-no\" data-id=\"d58091d\" data-element_type=\"section\" data-e-type=\"section\">\n\t\t\t\t\t\t<div class=\"elementor-container elementor-column-gap-default\">\n\t\t\t\t\t<div class=\"elementor-column elementor-col-100 elementor-top-column elementor-element elementor-element-22b88717\" data-id=\"22b88717\" data-element_type=\"column\" data-e-type=\"column\">\n\t\t\t<div class=\"elementor-widget-wrap elementor-element-populated\">\n\t\t\t\t\t\t<div class=\"elementor-element elementor-element-3a12d4b8 elementor-widget elementor-widget-spacer\" data-id=\"3a12d4b8\" data-element_type=\"widget\" data-e-type=\"widget\" data-widget_type=\"spacer.default\">\n\t\t\t\t<div class=\"elementor-widget-container\">\n\t\t\t\t\t\t\t<div class=\"elementor-spacer\">\n\t\t\t<div class=\"elementor-spacer-inner\"><\/div>\n\t\t<\/div>\n\t\t\t\t\t\t<\/div>\n\t\t\t\t<\/div>\n\t\t\t\t\t<\/div>\n\t\t<\/div>\n\t\t\t\t\t<\/div>\n\t\t<\/section>\n\t\t\t\t<\/div>\n\t\t","protected":false},"excerpt":{"rendered":"<p>DIE CEBUS-STORY Wen unsere Story interessiert, der wird hier f\u00fcndig. Wann wurde was gemacht und vor allem \u201ewarum\u201c?\u00a0Ein Team, eine Geschichte. 2002 gegr\u00fcndet Wir haben CeBus 2002 gegr\u00fcndet und sind seither f\u00fcr den \u00f6ffentlichen Personennahverkehr (\u00d6PNV) und die Sch\u00fclerbef\u00f6rderung in Stadt und Landkreis Celle verantwortlich. Unser Hauptsitz mit Verwaltung, Werkstatt und Busdepot ist in Celle, zus\u00e4tzlich betreiben wir Betriebsh\u00f6fe in Fa\u00dfberg (mit Werkstatt), Wietze und Eicklingen. Dar\u00fcber hinaus verf\u00fcgen wir \u00fcber Depots in Steinhorst, Bergen, Marwede und Hohne. Vereinte Kr\u00e4fte 273 Mitarbeiterinnen und Mitarbeiter fahren, reparieren, verwalten, reinigen, kontrollieren und halten damit den Betrieb auf dem Laufenden. Unser engagiertes Team ist das Herzst\u00fcck unseres Erfolgs. Wir legen gro\u00dfen Wert auf Freundlichkeit und Serviceorientierung. Unser Personal wird regelm\u00e4\u00dfig geschult, um sicherzustellen, dass wir dir immer den besten Kundenservice bieten. M\u00f6chtest du auch ein Teil davon werden? Dann wirf einen Blick auf unsere Karriereseite, vielleicht ist ein interessanter Job f\u00fcr dich dabei. Einsteigen bitte! Unter dem Motto \u201eCeBus kommt gut an\u201c bef\u00f6rdern wir t\u00e4glich tausende Menschen. Dabei steht die Kundenzufriedenheit an erster Stelle. Unser wichtigstes Ziel: dich sicher und p\u00fcnktlich an dein Ziel zu bringen. Dies sind unsere Werte und Prinzipien, die uns leiten und zu einem verl\u00e4sslichen Partner im \u00f6ffentlichen Nahverkehr machen \u2013 darauf kannst du dich verlassen. Der Umwelt zuliebe Wir setzen auf umweltfreundliche Mobilit\u00e4t im \u00f6ffentlichen Nahverkehr und betreiben eine moderne Fahrzeugflotte, die h\u00f6chsten Umweltstandards entspricht. Derzeit sind \u00fcber 100 Busse im regul\u00e4ren Linienverkehr im Einsatz. S\u00e4mtliche Fahrzeuge erf\u00fcllen die strenge Abgasnorm Euro 6 \u2013 f\u00fcr eine saubere und nachhaltige Bef\u00f6rderung. Ab dem Jahr 2026 leiten wir den n\u00e4chsten Schritt in Richtung klimafreundlicher Zukunft ein: den Umstieg auf Elektromobilit\u00e4t. Im Zeitraum von 2026 bis 2028 ist geplant, insgesamt 50 Fahrzeuge durch moderne E-Busse zu ersetzen. Mission und Vision Wir sind stolz auf unsere bisherigen Erfolge und auf unsere Mitarbeitenden, die dies erm\u00f6glichen und sind fest entschlossen, auch in Zukunft zu deiner Mobilit\u00e4t und Lebensqualit\u00e4t beizutragen. Unsere langfristigen Ziele beinhalten die aktive Teilnahme an der Verkehrswende und den Schutz von Natur und Umwelt. Starke Zahlen, die bewegen. Stand: 2023 Die BusGruppe: Ressourcen und Know-how unter einem Dach vereint. Seit ihrer Gr\u00fcndung im Jahr 2014 bildet die BusGruppe eine leistungsstarke Kooperation aus den gesellschaftlich verbundenen Unternehmen Verkehrsbetriebe Bachstein, CeBus, KVG und VOG. Zum 1. Januar 2019 wurde dieses Netzwerk um M\u00fcller Busreisen erweitert, wodurch die Gruppe weiter an Kompetenz und Reichweite gewonnen hat. Als starke Gemeinschaft setzen wir uns f\u00fcr eine zuverl\u00e4ssige, sichere und zukunftsorientierte Mobilit\u00e4t in der Region ein. Durch eine enge Vernetzung, den effizienten Einsatz gemeinsamer Ressourcen und den kontinuierlichen Austausch von Fachwissen entstehen wertvolle Synergien, die allen Partnerunternehmen zugutekommen. Diese enge Zusammenarbeit erm\u00f6glicht es uns, unser Verkehrsangebot stetig zu optimieren und flexibel an die sich wandelnden Anforderungen unserer Fahrg\u00e4ste anzupassen. Die BusGruppe steht f\u00fcr moderne und bedarfsgerechte Mobilit\u00e4tsl\u00f6sungen, die h\u00f6chsten Qualit\u00e4tsanspr\u00fcchen gen\u00fcgen. Unser Fokus liegt darauf, den \u00f6ffentlichen Nahverkehr nicht nur effizient und nachhaltig zu gestalten, sondern auch den Menschen in der Region eine komfortable, sichere und zukunftsf\u00e4hige Mobilit\u00e4t zu bieten. Dabei stehen unsere Auftraggeber und Mitarbeiter gleicherma\u00dfen im Mittelpunkt unseres Handelns. Durch ihr Engagement und ihre Expertise tragen unsere Mitarbeiter ma\u00dfgeblich zur Qualit\u00e4t und Weiterentwicklung unserer Mobilit\u00e4tsangebote bei. Ebenso sind wir ein verl\u00e4sslicher Partner f\u00fcr unsere Auftraggeber und arbeiten mit ihnen eng zusammen, um ma\u00dfgeschneiderte L\u00f6sungen f\u00fcr die Mobilit\u00e4t der Zukunft zu entwickeln. Unsere St\u00e4rke liegt in der vertrauensvollen Zusammenarbeit mit einer Vielzahl von Partnern. Ob Kommunen, Verkehrsverb\u00fcnde oder Unternehmen \u2013 durch langj\u00e4hrige Kooperationen und eine enge Abstimmung schaffen wir nachhaltige und zukunftsweisende Verkehrsangebote, die die Mobilit\u00e4t in der Region aktiv mitgestalten. VERKEHRSGEBIETSKARTE CeBus GmbH &amp; Co. KG KVG Stade GmbH &amp; Co. KG CeBus-Kundendialog Wir sind erreichbar: mo &#8211; do 7 &#8211; 17 Uhr | fr 7 &#8211; 15 Uhr ZUM KONTAKTFORMULAR 05141 48708-0 info@cebus-celle.de Kontaktformular Nienburger Stra\u00dfe 50, 29225 Celle M\u00fcller Busreisen GmbH Verkehrsbetriebe Osthannover GmbH (VOG) Verkehrsbetriebe Bachstein GmbH Projekt 500 &#8211; Neuer Rekord: Elektrobus schafft \u00fcber 500 Kilometer Informationen und Ablauf Hinsichtlich der Einsatzf\u00e4higkeit von Elektrobussen im regionalen Linienverkehr herrscht oftmals noch Skepsis bez\u00fcglich der Erreichbarkeit der Erreichbarkeit der im Vergleich zum st\u00e4dtischen \u00d6PNV signifikant h\u00f6heren Reiseweiten. Das Elektrobusse inzwischen auch im regionalen Verkehr konkurrenzf\u00e4hig sind hat ein Praxisversuch bei den Verrkehrsbetrieben Bachstein eindrucksvoll unter Beweis gestellt. Bereits im Februar dieses Jahres f\u00fchrten die Verkehrsbetriebe Bachstein eine Testfahrt mit einem IVECO Heuliez E durch, um im Linienbetrieb die Reichweite einer Akkuladung zu testen. Trotz der im Februar herrschenden K\u00e4lte wurde die angegebene Reichweite zwischen 300 und 350 Kilometern erreicht. Zu diesem Zeitpunkt stand f\u00fcr das Unternehmen fest, dass im n\u00e4chsten Testversuch auch die 500-Kilometer-Marke mit nur einer Batterieladung erreicht werden kann. Nun wurde die Rekordtestfahrt erfolgreich absolviert &#8211; 543 Kilometer, 48 Stunden auf der Linie 750 und kein Zwischenladen: eine beeindruckende Bilanz einer IVECO-Elektrobusfahrt. Denn das Fahrzeug selbst ist auf nur 300 Kilometer Laufleistung ausgelegt. Der IVECO vom Typ E-WAY pendelte f\u00fcr das Rekord-Projekt am 15. und 16. Juli von 5.30 bis 16 Uhr auf der Linie 750 im Landkreis Wolfenb\u00fctel in der Region Braunschweig mit nur einer Batterieladung. Bereits am 12. und 13. Juli schaffte der Elektrobus bei einem Vorabtest unter exakt denselben Voraussetzungen eine Reichweite von 520 Kilometern. Begleitet wurden beide Testfahrten von Mitarbeitern des T\u00dcV Nord, die jeweils vor Beginn des ersten Testtages die Ladebuchse am Fahrzeug versiegelten und den Kilometerstand notierten. Nach Fahrtende des zweiten Tages wurde das Siegel wieder entfernt und die gefahrene Reichweite beglaubigt. Besonderen Wert legte das Team der Verkehrsbetriebe Bachstein und den Partnern der \u201eBusGruppe\u201c darauf, den Elektrobus unter m\u00f6glichst realistischen Voraussetzungen zu testen. Deshalb fuhr der Bus auch auf einer realen Strecke und war im Berufs- und Sch\u00fclerverkehr unterwegs, stoppte an Haltestellen, \u00f6ffnete seine T\u00fcren und schloss sie wieder, Fahrg\u00e4ste stiegen ein und wieder aus. Sie sehen gerade einen Platzhalterinhalt von Standard. Um auf den eigentlichen Inhalt zuzugreifen, klicken Sie auf den Button unten. Bitte beachten Sie, dass dabei Daten an Drittanbieter weitergegeben werden. Inhalt entsperren Erforderlichen Service akzeptieren und Inhalte entsperren Weitere Informationen Unserer Verantwortung bewusst &#8211; Soziales Engagement Wir engagieren uns in vielerlei Hinsicht in sozialen Projekten. Alle unsere Partner werden<\/p>\n","protected":false},"author":1,"featured_media":0,"parent":0,"menu_order":0,"comment_status":"closed","ping_status":"closed","template":"","meta":{"footnotes":""},"class_list":["post-201","page","type-page","status-publish","hentry"],"yoast_head":"<!-- This site is optimized with the Yoast SEO plugin v27.4 - https:\/\/yoast.com\/product\/yoast-seo-wordpress\/ -->\n<title>\u00dcber uns - cebus<\/title>\n<meta name=\"robots\" content=\"index, follow, max-snippet:-1, max-image-preview:large, max-video-preview:-1\" \/>\n<link rel=\"canonical\" href=\"https:\/\/kvg-bus.de\/cebus\/ueber-uns\/\" \/>\n<meta property=\"og:locale\" content=\"de_DE\" \/>\n<meta property=\"og:type\" content=\"article\" \/>\n<meta property=\"og:title\" content=\"\u00dcber uns - cebus\" \/>\n<meta property=\"og:description\" content=\"DIE CEBUS-STORY Wen unsere Story interessiert, der wird hier f\u00fcndig. Wann wurde was gemacht und vor allem \u201ewarum\u201c?\u00a0Ein Team, eine Geschichte. 2002 gegr\u00fcndet Wir haben CeBus 2002 gegr\u00fcndet und sind seither f\u00fcr den \u00f6ffentlichen Personennahverkehr (\u00d6PNV) und die Sch\u00fclerbef\u00f6rderung in Stadt und Landkreis Celle verantwortlich. Unser Hauptsitz mit Verwaltung, Werkstatt und Busdepot ist in Celle, zus\u00e4tzlich betreiben wir Betriebsh\u00f6fe in Fa\u00dfberg (mit Werkstatt), Wietze und Eicklingen. Dar\u00fcber hinaus verf\u00fcgen wir \u00fcber Depots in Steinhorst, Bergen, Marwede und Hohne. Vereinte Kr\u00e4fte 273 Mitarbeiterinnen und Mitarbeiter fahren, reparieren, verwalten, reinigen, kontrollieren und halten damit den Betrieb auf dem Laufenden. Unser engagiertes Team ist das Herzst\u00fcck unseres Erfolgs. Wir legen gro\u00dfen Wert auf Freundlichkeit und Serviceorientierung. Unser Personal wird regelm\u00e4\u00dfig geschult, um sicherzustellen, dass wir dir immer den besten Kundenservice bieten. M\u00f6chtest du auch ein Teil davon werden? Dann wirf einen Blick auf unsere Karriereseite, vielleicht ist ein interessanter Job f\u00fcr dich dabei. Einsteigen bitte! Unter dem Motto \u201eCeBus kommt gut an\u201c bef\u00f6rdern wir t\u00e4glich tausende Menschen. Dabei steht die Kundenzufriedenheit an erster Stelle. Unser wichtigstes Ziel: dich sicher und p\u00fcnktlich an dein Ziel zu bringen. Dies sind unsere Werte und Prinzipien, die uns leiten und zu einem verl\u00e4sslichen Partner im \u00f6ffentlichen Nahverkehr machen \u2013 darauf kannst du dich verlassen. Der Umwelt zuliebe Wir setzen auf umweltfreundliche Mobilit\u00e4t im \u00f6ffentlichen Nahverkehr und betreiben eine moderne Fahrzeugflotte, die h\u00f6chsten Umweltstandards entspricht. Derzeit sind \u00fcber 100 Busse im regul\u00e4ren Linienverkehr im Einsatz. S\u00e4mtliche Fahrzeuge erf\u00fcllen die strenge Abgasnorm Euro 6 \u2013 f\u00fcr eine saubere und nachhaltige Bef\u00f6rderung. Ab dem Jahr 2026 leiten wir den n\u00e4chsten Schritt in Richtung klimafreundlicher Zukunft ein: den Umstieg auf Elektromobilit\u00e4t. Im Zeitraum von 2026 bis 2028 ist geplant, insgesamt 50 Fahrzeuge durch moderne E-Busse zu ersetzen. Mission und Vision Wir sind stolz auf unsere bisherigen Erfolge und auf unsere Mitarbeitenden, die dies erm\u00f6glichen und sind fest entschlossen, auch in Zukunft zu deiner Mobilit\u00e4t und Lebensqualit\u00e4t beizutragen. Unsere langfristigen Ziele beinhalten die aktive Teilnahme an der Verkehrswende und den Schutz von Natur und Umwelt. Starke Zahlen, die bewegen. Stand: 2023 Die BusGruppe: Ressourcen und Know-how unter einem Dach vereint. Seit ihrer Gr\u00fcndung im Jahr 2014 bildet die BusGruppe eine leistungsstarke Kooperation aus den gesellschaftlich verbundenen Unternehmen Verkehrsbetriebe Bachstein, CeBus, KVG und VOG. Zum 1. Januar 2019 wurde dieses Netzwerk um M\u00fcller Busreisen erweitert, wodurch die Gruppe weiter an Kompetenz und Reichweite gewonnen hat. Als starke Gemeinschaft setzen wir uns f\u00fcr eine zuverl\u00e4ssige, sichere und zukunftsorientierte Mobilit\u00e4t in der Region ein. Durch eine enge Vernetzung, den effizienten Einsatz gemeinsamer Ressourcen und den kontinuierlichen Austausch von Fachwissen entstehen wertvolle Synergien, die allen Partnerunternehmen zugutekommen. Diese enge Zusammenarbeit erm\u00f6glicht es uns, unser Verkehrsangebot stetig zu optimieren und flexibel an die sich wandelnden Anforderungen unserer Fahrg\u00e4ste anzupassen. Die BusGruppe steht f\u00fcr moderne und bedarfsgerechte Mobilit\u00e4tsl\u00f6sungen, die h\u00f6chsten Qualit\u00e4tsanspr\u00fcchen gen\u00fcgen. Unser Fokus liegt darauf, den \u00f6ffentlichen Nahverkehr nicht nur effizient und nachhaltig zu gestalten, sondern auch den Menschen in der Region eine komfortable, sichere und zukunftsf\u00e4hige Mobilit\u00e4t zu bieten. Dabei stehen unsere Auftraggeber und Mitarbeiter gleicherma\u00dfen im Mittelpunkt unseres Handelns. Durch ihr Engagement und ihre Expertise tragen unsere Mitarbeiter ma\u00dfgeblich zur Qualit\u00e4t und Weiterentwicklung unserer Mobilit\u00e4tsangebote bei. Ebenso sind wir ein verl\u00e4sslicher Partner f\u00fcr unsere Auftraggeber und arbeiten mit ihnen eng zusammen, um ma\u00dfgeschneiderte L\u00f6sungen f\u00fcr die Mobilit\u00e4t der Zukunft zu entwickeln. Unsere St\u00e4rke liegt in der vertrauensvollen Zusammenarbeit mit einer Vielzahl von Partnern. Ob Kommunen, Verkehrsverb\u00fcnde oder Unternehmen \u2013 durch langj\u00e4hrige Kooperationen und eine enge Abstimmung schaffen wir nachhaltige und zukunftsweisende Verkehrsangebote, die die Mobilit\u00e4t in der Region aktiv mitgestalten. VERKEHRSGEBIETSKARTE CeBus GmbH &amp; Co. KG KVG Stade GmbH &amp; Co. KG CeBus-Kundendialog Wir sind erreichbar: mo &#8211; do 7 &#8211; 17 Uhr | fr 7 &#8211; 15 Uhr ZUM KONTAKTFORMULAR 05141 48708-0 info@cebus-celle.de Kontaktformular Nienburger Stra\u00dfe 50, 29225 Celle M\u00fcller Busreisen GmbH Verkehrsbetriebe Osthannover GmbH (VOG) Verkehrsbetriebe Bachstein GmbH Projekt 500 &#8211; Neuer Rekord: Elektrobus schafft \u00fcber 500 Kilometer Informationen und Ablauf Hinsichtlich der Einsatzf\u00e4higkeit von Elektrobussen im regionalen Linienverkehr herrscht oftmals noch Skepsis bez\u00fcglich der Erreichbarkeit der Erreichbarkeit der im Vergleich zum st\u00e4dtischen \u00d6PNV signifikant h\u00f6heren Reiseweiten. Das Elektrobusse inzwischen auch im regionalen Verkehr konkurrenzf\u00e4hig sind hat ein Praxisversuch bei den Verrkehrsbetrieben Bachstein eindrucksvoll unter Beweis gestellt. Bereits im Februar dieses Jahres f\u00fchrten die Verkehrsbetriebe Bachstein eine Testfahrt mit einem IVECO Heuliez E durch, um im Linienbetrieb die Reichweite einer Akkuladung zu testen. Trotz der im Februar herrschenden K\u00e4lte wurde die angegebene Reichweite zwischen 300 und 350 Kilometern erreicht. Zu diesem Zeitpunkt stand f\u00fcr das Unternehmen fest, dass im n\u00e4chsten Testversuch auch die 500-Kilometer-Marke mit nur einer Batterieladung erreicht werden kann. Nun wurde die Rekordtestfahrt erfolgreich absolviert &#8211; 543 Kilometer, 48 Stunden auf der Linie 750 und kein Zwischenladen: eine beeindruckende Bilanz einer IVECO-Elektrobusfahrt. Denn das Fahrzeug selbst ist auf nur 300 Kilometer Laufleistung ausgelegt. Der IVECO vom Typ E-WAY pendelte f\u00fcr das Rekord-Projekt am 15. und 16. Juli von 5.30 bis 16 Uhr auf der Linie 750 im Landkreis Wolfenb\u00fctel in der Region Braunschweig mit nur einer Batterieladung. Bereits am 12. und 13. Juli schaffte der Elektrobus bei einem Vorabtest unter exakt denselben Voraussetzungen eine Reichweite von 520 Kilometern. Begleitet wurden beide Testfahrten von Mitarbeitern des T\u00dcV Nord, die jeweils vor Beginn des ersten Testtages die Ladebuchse am Fahrzeug versiegelten und den Kilometerstand notierten. Nach Fahrtende des zweiten Tages wurde das Siegel wieder entfernt und die gefahrene Reichweite beglaubigt. Besonderen Wert legte das Team der Verkehrsbetriebe Bachstein und den Partnern der \u201eBusGruppe\u201c darauf, den Elektrobus unter m\u00f6glichst realistischen Voraussetzungen zu testen. Deshalb fuhr der Bus auch auf einer realen Strecke und war im Berufs- und Sch\u00fclerverkehr unterwegs, stoppte an Haltestellen, \u00f6ffnete seine T\u00fcren und schloss sie wieder, Fahrg\u00e4ste stiegen ein und wieder aus. Sie sehen gerade einen Platzhalterinhalt von Standard. Um auf den eigentlichen Inhalt zuzugreifen, klicken Sie auf den Button unten. Bitte beachten Sie, dass dabei Daten an Drittanbieter weitergegeben werden. Inhalt entsperren Erforderlichen Service akzeptieren und Inhalte entsperren Weitere Informationen Unserer Verantwortung bewusst &#8211; Soziales Engagement Wir engagieren uns in vielerlei Hinsicht in sozialen Projekten. Alle unsere Partner werden\" \/>\n<meta property=\"og:url\" content=\"https:\/\/kvg-bus.de\/cebus\/ueber-uns\/\" \/>\n<meta property=\"og:site_name\" content=\"cebus\" \/>\n<meta property=\"article:modified_time\" content=\"2025-06-25T11:08:25+00:00\" \/>\n<meta name=\"twitter:card\" content=\"summary_large_image\" \/>\n<meta name=\"twitter:label1\" content=\"Gesch\u00e4tzte Lesezeit\" \/>\n\t<meta name=\"twitter:data1\" content=\"9\u00a0Minuten\" \/>\n<script type=\"application\/ld+json\" class=\"yoast-schema-graph\">{\"@context\":\"https:\\\/\\\/schema.org\",\"@graph\":[{\"@type\":\"WebPage\",\"@id\":\"https:\\\/\\\/kvg-bus.de\\\/cebus\\\/ueber-uns\\\/\",\"url\":\"https:\\\/\\\/kvg-bus.de\\\/cebus\\\/ueber-uns\\\/\",\"name\":\"\u00dcber uns - cebus\",\"isPartOf\":{\"@id\":\"https:\\\/\\\/kvg-bus.de\\\/cebus\\\/#website\"},\"datePublished\":\"2025-06-25T11:04:16+00:00\",\"dateModified\":\"2025-06-25T11:08:25+00:00\",\"breadcrumb\":{\"@id\":\"https:\\\/\\\/kvg-bus.de\\\/cebus\\\/ueber-uns\\\/#breadcrumb\"},\"inLanguage\":\"de\",\"potentialAction\":[{\"@type\":\"ReadAction\",\"target\":[\"https:\\\/\\\/kvg-bus.de\\\/cebus\\\/ueber-uns\\\/\"]}]},{\"@type\":\"BreadcrumbList\",\"@id\":\"https:\\\/\\\/kvg-bus.de\\\/cebus\\\/ueber-uns\\\/#breadcrumb\",\"itemListElement\":[{\"@type\":\"ListItem\",\"position\":1,\"name\":\"Startseite\",\"item\":\"https:\\\/\\\/kvg-bus.de\\\/cebus\\\/\"},{\"@type\":\"ListItem\",\"position\":2,\"name\":\"\u00dcber uns\"}]},{\"@type\":\"WebSite\",\"@id\":\"https:\\\/\\\/kvg-bus.de\\\/cebus\\\/#website\",\"url\":\"https:\\\/\\\/kvg-bus.de\\\/cebus\\\/\",\"name\":\"cebus\",\"description\":\"\",\"potentialAction\":[{\"@type\":\"SearchAction\",\"target\":{\"@type\":\"EntryPoint\",\"urlTemplate\":\"https:\\\/\\\/kvg-bus.de\\\/cebus\\\/?s={search_term_string}\"},\"query-input\":{\"@type\":\"PropertyValueSpecification\",\"valueRequired\":true,\"valueName\":\"search_term_string\"}}],\"inLanguage\":\"de\"}]}<\/script>\n<!-- \/ Yoast SEO plugin. -->","yoast_head_json":{"title":"\u00dcber uns - cebus","robots":{"index":"index","follow":"follow","max-snippet":"max-snippet:-1","max-image-preview":"max-image-preview:large","max-video-preview":"max-video-preview:-1"},"canonical":"https:\/\/kvg-bus.de\/cebus\/ueber-uns\/","og_locale":"de_DE","og_type":"article","og_title":"\u00dcber uns - cebus","og_description":"DIE CEBUS-STORY Wen unsere Story interessiert, der wird hier f\u00fcndig. Wann wurde was gemacht und vor allem \u201ewarum\u201c?\u00a0Ein Team, eine Geschichte. 2002 gegr\u00fcndet Wir haben CeBus 2002 gegr\u00fcndet und sind seither f\u00fcr den \u00f6ffentlichen Personennahverkehr (\u00d6PNV) und die Sch\u00fclerbef\u00f6rderung in Stadt und Landkreis Celle verantwortlich. Unser Hauptsitz mit Verwaltung, Werkstatt und Busdepot ist in Celle, zus\u00e4tzlich betreiben wir Betriebsh\u00f6fe in Fa\u00dfberg (mit Werkstatt), Wietze und Eicklingen. Dar\u00fcber hinaus verf\u00fcgen wir \u00fcber Depots in Steinhorst, Bergen, Marwede und Hohne. Vereinte Kr\u00e4fte 273 Mitarbeiterinnen und Mitarbeiter fahren, reparieren, verwalten, reinigen, kontrollieren und halten damit den Betrieb auf dem Laufenden. Unser engagiertes Team ist das Herzst\u00fcck unseres Erfolgs. Wir legen gro\u00dfen Wert auf Freundlichkeit und Serviceorientierung. Unser Personal wird regelm\u00e4\u00dfig geschult, um sicherzustellen, dass wir dir immer den besten Kundenservice bieten. M\u00f6chtest du auch ein Teil davon werden? Dann wirf einen Blick auf unsere Karriereseite, vielleicht ist ein interessanter Job f\u00fcr dich dabei. Einsteigen bitte! Unter dem Motto \u201eCeBus kommt gut an\u201c bef\u00f6rdern wir t\u00e4glich tausende Menschen. Dabei steht die Kundenzufriedenheit an erster Stelle. Unser wichtigstes Ziel: dich sicher und p\u00fcnktlich an dein Ziel zu bringen. Dies sind unsere Werte und Prinzipien, die uns leiten und zu einem verl\u00e4sslichen Partner im \u00f6ffentlichen Nahverkehr machen \u2013 darauf kannst du dich verlassen. Der Umwelt zuliebe Wir setzen auf umweltfreundliche Mobilit\u00e4t im \u00f6ffentlichen Nahverkehr und betreiben eine moderne Fahrzeugflotte, die h\u00f6chsten Umweltstandards entspricht. Derzeit sind \u00fcber 100 Busse im regul\u00e4ren Linienverkehr im Einsatz. S\u00e4mtliche Fahrzeuge erf\u00fcllen die strenge Abgasnorm Euro 6 \u2013 f\u00fcr eine saubere und nachhaltige Bef\u00f6rderung. Ab dem Jahr 2026 leiten wir den n\u00e4chsten Schritt in Richtung klimafreundlicher Zukunft ein: den Umstieg auf Elektromobilit\u00e4t. Im Zeitraum von 2026 bis 2028 ist geplant, insgesamt 50 Fahrzeuge durch moderne E-Busse zu ersetzen. Mission und Vision Wir sind stolz auf unsere bisherigen Erfolge und auf unsere Mitarbeitenden, die dies erm\u00f6glichen und sind fest entschlossen, auch in Zukunft zu deiner Mobilit\u00e4t und Lebensqualit\u00e4t beizutragen. Unsere langfristigen Ziele beinhalten die aktive Teilnahme an der Verkehrswende und den Schutz von Natur und Umwelt. Starke Zahlen, die bewegen. Stand: 2023 Die BusGruppe: Ressourcen und Know-how unter einem Dach vereint. Seit ihrer Gr\u00fcndung im Jahr 2014 bildet die BusGruppe eine leistungsstarke Kooperation aus den gesellschaftlich verbundenen Unternehmen Verkehrsbetriebe Bachstein, CeBus, KVG und VOG. Zum 1. Januar 2019 wurde dieses Netzwerk um M\u00fcller Busreisen erweitert, wodurch die Gruppe weiter an Kompetenz und Reichweite gewonnen hat. Als starke Gemeinschaft setzen wir uns f\u00fcr eine zuverl\u00e4ssige, sichere und zukunftsorientierte Mobilit\u00e4t in der Region ein. Durch eine enge Vernetzung, den effizienten Einsatz gemeinsamer Ressourcen und den kontinuierlichen Austausch von Fachwissen entstehen wertvolle Synergien, die allen Partnerunternehmen zugutekommen. Diese enge Zusammenarbeit erm\u00f6glicht es uns, unser Verkehrsangebot stetig zu optimieren und flexibel an die sich wandelnden Anforderungen unserer Fahrg\u00e4ste anzupassen. Die BusGruppe steht f\u00fcr moderne und bedarfsgerechte Mobilit\u00e4tsl\u00f6sungen, die h\u00f6chsten Qualit\u00e4tsanspr\u00fcchen gen\u00fcgen. Unser Fokus liegt darauf, den \u00f6ffentlichen Nahverkehr nicht nur effizient und nachhaltig zu gestalten, sondern auch den Menschen in der Region eine komfortable, sichere und zukunftsf\u00e4hige Mobilit\u00e4t zu bieten. Dabei stehen unsere Auftraggeber und Mitarbeiter gleicherma\u00dfen im Mittelpunkt unseres Handelns. Durch ihr Engagement und ihre Expertise tragen unsere Mitarbeiter ma\u00dfgeblich zur Qualit\u00e4t und Weiterentwicklung unserer Mobilit\u00e4tsangebote bei. Ebenso sind wir ein verl\u00e4sslicher Partner f\u00fcr unsere Auftraggeber und arbeiten mit ihnen eng zusammen, um ma\u00dfgeschneiderte L\u00f6sungen f\u00fcr die Mobilit\u00e4t der Zukunft zu entwickeln. Unsere St\u00e4rke liegt in der vertrauensvollen Zusammenarbeit mit einer Vielzahl von Partnern. Ob Kommunen, Verkehrsverb\u00fcnde oder Unternehmen \u2013 durch langj\u00e4hrige Kooperationen und eine enge Abstimmung schaffen wir nachhaltige und zukunftsweisende Verkehrsangebote, die die Mobilit\u00e4t in der Region aktiv mitgestalten. VERKEHRSGEBIETSKARTE CeBus GmbH &amp; Co. KG KVG Stade GmbH &amp; Co. KG CeBus-Kundendialog Wir sind erreichbar: mo &#8211; do 7 &#8211; 17 Uhr | fr 7 &#8211; 15 Uhr ZUM KONTAKTFORMULAR 05141 48708-0 info@cebus-celle.de Kontaktformular Nienburger Stra\u00dfe 50, 29225 Celle M\u00fcller Busreisen GmbH Verkehrsbetriebe Osthannover GmbH (VOG) Verkehrsbetriebe Bachstein GmbH Projekt 500 &#8211; Neuer Rekord: Elektrobus schafft \u00fcber 500 Kilometer Informationen und Ablauf Hinsichtlich der Einsatzf\u00e4higkeit von Elektrobussen im regionalen Linienverkehr herrscht oftmals noch Skepsis bez\u00fcglich der Erreichbarkeit der Erreichbarkeit der im Vergleich zum st\u00e4dtischen \u00d6PNV signifikant h\u00f6heren Reiseweiten. Das Elektrobusse inzwischen auch im regionalen Verkehr konkurrenzf\u00e4hig sind hat ein Praxisversuch bei den Verrkehrsbetrieben Bachstein eindrucksvoll unter Beweis gestellt. Bereits im Februar dieses Jahres f\u00fchrten die Verkehrsbetriebe Bachstein eine Testfahrt mit einem IVECO Heuliez E durch, um im Linienbetrieb die Reichweite einer Akkuladung zu testen. Trotz der im Februar herrschenden K\u00e4lte wurde die angegebene Reichweite zwischen 300 und 350 Kilometern erreicht. Zu diesem Zeitpunkt stand f\u00fcr das Unternehmen fest, dass im n\u00e4chsten Testversuch auch die 500-Kilometer-Marke mit nur einer Batterieladung erreicht werden kann. Nun wurde die Rekordtestfahrt erfolgreich absolviert &#8211; 543 Kilometer, 48 Stunden auf der Linie 750 und kein Zwischenladen: eine beeindruckende Bilanz einer IVECO-Elektrobusfahrt. Denn das Fahrzeug selbst ist auf nur 300 Kilometer Laufleistung ausgelegt. Der IVECO vom Typ E-WAY pendelte f\u00fcr das Rekord-Projekt am 15. und 16. Juli von 5.30 bis 16 Uhr auf der Linie 750 im Landkreis Wolfenb\u00fctel in der Region Braunschweig mit nur einer Batterieladung. Bereits am 12. und 13. Juli schaffte der Elektrobus bei einem Vorabtest unter exakt denselben Voraussetzungen eine Reichweite von 520 Kilometern. Begleitet wurden beide Testfahrten von Mitarbeitern des T\u00dcV Nord, die jeweils vor Beginn des ersten Testtages die Ladebuchse am Fahrzeug versiegelten und den Kilometerstand notierten. Nach Fahrtende des zweiten Tages wurde das Siegel wieder entfernt und die gefahrene Reichweite beglaubigt. Besonderen Wert legte das Team der Verkehrsbetriebe Bachstein und den Partnern der \u201eBusGruppe\u201c darauf, den Elektrobus unter m\u00f6glichst realistischen Voraussetzungen zu testen. Deshalb fuhr der Bus auch auf einer realen Strecke und war im Berufs- und Sch\u00fclerverkehr unterwegs, stoppte an Haltestellen, \u00f6ffnete seine T\u00fcren und schloss sie wieder, Fahrg\u00e4ste stiegen ein und wieder aus. Sie sehen gerade einen Platzhalterinhalt von Standard. Um auf den eigentlichen Inhalt zuzugreifen, klicken Sie auf den Button unten. Bitte beachten Sie, dass dabei Daten an Drittanbieter weitergegeben werden. Inhalt entsperren Erforderlichen Service akzeptieren und Inhalte entsperren Weitere Informationen Unserer Verantwortung bewusst &#8211; Soziales Engagement Wir engagieren uns in vielerlei Hinsicht in sozialen Projekten. Alle unsere Partner werden","og_url":"https:\/\/kvg-bus.de\/cebus\/ueber-uns\/","og_site_name":"cebus","article_modified_time":"2025-06-25T11:08:25+00:00","twitter_card":"summary_large_image","twitter_misc":{"Gesch\u00e4tzte Lesezeit":"9\u00a0Minuten"},"schema":{"@context":"https:\/\/schema.org","@graph":[{"@type":"WebPage","@id":"https:\/\/kvg-bus.de\/cebus\/ueber-uns\/","url":"https:\/\/kvg-bus.de\/cebus\/ueber-uns\/","name":"\u00dcber uns - cebus","isPartOf":{"@id":"https:\/\/kvg-bus.de\/cebus\/#website"},"datePublished":"2025-06-25T11:04:16+00:00","dateModified":"2025-06-25T11:08:25+00:00","breadcrumb":{"@id":"https:\/\/kvg-bus.de\/cebus\/ueber-uns\/#breadcrumb"},"inLanguage":"de","potentialAction":[{"@type":"ReadAction","target":["https:\/\/kvg-bus.de\/cebus\/ueber-uns\/"]}]},{"@type":"BreadcrumbList","@id":"https:\/\/kvg-bus.de\/cebus\/ueber-uns\/#breadcrumb","itemListElement":[{"@type":"ListItem","position":1,"name":"Startseite","item":"https:\/\/kvg-bus.de\/cebus\/"},{"@type":"ListItem","position":2,"name":"\u00dcber uns"}]},{"@type":"WebSite","@id":"https:\/\/kvg-bus.de\/cebus\/#website","url":"https:\/\/kvg-bus.de\/cebus\/","name":"cebus","description":"","potentialAction":[{"@type":"SearchAction","target":{"@type":"EntryPoint","urlTemplate":"https:\/\/kvg-bus.de\/cebus\/?s={search_term_string}"},"query-input":{"@type":"PropertyValueSpecification","valueRequired":true,"valueName":"search_term_string"}}],"inLanguage":"de"}]}},"_links":{"self":[{"href":"https:\/\/kvg-bus.de\/cebus\/wp-json\/wp\/v2\/pages\/201","targetHints":{"allow":["GET"]}}],"collection":[{"href":"https:\/\/kvg-bus.de\/cebus\/wp-json\/wp\/v2\/pages"}],"about":[{"href":"https:\/\/kvg-bus.de\/cebus\/wp-json\/wp\/v2\/types\/page"}],"author":[{"embeddable":true,"href":"https:\/\/kvg-bus.de\/cebus\/wp-json\/wp\/v2\/users\/1"}],"replies":[{"embeddable":true,"href":"https:\/\/kvg-bus.de\/cebus\/wp-json\/wp\/v2\/comments?post=201"}],"version-history":[{"count":0,"href":"https:\/\/kvg-bus.de\/cebus\/wp-json\/wp\/v2\/pages\/201\/revisions"}],"wp:attachment":[{"href":"https:\/\/kvg-bus.de\/cebus\/wp-json\/wp\/v2\/media?parent=201"}],"curies":[{"name":"wp","href":"https:\/\/api.w.org\/{rel}","templated":true}]}}